{"id":6803,"date":"2023-07-05T11:11:53","date_gmt":"2023-07-05T09:11:53","guid":{"rendered":"https:\/\/belaircamping.com\/startseite-2\/"},"modified":"2026-04-07T13:25:43","modified_gmt":"2026-04-07T11:25:43","slug":"camping-paradis-domaine-de-bel-air-site-officiel-meilleur-prix-garanti","status":"publish","type":"page","link":"https:\/\/belaircamping.com\/de\/","title":{"rendered":"Startseite"},"content":{"rendered":"\n<div class=\"wp-block-cover is-light overflow-hidden\" style=\"min-height:100vh;aspect-ratio:unset;\"><img loading=\"lazy\" decoding=\"async\" width=\"1800\" height=\"1200\" sizes=\"auto, (max-width: min(calc(100% - 15vw), 1800px)) 100vw, min(calc(100% - 15vw), 1800px)\" class=\"wp-block-cover__image-background wp-image-5544\" alt=\"Castel Camping Domaine de Bel Air Finistere Sud Espace Aquatique Exterieur 2021 resultat\" src=\"https:\/\/belaircamping.com\/wp-content\/uploads\/2023\/08\/Castel-Camping_Domaine-de-Bel-Air_Finistere-Sud_Espace-Aquatique_Exterieur_2021_resultat.webp\" data-object-fit=\"cover\" srcset=\"https:\/\/belaircamping.com\/wp-content\/uploads\/2023\/08\/Castel-Camping_Domaine-de-Bel-Air_Finistere-Sud_Espace-Aquatique_Exterieur_2021_resultat.webp 1800w, https:\/\/belaircamping.com\/wp-content\/uploads\/2023\/08\/Castel-Camping_Domaine-de-Bel-Air_Finistere-Sud_Espace-Aquatique_Exterieur_2021_resultat-300x200.webp 300w, https:\/\/belaircamping.com\/wp-content\/uploads\/2023\/08\/Castel-Camping_Domaine-de-Bel-Air_Finistere-Sud_Espace-Aquatique_Exterieur_2021_resultat-1024x683.webp 1024w, https:\/\/belaircamping.com\/wp-content\/uploads\/2023\/08\/Castel-Camping_Domaine-de-Bel-Air_Finistere-Sud_Espace-Aquatique_Exterieur_2021_resultat-768x512.webp 768w, https:\/\/belaircamping.com\/wp-content\/uploads\/2023\/08\/Castel-Camping_Domaine-de-Bel-Air_Finistere-Sud_Espace-Aquatique_Exterieur_2021_resultat-1536x1024.webp 1536w\" \/><span aria-hidden=\"true\" class=\"wp-block-cover__background has-background-dim-10 has-background-dim\" style=\"background-color:#02111b\"><\/span><div class=\"wp-block-cover__inner-container is-layout-flow wp-block-cover-is-layout-flow\">\n<p class=\"has-text-align-center animated fadeInUp shadowed has-white-color has-text-color has-gotham-font-family has-xx-large-font-size\" style=\"margin-top:0;margin-right:0;margin-bottom:0;margin-left:0;line-height:1.2;text-transform:uppercase\">Das sch\u00f6ne Leben<\/p>\n\n\n\n<div class=\"wp-block-group is-content-justification-center is-nowrap is-layout-flex wp-container-core-group-is-layout-23441af8 wp-block-group-is-layout-flex\">\n<p class=\"has-text-align-center animated fadeInUp delay-100ms shadowed has-white-color has-text-color has-ursula-font-family has-xx-large-font-size\" style=\"margin-top:0;margin-right:0;margin-bottom:0;margin-left:0;line-height:1.2\">mit<\/p>\n\n\n\n<p class=\"has-text-align-center animated fadeInUp delay-200ms shadowed has-white-color has-text-color has-ursula-font-family has-xx-large-font-size\" style=\"margin-top:0;margin-right:0;margin-bottom:0;margin-left:0;line-height:1.2\">Camping<\/p>\n\n\n\n<p class=\"has-text-align-center animated fadeInUp delay-500ms shadowed has-white-color has-text-color has-ursula-font-family has-xx-large-font-size\" style=\"margin-top:0;margin-right:0;margin-bottom:0;margin-left:0;line-height:1.2\">Paradies<\/p>\n<\/div>\n\n\n\r\n        <div class=\"gt-galeries-widget\">\r\n        Alle unsere Fotos ansehen    <\/div>\r\n    \r\n<div  class=\"gt-galeries-block gt-galeries-block--widget \">\r\n\r\n    \r\n        <div class=\"gt-galeries__picture\">\r\n\r\n                                <img loading=\"lazy\" decoding=\"async\" width=\"2048\" height=\"1365\" src=\"https:\/\/belaircamping.com\/wp-content\/uploads\/2025\/02\/Camping-paradis-Landudec_25-juin-2024_022_0-scaled.jpg\" class=\"attachment-full size-full not-transparent\" alt=\"Camping paradis Landudec 25 juin 2024 022 0\" srcset=\"https:\/\/belaircamping.com\/wp-content\/uploads\/2025\/02\/Camping-paradis-Landudec_25-juin-2024_022_0-scaled.jpg 2048w, https:\/\/belaircamping.com\/wp-content\/uploads\/2025\/02\/Camping-paradis-Landudec_25-juin-2024_022_0-300x200.jpg 300w, https:\/\/belaircamping.com\/wp-content\/uploads\/2025\/02\/Camping-paradis-Landudec_25-juin-2024_022_0-1024x683.jpg 1024w, https:\/\/belaircamping.com\/wp-content\/uploads\/2025\/02\/Camping-paradis-Landudec_25-juin-2024_022_0-768x512.jpg 768w, https:\/\/belaircamping.com\/wp-content\/uploads\/2025\/02\/Camping-paradis-Landudec_25-juin-2024_022_0-1536x1024.jpg 1536w\" sizes=\"auto, (max-width: 2048px) 100vw, 2048px\" data-has-transparency=\"false\" data-dominant-color=\"99a9ad\" style=\"--dominant-color: #99a9ad;\" \/>\r\n                            <\/div><div class=\"gt-galeries__picture\">\r\n\r\n                                <img loading=\"lazy\" decoding=\"async\" width=\"2048\" height=\"1365\" src=\"https:\/\/belaircamping.com\/wp-content\/uploads\/2025\/02\/Camping-paradis-Landudec_25-juin-2024_080_0-scaled.jpg\" class=\"attachment-full size-full not-transparent\" alt=\"Camping paradis Landudec 25 juin 2024 080 0\" srcset=\"https:\/\/belaircamping.com\/wp-content\/uploads\/2025\/02\/Camping-paradis-Landudec_25-juin-2024_080_0-scaled.jpg 2048w, https:\/\/belaircamping.com\/wp-content\/uploads\/2025\/02\/Camping-paradis-Landudec_25-juin-2024_080_0-300x200.jpg 300w, https:\/\/belaircamping.com\/wp-content\/uploads\/2025\/02\/Camping-paradis-Landudec_25-juin-2024_080_0-1024x683.jpg 1024w, https:\/\/belaircamping.com\/wp-content\/uploads\/2025\/02\/Camping-paradis-Landudec_25-juin-2024_080_0-768x512.jpg 768w, https:\/\/belaircamping.com\/wp-content\/uploads\/2025\/02\/Camping-paradis-Landudec_25-juin-2024_080_0-1536x1024.jpg 1536w\" sizes=\"auto, (max-width: 2048px) 100vw, 2048px\" data-has-transparency=\"false\" data-dominant-color=\"b0905c\" style=\"--dominant-color: #b0905c;\" \/>\r\n                            <\/div><div class=\"gt-galeries__picture\">\r\n\r\n                                <img loading=\"lazy\" decoding=\"async\" width=\"2048\" height=\"1365\" src=\"https:\/\/belaircamping.com\/wp-content\/uploads\/2025\/02\/Camping-paradis-Landudec_25-juin-2024_023_0-scaled.jpg\" class=\"attachment-full size-full not-transparent\" alt=\"Camping paradis Landudec 25 juin 2024 023 0\" srcset=\"https:\/\/belaircamping.com\/wp-content\/uploads\/2025\/02\/Camping-paradis-Landudec_25-juin-2024_023_0-scaled.jpg 2048w, https:\/\/belaircamping.com\/wp-content\/uploads\/2025\/02\/Camping-paradis-Landudec_25-juin-2024_023_0-300x200.jpg 300w, https:\/\/belaircamping.com\/wp-content\/uploads\/2025\/02\/Camping-paradis-Landudec_25-juin-2024_023_0-1024x683.jpg 1024w, https:\/\/belaircamping.com\/wp-content\/uploads\/2025\/02\/Camping-paradis-Landudec_25-juin-2024_023_0-768x512.jpg 768w, https:\/\/belaircamping.com\/wp-content\/uploads\/2025\/02\/Camping-paradis-Landudec_25-juin-2024_023_0-1536x1024.jpg 1536w\" sizes=\"auto, (max-width: 2048px) 100vw, 2048px\" data-has-transparency=\"false\" data-dominant-color=\"999996\" style=\"--dominant-color: #999996;\" \/>\r\n                            <\/div><div class=\"gt-galeries__picture\">\r\n\r\n                                <img loading=\"lazy\" decoding=\"async\" width=\"2048\" height=\"1365\" src=\"https:\/\/belaircamping.com\/wp-content\/uploads\/2025\/02\/Camping-paradis-Landudec_25-juin-2024_089_0-scaled.jpg\" class=\"attachment-full size-full not-transparent\" alt=\"Camping paradis Landudec 25 juin 2024 089 0\" srcset=\"https:\/\/belaircamping.com\/wp-content\/uploads\/2025\/02\/Camping-paradis-Landudec_25-juin-2024_089_0-scaled.jpg 2048w, https:\/\/belaircamping.com\/wp-content\/uploads\/2025\/02\/Camping-paradis-Landudec_25-juin-2024_089_0-300x200.jpg 300w, https:\/\/belaircamping.com\/wp-content\/uploads\/2025\/02\/Camping-paradis-Landudec_25-juin-2024_089_0-1024x683.jpg 1024w, https:\/\/belaircamping.com\/wp-content\/uploads\/2025\/02\/Camping-paradis-Landudec_25-juin-2024_089_0-768x512.jpg 768w, https:\/\/belaircamping.com\/wp-content\/uploads\/2025\/02\/Camping-paradis-Landudec_25-juin-2024_089_0-1536x1024.jpg 1536w\" sizes=\"auto, (max-width: 2048px) 100vw, 2048px\" data-has-transparency=\"false\" data-dominant-color=\"666f60\" style=\"--dominant-color: #666f60;\" \/>\r\n                            <\/div><div class=\"gt-galeries__picture\">\r\n\r\n                                <img loading=\"lazy\" decoding=\"async\" width=\"2048\" height=\"1365\" src=\"https:\/\/belaircamping.com\/wp-content\/uploads\/2025\/02\/Camping-paradis-Landudec_25-juin-2024_087_0-scaled.jpg\" class=\"attachment-full size-full not-transparent\" alt=\"Camping paradis Landudec 25 juin 2024 087 0\" srcset=\"https:\/\/belaircamping.com\/wp-content\/uploads\/2025\/02\/Camping-paradis-Landudec_25-juin-2024_087_0-scaled.jpg 2048w, https:\/\/belaircamping.com\/wp-content\/uploads\/2025\/02\/Camping-paradis-Landudec_25-juin-2024_087_0-300x200.jpg 300w, https:\/\/belaircamping.com\/wp-content\/uploads\/2025\/02\/Camping-paradis-Landudec_25-juin-2024_087_0-1024x683.jpg 1024w, https:\/\/belaircamping.com\/wp-content\/uploads\/2025\/02\/Camping-paradis-Landudec_25-juin-2024_087_0-768x512.jpg 768w, https:\/\/belaircamping.com\/wp-content\/uploads\/2025\/02\/Camping-paradis-Landudec_25-juin-2024_087_0-1536x1024.jpg 1536w\" sizes=\"auto, (max-width: 2048px) 100vw, 2048px\" data-has-transparency=\"false\" data-dominant-color=\"5c6244\" style=\"--dominant-color: #5c6244;\" \/>\r\n                            <\/div><div class=\"gt-galeries__picture\">\r\n\r\n                                <img loading=\"lazy\" decoding=\"async\" width=\"2048\" height=\"1365\" src=\"https:\/\/belaircamping.com\/wp-content\/uploads\/2025\/02\/Camping-paradis-Landudec_25-juin-2024_095_0-scaled.jpg\" class=\"attachment-full size-full not-transparent\" alt=\"Camping paradis Landudec 25 juin 2024 095 0\" srcset=\"https:\/\/belaircamping.com\/wp-content\/uploads\/2025\/02\/Camping-paradis-Landudec_25-juin-2024_095_0-scaled.jpg 2048w, https:\/\/belaircamping.com\/wp-content\/uploads\/2025\/02\/Camping-paradis-Landudec_25-juin-2024_095_0-300x200.jpg 300w, https:\/\/belaircamping.com\/wp-content\/uploads\/2025\/02\/Camping-paradis-Landudec_25-juin-2024_095_0-1024x683.jpg 1024w, https:\/\/belaircamping.com\/wp-content\/uploads\/2025\/02\/Camping-paradis-Landudec_25-juin-2024_095_0-768x512.jpg 768w, https:\/\/belaircamping.com\/wp-content\/uploads\/2025\/02\/Camping-paradis-Landudec_25-juin-2024_095_0-1536x1024.jpg 1536w\" sizes=\"auto, (max-width: 2048px) 100vw, 2048px\" data-has-transparency=\"false\" data-dominant-color=\"8f9c8c\" style=\"--dominant-color: #8f9c8c;\" \/>\r\n                            <\/div><div class=\"gt-galeries__picture\">\r\n\r\n                                <img loading=\"lazy\" decoding=\"async\" width=\"2048\" height=\"1365\" src=\"https:\/\/belaircamping.com\/wp-content\/uploads\/2025\/02\/Camping-paradis-Landudec_25-juin-2024_086_0-scaled.jpg\" class=\"attachment-full size-full not-transparent\" alt=\"Camping paradis Landudec 25 juin 2024 086 0\" srcset=\"https:\/\/belaircamping.com\/wp-content\/uploads\/2025\/02\/Camping-paradis-Landudec_25-juin-2024_086_0-scaled.jpg 2048w, https:\/\/belaircamping.com\/wp-content\/uploads\/2025\/02\/Camping-paradis-Landudec_25-juin-2024_086_0-300x200.jpg 300w, https:\/\/belaircamping.com\/wp-content\/uploads\/2025\/02\/Camping-paradis-Landudec_25-juin-2024_086_0-1024x683.jpg 1024w, https:\/\/belaircamping.com\/wp-content\/uploads\/2025\/02\/Camping-paradis-Landudec_25-juin-2024_086_0-768x512.jpg 768w, https:\/\/belaircamping.com\/wp-content\/uploads\/2025\/02\/Camping-paradis-Landudec_25-juin-2024_086_0-1536x1024.jpg 1536w\" sizes=\"auto, (max-width: 2048px) 100vw, 2048px\" data-has-transparency=\"false\" data-dominant-color=\"6f7636\" style=\"--dominant-color: #6f7636;\" \/>\r\n                            <\/div><div class=\"gt-galeries__picture\">\r\n\r\n                                <img loading=\"lazy\" decoding=\"async\" width=\"2048\" height=\"1365\" src=\"https:\/\/belaircamping.com\/wp-content\/uploads\/2025\/02\/Camping-paradis-Landudec_25-juin-2024_105_0-scaled.jpg\" class=\"attachment-full size-full not-transparent\" alt=\"Camping paradis Landudec 25 juin 2024 105 0\" srcset=\"https:\/\/belaircamping.com\/wp-content\/uploads\/2025\/02\/Camping-paradis-Landudec_25-juin-2024_105_0-scaled.jpg 2048w, https:\/\/belaircamping.com\/wp-content\/uploads\/2025\/02\/Camping-paradis-Landudec_25-juin-2024_105_0-300x200.jpg 300w, https:\/\/belaircamping.com\/wp-content\/uploads\/2025\/02\/Camping-paradis-Landudec_25-juin-2024_105_0-1024x683.jpg 1024w, https:\/\/belaircamping.com\/wp-content\/uploads\/2025\/02\/Camping-paradis-Landudec_25-juin-2024_105_0-768x512.jpg 768w, https:\/\/belaircamping.com\/wp-content\/uploads\/2025\/02\/Camping-paradis-Landudec_25-juin-2024_105_0-1536x1024.jpg 1536w\" sizes=\"auto, (max-width: 2048px) 100vw, 2048px\" data-has-transparency=\"false\" data-dominant-color=\"5f614a\" style=\"--dominant-color: #5f614a;\" \/>\r\n                            <\/div><div class=\"gt-galeries__picture\">\r\n\r\n                                <img loading=\"lazy\" decoding=\"async\" width=\"2048\" height=\"1365\" src=\"https:\/\/belaircamping.com\/wp-content\/uploads\/2025\/02\/Camping-paradis-Landudec_25-juin-2024_085_0-scaled.jpg\" class=\"attachment-full size-full not-transparent\" alt=\"Camping paradis Landudec 25 juin 2024 085 0\" srcset=\"https:\/\/belaircamping.com\/wp-content\/uploads\/2025\/02\/Camping-paradis-Landudec_25-juin-2024_085_0-scaled.jpg 2048w, https:\/\/belaircamping.com\/wp-content\/uploads\/2025\/02\/Camping-paradis-Landudec_25-juin-2024_085_0-300x200.jpg 300w, https:\/\/belaircamping.com\/wp-content\/uploads\/2025\/02\/Camping-paradis-Landudec_25-juin-2024_085_0-1024x683.jpg 1024w, https:\/\/belaircamping.com\/wp-content\/uploads\/2025\/02\/Camping-paradis-Landudec_25-juin-2024_085_0-768x512.jpg 768w, https:\/\/belaircamping.com\/wp-content\/uploads\/2025\/02\/Camping-paradis-Landudec_25-juin-2024_085_0-1536x1024.jpg 1536w\" sizes=\"auto, (max-width: 2048px) 100vw, 2048px\" data-has-transparency=\"false\" data-dominant-color=\"8e8968\" style=\"--dominant-color: #8e8968;\" \/>\r\n                            <\/div><div class=\"gt-galeries__picture\">\r\n\r\n                                <img loading=\"lazy\" decoding=\"async\" width=\"2048\" height=\"1365\" src=\"https:\/\/belaircamping.com\/wp-content\/uploads\/2025\/02\/Camping-paradis-Landudec_25-juin-2024_103-scaled.jpg\" class=\"attachment-full size-full not-transparent\" alt=\"Camping paradis Landudec 25 juin 2024 103\" srcset=\"https:\/\/belaircamping.com\/wp-content\/uploads\/2025\/02\/Camping-paradis-Landudec_25-juin-2024_103-scaled.jpg 2048w, https:\/\/belaircamping.com\/wp-content\/uploads\/2025\/02\/Camping-paradis-Landudec_25-juin-2024_103-300x200.jpg 300w, https:\/\/belaircamping.com\/wp-content\/uploads\/2025\/02\/Camping-paradis-Landudec_25-juin-2024_103-1024x683.jpg 1024w, https:\/\/belaircamping.com\/wp-content\/uploads\/2025\/02\/Camping-paradis-Landudec_25-juin-2024_103-768x512.jpg 768w, https:\/\/belaircamping.com\/wp-content\/uploads\/2025\/02\/Camping-paradis-Landudec_25-juin-2024_103-1536x1024.jpg 1536w\" sizes=\"auto, (max-width: 2048px) 100vw, 2048px\" data-has-transparency=\"false\" data-dominant-color=\"8b9472\" style=\"--dominant-color: #8b9472;\" \/>\r\n                            <\/div><div class=\"gt-galeries__picture\">\r\n\r\n                                <img loading=\"lazy\" decoding=\"async\" width=\"1365\" height=\"2048\" src=\"https:\/\/belaircamping.com\/wp-content\/uploads\/2025\/02\/Camping-paradis-Landudec_25-juin-2024_093_0-scaled.jpg\" class=\"attachment-full size-full not-transparent\" alt=\"Camping paradis Landudec 25 juin 2024 093 0\" srcset=\"https:\/\/belaircamping.com\/wp-content\/uploads\/2025\/02\/Camping-paradis-Landudec_25-juin-2024_093_0-scaled.jpg 1365w, https:\/\/belaircamping.com\/wp-content\/uploads\/2025\/02\/Camping-paradis-Landudec_25-juin-2024_093_0-200x300.jpg 200w, https:\/\/belaircamping.com\/wp-content\/uploads\/2025\/02\/Camping-paradis-Landudec_25-juin-2024_093_0-683x1024.jpg 683w, https:\/\/belaircamping.com\/wp-content\/uploads\/2025\/02\/Camping-paradis-Landudec_25-juin-2024_093_0-768x1152.jpg 768w, https:\/\/belaircamping.com\/wp-content\/uploads\/2025\/02\/Camping-paradis-Landudec_25-juin-2024_093_0-1024x1536.jpg 1024w\" sizes=\"auto, (max-width: 1365px) 100vw, 1365px\" data-has-transparency=\"false\" data-dominant-color=\"808b74\" style=\"--dominant-color: #808b74;\" \/>\r\n                            <\/div><div class=\"gt-galeries__picture\">\r\n\r\n                                <img loading=\"lazy\" decoding=\"async\" width=\"2048\" height=\"1365\" src=\"https:\/\/belaircamping.com\/wp-content\/uploads\/2025\/02\/Camping-paradis-Landudec_25-juin-2024_094_0-scaled.jpg\" class=\"attachment-full size-full not-transparent\" alt=\"Camping paradis Landudec 25 juin 2024 094 0\" srcset=\"https:\/\/belaircamping.com\/wp-content\/uploads\/2025\/02\/Camping-paradis-Landudec_25-juin-2024_094_0-scaled.jpg 2048w, https:\/\/belaircamping.com\/wp-content\/uploads\/2025\/02\/Camping-paradis-Landudec_25-juin-2024_094_0-300x200.jpg 300w, https:\/\/belaircamping.com\/wp-content\/uploads\/2025\/02\/Camping-paradis-Landudec_25-juin-2024_094_0-1024x683.jpg 1024w, https:\/\/belaircamping.com\/wp-content\/uploads\/2025\/02\/Camping-paradis-Landudec_25-juin-2024_094_0-768x512.jpg 768w, https:\/\/belaircamping.com\/wp-content\/uploads\/2025\/02\/Camping-paradis-Landudec_25-juin-2024_094_0-1536x1024.jpg 1536w\" sizes=\"auto, (max-width: 2048px) 100vw, 2048px\" data-has-transparency=\"false\" data-dominant-color=\"856442\" style=\"--dominant-color: #856442;\" \/>\r\n                            <\/div><div class=\"gt-galeries__picture\">\r\n\r\n                                <img loading=\"lazy\" decoding=\"async\" width=\"2048\" height=\"1365\" src=\"https:\/\/belaircamping.com\/wp-content\/uploads\/2025\/02\/Camping-paradis-Landudec_25-juin-2024_084_0-scaled.jpg\" class=\"attachment-full size-full not-transparent\" alt=\"Camping paradis Landudec 25 juin 2024 084 0\" srcset=\"https:\/\/belaircamping.com\/wp-content\/uploads\/2025\/02\/Camping-paradis-Landudec_25-juin-2024_084_0-scaled.jpg 2048w, https:\/\/belaircamping.com\/wp-content\/uploads\/2025\/02\/Camping-paradis-Landudec_25-juin-2024_084_0-300x200.jpg 300w, https:\/\/belaircamping.com\/wp-content\/uploads\/2025\/02\/Camping-paradis-Landudec_25-juin-2024_084_0-1024x683.jpg 1024w, https:\/\/belaircamping.com\/wp-content\/uploads\/2025\/02\/Camping-paradis-Landudec_25-juin-2024_084_0-768x512.jpg 768w, https:\/\/belaircamping.com\/wp-content\/uploads\/2025\/02\/Camping-paradis-Landudec_25-juin-2024_084_0-1536x1024.jpg 1536w\" sizes=\"auto, (max-width: 2048px) 100vw, 2048px\" data-has-transparency=\"false\" data-dominant-color=\"6d704c\" style=\"--dominant-color: #6d704c;\" \/>\r\n                            <\/div><div class=\"gt-galeries__picture\">\r\n\r\n                                <img loading=\"lazy\" decoding=\"async\" width=\"1799\" height=\"1200\" src=\"https:\/\/belaircamping.com\/wp-content\/uploads\/2023\/08\/camping-finistere-sud-piscine-chauffee.webp\" class=\"attachment-full size-full\" alt=\"camping finistere sud piscine chauffee\" srcset=\"https:\/\/belaircamping.com\/wp-content\/uploads\/2023\/08\/camping-finistere-sud-piscine-chauffee.webp 1799w, https:\/\/belaircamping.com\/wp-content\/uploads\/2023\/08\/camping-finistere-sud-piscine-chauffee-300x200.webp 300w, https:\/\/belaircamping.com\/wp-content\/uploads\/2023\/08\/camping-finistere-sud-piscine-chauffee-1024x683.webp 1024w, https:\/\/belaircamping.com\/wp-content\/uploads\/2023\/08\/camping-finistere-sud-piscine-chauffee-768x512.webp 768w, https:\/\/belaircamping.com\/wp-content\/uploads\/2023\/08\/camping-finistere-sud-piscine-chauffee-1536x1025.webp 1536w\" sizes=\"auto, (max-width: 1799px) 100vw, 1799px\" \/>\r\n                            <\/div><div class=\"gt-galeries__picture\">\r\n\r\n                                <img loading=\"lazy\" decoding=\"async\" width=\"1800\" height=\"1200\" src=\"https:\/\/belaircamping.com\/wp-content\/uploads\/2023\/08\/1-Castel_Domaine-de-Bel-Air_piscine_dome_resultat.webp\" class=\"attachment-full size-full\" alt=\"1 Castel Domaine de Bel Air piscine dome resultat\" srcset=\"https:\/\/belaircamping.com\/wp-content\/uploads\/2023\/08\/1-Castel_Domaine-de-Bel-Air_piscine_dome_resultat.webp 1800w, https:\/\/belaircamping.com\/wp-content\/uploads\/2023\/08\/1-Castel_Domaine-de-Bel-Air_piscine_dome_resultat-300x200.webp 300w, https:\/\/belaircamping.com\/wp-content\/uploads\/2023\/08\/1-Castel_Domaine-de-Bel-Air_piscine_dome_resultat-1024x683.webp 1024w, https:\/\/belaircamping.com\/wp-content\/uploads\/2023\/08\/1-Castel_Domaine-de-Bel-Air_piscine_dome_resultat-768x512.webp 768w, https:\/\/belaircamping.com\/wp-content\/uploads\/2023\/08\/1-Castel_Domaine-de-Bel-Air_piscine_dome_resultat-1536x1024.webp 1536w\" sizes=\"auto, (max-width: 1800px) 100vw, 1800px\" \/>\r\n                            <\/div><div class=\"gt-galeries__picture\">\r\n\r\n                                <img loading=\"lazy\" decoding=\"async\" width=\"1800\" height=\"1200\" src=\"https:\/\/belaircamping.com\/wp-content\/uploads\/2023\/08\/Castel-Camping_Domaine-de-Bel-Air_Finistere-Sud_Espace-Aquatique_Exterieur_2021_resultat.webp\" class=\"attachment-full size-full\" alt=\"Castel Camping Domaine de Bel Air Finistere Sud Espace Aquatique Exterieur 2021 resultat\" srcset=\"https:\/\/belaircamping.com\/wp-content\/uploads\/2023\/08\/Castel-Camping_Domaine-de-Bel-Air_Finistere-Sud_Espace-Aquatique_Exterieur_2021_resultat.webp 1800w, https:\/\/belaircamping.com\/wp-content\/uploads\/2023\/08\/Castel-Camping_Domaine-de-Bel-Air_Finistere-Sud_Espace-Aquatique_Exterieur_2021_resultat-300x200.webp 300w, https:\/\/belaircamping.com\/wp-content\/uploads\/2023\/08\/Castel-Camping_Domaine-de-Bel-Air_Finistere-Sud_Espace-Aquatique_Exterieur_2021_resultat-1024x683.webp 1024w, https:\/\/belaircamping.com\/wp-content\/uploads\/2023\/08\/Castel-Camping_Domaine-de-Bel-Air_Finistere-Sud_Espace-Aquatique_Exterieur_2021_resultat-768x512.webp 768w, https:\/\/belaircamping.com\/wp-content\/uploads\/2023\/08\/Castel-Camping_Domaine-de-Bel-Air_Finistere-Sud_Espace-Aquatique_Exterieur_2021_resultat-1536x1024.webp 1536w\" sizes=\"auto, (max-width: 1800px) 100vw, 1800px\" \/>\r\n                            <\/div><div class=\"gt-galeries__picture\">\r\n\r\n                                <img loading=\"lazy\" decoding=\"async\" width=\"1232\" height=\"922\" src=\"https:\/\/belaircamping.com\/wp-content\/uploads\/2023\/08\/camping-espace-aquatique-quimper.webp\" class=\"attachment-full size-full\" alt=\"camping espace aquatique quimper\" srcset=\"https:\/\/belaircamping.com\/wp-content\/uploads\/2023\/08\/camping-espace-aquatique-quimper.webp 1232w, https:\/\/belaircamping.com\/wp-content\/uploads\/2023\/08\/camping-espace-aquatique-quimper-300x225.webp 300w, https:\/\/belaircamping.com\/wp-content\/uploads\/2023\/08\/camping-espace-aquatique-quimper-1024x766.webp 1024w, https:\/\/belaircamping.com\/wp-content\/uploads\/2023\/08\/camping-espace-aquatique-quimper-768x575.webp 768w\" sizes=\"auto, (max-width: 1232px) 100vw, 1232px\" \/>\r\n                            <\/div><div class=\"gt-galeries__picture\">\r\n\r\n                                <img loading=\"lazy\" decoding=\"async\" width=\"1080\" height=\"1080\" src=\"https:\/\/belaircamping.com\/wp-content\/uploads\/2023\/08\/parc-aquatique-camping-finistere.webp\" class=\"attachment-full size-full\" alt=\"parc aquatique camping finist\u00e8re\" srcset=\"https:\/\/belaircamping.com\/wp-content\/uploads\/2023\/08\/parc-aquatique-camping-finistere.webp 1080w, https:\/\/belaircamping.com\/wp-content\/uploads\/2023\/08\/parc-aquatique-camping-finistere-300x300.webp 300w, https:\/\/belaircamping.com\/wp-content\/uploads\/2023\/08\/parc-aquatique-camping-finistere-1024x1024.webp 1024w, https:\/\/belaircamping.com\/wp-content\/uploads\/2023\/08\/parc-aquatique-camping-finistere-150x150.webp 150w, https:\/\/belaircamping.com\/wp-content\/uploads\/2023\/08\/parc-aquatique-camping-finistere-768x768.webp 768w\" sizes=\"auto, (max-width: 1080px) 100vw, 1080px\" \/>\r\n                            <\/div><div class=\"gt-galeries__picture\">\r\n\r\n                                <img loading=\"lazy\" decoding=\"async\" width=\"1803\" height=\"1200\" src=\"https:\/\/belaircamping.com\/wp-content\/uploads\/2023\/08\/camping-Finistere-toboggan.webp\" class=\"attachment-full size-full\" alt=\"camping Finistere toboggan\" srcset=\"https:\/\/belaircamping.com\/wp-content\/uploads\/2023\/08\/camping-Finistere-toboggan.webp 1803w, https:\/\/belaircamping.com\/wp-content\/uploads\/2023\/08\/camping-Finistere-toboggan-300x200.webp 300w, https:\/\/belaircamping.com\/wp-content\/uploads\/2023\/08\/camping-Finistere-toboggan-1024x682.webp 1024w, https:\/\/belaircamping.com\/wp-content\/uploads\/2023\/08\/camping-Finistere-toboggan-768x511.webp 768w, https:\/\/belaircamping.com\/wp-content\/uploads\/2023\/08\/camping-Finistere-toboggan-1536x1022.webp 1536w\" sizes=\"auto, (max-width: 1803px) 100vw, 1803px\" \/>\r\n                            <\/div><div class=\"gt-galeries__picture\">\r\n\r\n                                <img loading=\"lazy\" decoding=\"async\" width=\"1799\" height=\"1200\" src=\"https:\/\/belaircamping.com\/wp-content\/uploads\/2023\/08\/camping-paradis-domaine-bel-air-bulle_resultat.webp\" class=\"attachment-full size-full\" alt=\"camping paradis domaine bel air bulle resultat\" srcset=\"https:\/\/belaircamping.com\/wp-content\/uploads\/2023\/08\/camping-paradis-domaine-bel-air-bulle_resultat.webp 1799w, https:\/\/belaircamping.com\/wp-content\/uploads\/2023\/08\/camping-paradis-domaine-bel-air-bulle_resultat-300x200.webp 300w, https:\/\/belaircamping.com\/wp-content\/uploads\/2023\/08\/camping-paradis-domaine-bel-air-bulle_resultat-1024x683.webp 1024w, https:\/\/belaircamping.com\/wp-content\/uploads\/2023\/08\/camping-paradis-domaine-bel-air-bulle_resultat-768x512.webp 768w, https:\/\/belaircamping.com\/wp-content\/uploads\/2023\/08\/camping-paradis-domaine-bel-air-bulle_resultat-1536x1025.webp 1536w\" sizes=\"auto, (max-width: 1799px) 100vw, 1799px\" \/>\r\n                            <\/div><div class=\"gt-galeries__picture\">\r\n\r\n                                <img loading=\"lazy\" decoding=\"async\" width=\"800\" height=\"600\" src=\"https:\/\/belaircamping.com\/wp-content\/uploads\/2025\/02\/7988_0.jpg\" class=\"attachment-full size-full not-transparent\" alt=\"OLYMPUS DIGITAL CAMERA\" srcset=\"https:\/\/belaircamping.com\/wp-content\/uploads\/2025\/02\/7988_0.jpg 800w, https:\/\/belaircamping.com\/wp-content\/uploads\/2025\/02\/7988_0-300x225.jpg 300w, https:\/\/belaircamping.com\/wp-content\/uploads\/2025\/02\/7988_0-768x576.jpg 768w\" sizes=\"auto, (max-width: 800px) 100vw, 800px\" data-has-transparency=\"false\" data-dominant-color=\"70869f\" style=\"--dominant-color: #70869f;\" \/>\r\n                            <\/div><div class=\"gt-galeries__picture\">\r\n\r\n                                <img loading=\"lazy\" decoding=\"async\" width=\"2048\" height=\"1365\" src=\"https:\/\/belaircamping.com\/wp-content\/uploads\/2023\/08\/camping-petanque-finistere-scaled.webp\" class=\"attachment-full size-full\" alt=\"camping petanque finistere\" srcset=\"https:\/\/belaircamping.com\/wp-content\/uploads\/2023\/08\/camping-petanque-finistere-scaled.webp 2048w, https:\/\/belaircamping.com\/wp-content\/uploads\/2023\/08\/camping-petanque-finistere-300x200.webp 300w, https:\/\/belaircamping.com\/wp-content\/uploads\/2023\/08\/camping-petanque-finistere-1024x683.webp 1024w, https:\/\/belaircamping.com\/wp-content\/uploads\/2023\/08\/camping-petanque-finistere-768x512.webp 768w, https:\/\/belaircamping.com\/wp-content\/uploads\/2023\/08\/camping-petanque-finistere-1536x1024.webp 1536w\" sizes=\"auto, (max-width: 2048px) 100vw, 2048px\" \/>\r\n                            <\/div><div class=\"gt-galeries__picture\">\r\n\r\n                                <img loading=\"lazy\" decoding=\"async\" width=\"1536\" height=\"1536\" src=\"https:\/\/belaircamping.com\/wp-content\/uploads\/2023\/08\/camping-paddle-quimper.webp\" class=\"attachment-full size-full\" alt=\"camping paddle quimper\" srcset=\"https:\/\/belaircamping.com\/wp-content\/uploads\/2023\/08\/camping-paddle-quimper.webp 1536w, https:\/\/belaircamping.com\/wp-content\/uploads\/2023\/08\/camping-paddle-quimper-300x300.webp 300w, https:\/\/belaircamping.com\/wp-content\/uploads\/2023\/08\/camping-paddle-quimper-1024x1024.webp 1024w, https:\/\/belaircamping.com\/wp-content\/uploads\/2023\/08\/camping-paddle-quimper-150x150.webp 150w, https:\/\/belaircamping.com\/wp-content\/uploads\/2023\/08\/camping-paddle-quimper-768x768.webp 768w\" sizes=\"auto, (max-width: 1536px) 100vw, 1536px\" \/>\r\n                            <\/div><div class=\"gt-galeries__picture\">\r\n\r\n                                <img loading=\"lazy\" decoding=\"async\" width=\"2000\" height=\"1334\" src=\"https:\/\/belaircamping.com\/wp-content\/uploads\/2023\/08\/jogging-camping-quimper.webp\" class=\"attachment-full size-full\" alt=\"jogging camping quimper\" srcset=\"https:\/\/belaircamping.com\/wp-content\/uploads\/2023\/08\/jogging-camping-quimper.webp 2000w, https:\/\/belaircamping.com\/wp-content\/uploads\/2023\/08\/jogging-camping-quimper-300x200.webp 300w, https:\/\/belaircamping.com\/wp-content\/uploads\/2023\/08\/jogging-camping-quimper-1024x683.webp 1024w, https:\/\/belaircamping.com\/wp-content\/uploads\/2023\/08\/jogging-camping-quimper-768x512.webp 768w, https:\/\/belaircamping.com\/wp-content\/uploads\/2023\/08\/jogging-camping-quimper-1536x1025.webp 1536w\" sizes=\"auto, (max-width: 2000px) 100vw, 2000px\" \/>\r\n                            <\/div><div class=\"gt-galeries__picture\">\r\n\r\n                                <img loading=\"lazy\" decoding=\"async\" width=\"2048\" height=\"1365\" src=\"https:\/\/belaircamping.com\/wp-content\/uploads\/2023\/08\/camping-animations-enfants-quimper-scaled.webp\" class=\"attachment-full size-full\" alt=\"camping animations enfants quimper\" srcset=\"https:\/\/belaircamping.com\/wp-content\/uploads\/2023\/08\/camping-animations-enfants-quimper-scaled.webp 2048w, https:\/\/belaircamping.com\/wp-content\/uploads\/2023\/08\/camping-animations-enfants-quimper-300x200.webp 300w, https:\/\/belaircamping.com\/wp-content\/uploads\/2023\/08\/camping-animations-enfants-quimper-1024x683.webp 1024w, https:\/\/belaircamping.com\/wp-content\/uploads\/2023\/08\/camping-animations-enfants-quimper-768x512.webp 768w, https:\/\/belaircamping.com\/wp-content\/uploads\/2023\/08\/camping-animations-enfants-quimper-1536x1024.webp 1536w\" sizes=\"auto, (max-width: 2048px) 100vw, 2048px\" \/>\r\n                            <\/div><div class=\"gt-galeries__picture\">\r\n\r\n                                <img loading=\"lazy\" decoding=\"async\" width=\"1344\" height=\"896\" src=\"https:\/\/belaircamping.com\/wp-content\/uploads\/2023\/08\/linge-camping-Quimper.webp\" class=\"attachment-full size-full\" alt=\"linge camping Quimper\" srcset=\"https:\/\/belaircamping.com\/wp-content\/uploads\/2023\/08\/linge-camping-Quimper.webp 1344w, https:\/\/belaircamping.com\/wp-content\/uploads\/2023\/08\/linge-camping-Quimper-300x200.webp 300w, https:\/\/belaircamping.com\/wp-content\/uploads\/2023\/08\/linge-camping-Quimper-1024x683.webp 1024w, https:\/\/belaircamping.com\/wp-content\/uploads\/2023\/08\/linge-camping-Quimper-768x512.webp 768w\" sizes=\"auto, (max-width: 1344px) 100vw, 1344px\" \/>\r\n                            <\/div><div class=\"gt-galeries__picture\">\r\n\r\n                                <img loading=\"lazy\" decoding=\"async\" width=\"1199\" height=\"798\" src=\"https:\/\/belaircamping.com\/wp-content\/uploads\/2023\/08\/camping-AquaShow.webp\" class=\"attachment-full size-full\" alt=\"camping AquaShow\" srcset=\"https:\/\/belaircamping.com\/wp-content\/uploads\/2023\/08\/camping-AquaShow.webp 1199w, https:\/\/belaircamping.com\/wp-content\/uploads\/2023\/08\/camping-AquaShow-300x200.webp 300w, https:\/\/belaircamping.com\/wp-content\/uploads\/2023\/08\/camping-AquaShow-1024x682.webp 1024w, https:\/\/belaircamping.com\/wp-content\/uploads\/2023\/08\/camping-AquaShow-768x511.webp 768w\" sizes=\"auto, (max-width: 1199px) 100vw, 1199px\" \/>\r\n                            <\/div><div class=\"gt-galeries__picture\">\r\n\r\n                                <img loading=\"lazy\" decoding=\"async\" width=\"1840\" height=\"1228\" src=\"https:\/\/belaircamping.com\/wp-content\/uploads\/2023\/08\/camping-accrobranche-finistere.webp\" class=\"attachment-full size-full\" alt=\"camping accrobranche finistere\" srcset=\"https:\/\/belaircamping.com\/wp-content\/uploads\/2023\/08\/camping-accrobranche-finistere.webp 1840w, https:\/\/belaircamping.com\/wp-content\/uploads\/2023\/08\/camping-accrobranche-finistere-300x200.webp 300w, https:\/\/belaircamping.com\/wp-content\/uploads\/2023\/08\/camping-accrobranche-finistere-1024x683.webp 1024w, https:\/\/belaircamping.com\/wp-content\/uploads\/2023\/08\/camping-accrobranche-finistere-768x513.webp 768w, https:\/\/belaircamping.com\/wp-content\/uploads\/2023\/08\/camping-accrobranche-finistere-1536x1025.webp 1536w\" sizes=\"auto, (max-width: 1840px) 100vw, 1840px\" \/>\r\n                            <\/div><div class=\"gt-galeries__picture\">\r\n\r\n                                <img loading=\"lazy\" decoding=\"async\" width=\"1250\" height=\"830\" src=\"https:\/\/belaircamping.com\/wp-content\/uploads\/2023\/08\/camping-pres-de-locronan.webp\" class=\"attachment-full size-full\" alt=\"camping pres de locronan\" srcset=\"https:\/\/belaircamping.com\/wp-content\/uploads\/2023\/08\/camping-pres-de-locronan.webp 1250w, https:\/\/belaircamping.com\/wp-content\/uploads\/2023\/08\/camping-pres-de-locronan-300x199.webp 300w, https:\/\/belaircamping.com\/wp-content\/uploads\/2023\/08\/camping-pres-de-locronan-1024x680.webp 1024w, https:\/\/belaircamping.com\/wp-content\/uploads\/2023\/08\/camping-pres-de-locronan-768x510.webp 768w\" sizes=\"auto, (max-width: 1250px) 100vw, 1250px\" \/>\r\n                            <\/div><div class=\"gt-galeries__picture\">\r\n\r\n                                <img loading=\"lazy\" decoding=\"async\" width=\"2048\" height=\"1534\" src=\"https:\/\/belaircamping.com\/wp-content\/uploads\/2023\/08\/camping-pres-de-quimper-scaled.webp\" class=\"attachment-full size-full\" alt=\"camping pres de quimper\" srcset=\"https:\/\/belaircamping.com\/wp-content\/uploads\/2023\/08\/camping-pres-de-quimper-scaled.webp 2048w, https:\/\/belaircamping.com\/wp-content\/uploads\/2023\/08\/camping-pres-de-quimper-300x225.webp 300w, https:\/\/belaircamping.com\/wp-content\/uploads\/2023\/08\/camping-pres-de-quimper-1024x767.webp 1024w, https:\/\/belaircamping.com\/wp-content\/uploads\/2023\/08\/camping-pres-de-quimper-768x575.webp 768w, https:\/\/belaircamping.com\/wp-content\/uploads\/2023\/08\/camping-pres-de-quimper-1536x1150.webp 1536w\" sizes=\"auto, (max-width: 2048px) 100vw, 2048px\" \/>\r\n                            <\/div><div class=\"gt-galeries__picture\">\r\n\r\n                                <img loading=\"lazy\" decoding=\"async\" width=\"2048\" height=\"1365\" src=\"https:\/\/belaircamping.com\/wp-content\/uploads\/2023\/08\/camping-pres-de-brest-scaled.webp\" class=\"attachment-full size-full\" alt=\"camping pres de brest\" srcset=\"https:\/\/belaircamping.com\/wp-content\/uploads\/2023\/08\/camping-pres-de-brest-scaled.webp 2048w, https:\/\/belaircamping.com\/wp-content\/uploads\/2023\/08\/camping-pres-de-brest-300x200.webp 300w, https:\/\/belaircamping.com\/wp-content\/uploads\/2023\/08\/camping-pres-de-brest-1024x683.webp 1024w, https:\/\/belaircamping.com\/wp-content\/uploads\/2023\/08\/camping-pres-de-brest-768x512.webp 768w, https:\/\/belaircamping.com\/wp-content\/uploads\/2023\/08\/camping-pres-de-brest-1536x1024.webp 1536w\" sizes=\"auto, (max-width: 2048px) 100vw, 2048px\" \/>\r\n                            <\/div><div class=\"gt-galeries__picture\">\r\n\r\n                                <img loading=\"lazy\" decoding=\"async\" width=\"2048\" height=\"1003\" src=\"https:\/\/belaircamping.com\/wp-content\/uploads\/2023\/08\/camping-pres-de-Audierne-scaled.webp\" class=\"attachment-full size-full\" alt=\"camping pres de Audierne\" srcset=\"https:\/\/belaircamping.com\/wp-content\/uploads\/2023\/08\/camping-pres-de-Audierne-scaled.webp 2048w, https:\/\/belaircamping.com\/wp-content\/uploads\/2023\/08\/camping-pres-de-Audierne-300x147.webp 300w, https:\/\/belaircamping.com\/wp-content\/uploads\/2023\/08\/camping-pres-de-Audierne-1024x501.webp 1024w, https:\/\/belaircamping.com\/wp-content\/uploads\/2023\/08\/camping-pres-de-Audierne-768x376.webp 768w, https:\/\/belaircamping.com\/wp-content\/uploads\/2023\/08\/camping-pres-de-Audierne-1536x752.webp 1536w\" sizes=\"auto, (max-width: 2048px) 100vw, 2048px\" \/>\r\n                            <\/div><div class=\"gt-galeries__picture\">\r\n\r\n                                <img loading=\"lazy\" decoding=\"async\" width=\"1280\" height=\"720\" src=\"https:\/\/belaircamping.com\/wp-content\/uploads\/2023\/08\/ouessant.webp\" class=\"attachment-full size-full\" alt=\"ouessant\" srcset=\"https:\/\/belaircamping.com\/wp-content\/uploads\/2023\/08\/ouessant.webp 1280w, https:\/\/belaircamping.com\/wp-content\/uploads\/2023\/08\/ouessant-300x169.webp 300w, https:\/\/belaircamping.com\/wp-content\/uploads\/2023\/08\/ouessant-1024x576.webp 1024w, https:\/\/belaircamping.com\/wp-content\/uploads\/2023\/08\/ouessant-768x432.webp 768w\" sizes=\"auto, (max-width: 1280px) 100vw, 1280px\" \/>\r\n                            <\/div><div class=\"gt-galeries__picture\">\r\n\r\n                                <img loading=\"lazy\" decoding=\"async\" width=\"2048\" height=\"1365\" src=\"https:\/\/belaircamping.com\/wp-content\/uploads\/2023\/08\/camping-pres-de-ile-de-sein-scaled.webp\" class=\"attachment-full size-full\" alt=\"camping pres de ile de sein\" srcset=\"https:\/\/belaircamping.com\/wp-content\/uploads\/2023\/08\/camping-pres-de-ile-de-sein-scaled.webp 2048w, https:\/\/belaircamping.com\/wp-content\/uploads\/2023\/08\/camping-pres-de-ile-de-sein-300x200.webp 300w, https:\/\/belaircamping.com\/wp-content\/uploads\/2023\/08\/camping-pres-de-ile-de-sein-1024x683.webp 1024w, https:\/\/belaircamping.com\/wp-content\/uploads\/2023\/08\/camping-pres-de-ile-de-sein-768x512.webp 768w, https:\/\/belaircamping.com\/wp-content\/uploads\/2023\/08\/camping-pres-de-ile-de-sein-1536x1024.webp 1536w\" sizes=\"auto, (max-width: 2048px) 100vw, 2048px\" \/>\r\n                            <\/div><div class=\"gt-galeries__picture\">\r\n\r\n                                <img loading=\"lazy\" decoding=\"async\" width=\"2048\" height=\"1152\" src=\"https:\/\/belaircamping.com\/wp-content\/uploads\/2023\/08\/camping-pres-de-Glenans-scaled.webp\" class=\"attachment-full size-full\" alt=\"camping pres de Glenans\" srcset=\"https:\/\/belaircamping.com\/wp-content\/uploads\/2023\/08\/camping-pres-de-Glenans-scaled.webp 2048w, https:\/\/belaircamping.com\/wp-content\/uploads\/2023\/08\/camping-pres-de-Glenans-300x169.webp 300w, https:\/\/belaircamping.com\/wp-content\/uploads\/2023\/08\/camping-pres-de-Glenans-1024x576.webp 1024w, https:\/\/belaircamping.com\/wp-content\/uploads\/2023\/08\/camping-pres-de-Glenans-768x432.webp 768w, https:\/\/belaircamping.com\/wp-content\/uploads\/2023\/08\/camping-pres-de-Glenans-1536x864.webp 1536w\" sizes=\"auto, (max-width: 2048px) 100vw, 2048px\" \/>\r\n                            <\/div><div class=\"gt-galeries__picture\">\r\n\r\n                                <img loading=\"lazy\" decoding=\"async\" width=\"2048\" height=\"1397\" src=\"https:\/\/belaircamping.com\/wp-content\/uploads\/2023\/08\/camping-pres-de-Douarnenez-scaled.webp\" class=\"attachment-full size-full\" alt=\"camping pres de Douarnenez\" srcset=\"https:\/\/belaircamping.com\/wp-content\/uploads\/2023\/08\/camping-pres-de-Douarnenez-scaled.webp 2048w, https:\/\/belaircamping.com\/wp-content\/uploads\/2023\/08\/camping-pres-de-Douarnenez-300x205.webp 300w, https:\/\/belaircamping.com\/wp-content\/uploads\/2023\/08\/camping-pres-de-Douarnenez-1024x698.webp 1024w, https:\/\/belaircamping.com\/wp-content\/uploads\/2023\/08\/camping-pres-de-Douarnenez-768x524.webp 768w, https:\/\/belaircamping.com\/wp-content\/uploads\/2023\/08\/camping-pres-de-Douarnenez-1536x1047.webp 1536w\" sizes=\"auto, (max-width: 2048px) 100vw, 2048px\" \/>\r\n                            <\/div><div class=\"gt-galeries__picture\">\r\n\r\n                                <img loading=\"lazy\" decoding=\"async\" width=\"1750\" height=\"1277\" src=\"https:\/\/belaircamping.com\/wp-content\/uploads\/2023\/08\/camping-pres-de-Enclos-paroissial-Bretagne.webp\" class=\"attachment-full size-full\" alt=\"camping pres de Enclos paroissial Bretagne\" srcset=\"https:\/\/belaircamping.com\/wp-content\/uploads\/2023\/08\/camping-pres-de-Enclos-paroissial-Bretagne.webp 1750w, https:\/\/belaircamping.com\/wp-content\/uploads\/2023\/08\/camping-pres-de-Enclos-paroissial-Bretagne-300x219.webp 300w, https:\/\/belaircamping.com\/wp-content\/uploads\/2023\/08\/camping-pres-de-Enclos-paroissial-Bretagne-1024x747.webp 1024w, https:\/\/belaircamping.com\/wp-content\/uploads\/2023\/08\/camping-pres-de-Enclos-paroissial-Bretagne-768x560.webp 768w, https:\/\/belaircamping.com\/wp-content\/uploads\/2023\/08\/camping-pres-de-Enclos-paroissial-Bretagne-1536x1121.webp 1536w\" sizes=\"auto, (max-width: 1750px) 100vw, 1750px\" \/>\r\n                            <\/div><div class=\"gt-galeries__picture\">\r\n\r\n                                <img loading=\"lazy\" decoding=\"async\" width=\"1280\" height=\"876\" src=\"https:\/\/belaircamping.com\/wp-content\/uploads\/2023\/08\/camping-avec-balade-en-mer.webp\" class=\"attachment-full size-full\" alt=\"camping avec balade en mer\" srcset=\"https:\/\/belaircamping.com\/wp-content\/uploads\/2023\/08\/camping-avec-balade-en-mer.webp 1280w, https:\/\/belaircamping.com\/wp-content\/uploads\/2023\/08\/camping-avec-balade-en-mer-300x205.webp 300w, https:\/\/belaircamping.com\/wp-content\/uploads\/2023\/08\/camping-avec-balade-en-mer-1024x701.webp 1024w, https:\/\/belaircamping.com\/wp-content\/uploads\/2023\/08\/camping-avec-balade-en-mer-768x526.webp 768w\" sizes=\"auto, (max-width: 1280px) 100vw, 1280px\" \/>\r\n                            <\/div><div class=\"gt-galeries__picture\">\r\n\r\n                                <img loading=\"lazy\" decoding=\"async\" width=\"2048\" height=\"1365\" src=\"https:\/\/belaircamping.com\/wp-content\/uploads\/2023\/08\/camping-peche-Haliotika-scaled.webp\" class=\"attachment-full size-full\" alt=\"camping peche Haliotika\" srcset=\"https:\/\/belaircamping.com\/wp-content\/uploads\/2023\/08\/camping-peche-Haliotika-scaled.webp 2048w, https:\/\/belaircamping.com\/wp-content\/uploads\/2023\/08\/camping-peche-Haliotika-300x200.webp 300w, https:\/\/belaircamping.com\/wp-content\/uploads\/2023\/08\/camping-peche-Haliotika-1024x683.webp 1024w, https:\/\/belaircamping.com\/wp-content\/uploads\/2023\/08\/camping-peche-Haliotika-768x512.webp 768w, https:\/\/belaircamping.com\/wp-content\/uploads\/2023\/08\/camping-peche-Haliotika-1536x1024.webp 1536w\" sizes=\"auto, (max-width: 2048px) 100vw, 2048px\" \/>\r\n                            <\/div><div class=\"gt-galeries__picture\">\r\n\r\n                                <img loading=\"lazy\" decoding=\"async\" width=\"1700\" height=\"931\" src=\"https:\/\/belaircamping.com\/wp-content\/uploads\/2023\/08\/camping-pres-du-Phare-dEckmuhl.webp\" class=\"attachment-full size-full\" alt=\"camping pres du Phare dEckmuhl\" srcset=\"https:\/\/belaircamping.com\/wp-content\/uploads\/2023\/08\/camping-pres-du-Phare-dEckmuhl.webp 1700w, https:\/\/belaircamping.com\/wp-content\/uploads\/2023\/08\/camping-pres-du-Phare-dEckmuhl-300x164.webp 300w, https:\/\/belaircamping.com\/wp-content\/uploads\/2023\/08\/camping-pres-du-Phare-dEckmuhl-1024x561.webp 1024w, https:\/\/belaircamping.com\/wp-content\/uploads\/2023\/08\/camping-pres-du-Phare-dEckmuhl-768x421.webp 768w, https:\/\/belaircamping.com\/wp-content\/uploads\/2023\/08\/camping-pres-du-Phare-dEckmuhl-1536x841.webp 1536w\" sizes=\"auto, (max-width: 1700px) 100vw, 1700px\" \/>\r\n                            <\/div><div class=\"gt-galeries__picture\">\r\n\r\n                                <img loading=\"lazy\" decoding=\"async\" width=\"2048\" height=\"1365\" src=\"https:\/\/belaircamping.com\/wp-content\/uploads\/2023\/08\/camping-pres-de-la-vallee-des-saints-scaled.webp\" class=\"attachment-full size-full\" alt=\"camping pres de la vallee des saints\" srcset=\"https:\/\/belaircamping.com\/wp-content\/uploads\/2023\/08\/camping-pres-de-la-vallee-des-saints-scaled.webp 2048w, https:\/\/belaircamping.com\/wp-content\/uploads\/2023\/08\/camping-pres-de-la-vallee-des-saints-300x200.webp 300w, https:\/\/belaircamping.com\/wp-content\/uploads\/2023\/08\/camping-pres-de-la-vallee-des-saints-1024x683.webp 1024w, https:\/\/belaircamping.com\/wp-content\/uploads\/2023\/08\/camping-pres-de-la-vallee-des-saints-768x512.webp 768w, https:\/\/belaircamping.com\/wp-content\/uploads\/2023\/08\/camping-pres-de-la-vallee-des-saints-1536x1024.webp 1536w\" sizes=\"auto, (max-width: 2048px) 100vw, 2048px\" \/>\r\n                            <\/div><div class=\"gt-galeries__picture\">\r\n\r\n                                <img loading=\"lazy\" decoding=\"async\" width=\"1280\" height=\"720\" src=\"https:\/\/belaircamping.com\/wp-content\/uploads\/2023\/08\/ouessant-1.webp\" class=\"attachment-full size-full\" alt=\"ouessant 1\" srcset=\"https:\/\/belaircamping.com\/wp-content\/uploads\/2023\/08\/ouessant-1.webp 1280w, https:\/\/belaircamping.com\/wp-content\/uploads\/2023\/08\/ouessant-1-300x169.webp 300w, https:\/\/belaircamping.com\/wp-content\/uploads\/2023\/08\/ouessant-1-1024x576.webp 1024w, https:\/\/belaircamping.com\/wp-content\/uploads\/2023\/08\/ouessant-1-768x432.webp 768w\" sizes=\"auto, (max-width: 1280px) 100vw, 1280px\" \/>\r\n                            <\/div><div class=\"gt-galeries__picture\">\r\n\r\n                                <img loading=\"lazy\" decoding=\"async\" width=\"1920\" height=\"720\" src=\"https:\/\/belaircamping.com\/wp-content\/uploads\/2023\/08\/camping-bel-air-locatif-quimper.webp\" class=\"attachment-full size-full\" alt=\"camping bel air locatif quimper\" srcset=\"https:\/\/belaircamping.com\/wp-content\/uploads\/2023\/08\/camping-bel-air-locatif-quimper.webp 1920w, https:\/\/belaircamping.com\/wp-content\/uploads\/2023\/08\/camping-bel-air-locatif-quimper-300x113.webp 300w, https:\/\/belaircamping.com\/wp-content\/uploads\/2023\/08\/camping-bel-air-locatif-quimper-1024x384.webp 1024w, https:\/\/belaircamping.com\/wp-content\/uploads\/2023\/08\/camping-bel-air-locatif-quimper-768x288.webp 768w, https:\/\/belaircamping.com\/wp-content\/uploads\/2023\/08\/camping-bel-air-locatif-quimper-1536x576.webp 1536w\" sizes=\"auto, (max-width: 1920px) 100vw, 1920px\" \/>\r\n                            <\/div>\r\n        <span class=\"gt-galeries-seemore\">\r\n            <span>+<\/span>\r\n        <\/span>\r\n\r\n        <div class=\"gt-galeries-popup gt-galeries\">\r\n\r\n            <div class=\"gt-galeries-popup__close\">\r\n                <i class=\"fas fa-times\"><\/i>\r\n            <\/div>\r\n\r\n            <div class=\"gt-galeries-popup__header\">\r\n                <div class=\"gt-galeries-popup__close\">\r\n                                        <i class=\"fas fa-angle-left\"><\/i> <span>Zur\u00fcck zur Seite<\/span>\r\n                                    <\/div>\r\n                <div class=\"gt-galeries-popup__filters\">\r\n                    <span class=\"gt-galeries-popup__filter active\" data-filter=\"\">Tous<\/span>\r\n                                                                    <span class=\"gt-galeries-popup__filter\" data-filter=\".gt-categorie-galerie-197\">Le camping et ses infrastructures<\/span>\r\n                                                                    <span class=\"gt-galeries-popup__filter\" data-filter=\".gt-categorie-galerie-86\">H\u00e9bergements<\/span>\r\n                                                                    <span class=\"gt-galeries-popup__filter\" data-filter=\".gt-categorie-galerie-85\">Piscine<\/span>\r\n                                                                    <span class=\"gt-galeries-popup__filter\" data-filter=\".gt-categorie-galerie-96\">Service<\/span>\r\n                                                                    <span class=\"gt-galeries-popup__filter\" data-filter=\".gt-categorie-galerie-95\">Tourisme<\/span>\r\n                                    <\/div>\r\n            <\/div>\r\n            \r\n            <div class=\"gt-galeries-popup__content gt-galeries-isotope\">\r\n\r\n            \r\n                                                                                                                                                                                                                    \r\n                            <a \r\n                                href=\"https:\/\/belaircamping.com\/wp-content\/uploads\/2025\/02\/Camping-paradis-Landudec_25-juin-2024_022_0-scaled.jpg\" \r\n                                data-fancybox=\"gt-camping-gallerie\"\r\n                                class='gt-categorie-galerie-197'\r\n                            >\r\n                                <img loading=\"lazy\" decoding=\"async\" width=\"2048\" height=\"1365\" src=\"https:\/\/belaircamping.com\/wp-content\/uploads\/2025\/02\/Camping-paradis-Landudec_25-juin-2024_022_0-scaled.jpg\" class=\"attachment-full size-full not-transparent\" alt=\"Camping paradis Landudec 25 juin 2024 022 0\" srcset=\"https:\/\/belaircamping.com\/wp-content\/uploads\/2025\/02\/Camping-paradis-Landudec_25-juin-2024_022_0-scaled.jpg 2048w, https:\/\/belaircamping.com\/wp-content\/uploads\/2025\/02\/Camping-paradis-Landudec_25-juin-2024_022_0-300x200.jpg 300w, https:\/\/belaircamping.com\/wp-content\/uploads\/2025\/02\/Camping-paradis-Landudec_25-juin-2024_022_0-1024x683.jpg 1024w, https:\/\/belaircamping.com\/wp-content\/uploads\/2025\/02\/Camping-paradis-Landudec_25-juin-2024_022_0-768x512.jpg 768w, https:\/\/belaircamping.com\/wp-content\/uploads\/2025\/02\/Camping-paradis-Landudec_25-juin-2024_022_0-1536x1024.jpg 1536w\" sizes=\"auto, (max-width: 2048px) 100vw, 2048px\" data-has-transparency=\"false\" data-dominant-color=\"99a9ad\" style=\"--dominant-color: #99a9ad;\" \/>                    \r\n                            <\/a>\r\n\r\n                        \r\n                                                                                                                                                                                                                    \r\n                            <a \r\n                                href=\"https:\/\/belaircamping.com\/wp-content\/uploads\/2025\/02\/Camping-paradis-Landudec_25-juin-2024_080_0-scaled.jpg\" \r\n                                data-fancybox=\"gt-camping-gallerie\"\r\n                                class='gt-categorie-galerie-197'\r\n                            >\r\n                                <img loading=\"lazy\" decoding=\"async\" width=\"2048\" height=\"1365\" src=\"https:\/\/belaircamping.com\/wp-content\/uploads\/2025\/02\/Camping-paradis-Landudec_25-juin-2024_080_0-scaled.jpg\" class=\"attachment-full size-full not-transparent\" alt=\"Camping paradis Landudec 25 juin 2024 080 0\" srcset=\"https:\/\/belaircamping.com\/wp-content\/uploads\/2025\/02\/Camping-paradis-Landudec_25-juin-2024_080_0-scaled.jpg 2048w, https:\/\/belaircamping.com\/wp-content\/uploads\/2025\/02\/Camping-paradis-Landudec_25-juin-2024_080_0-300x200.jpg 300w, https:\/\/belaircamping.com\/wp-content\/uploads\/2025\/02\/Camping-paradis-Landudec_25-juin-2024_080_0-1024x683.jpg 1024w, https:\/\/belaircamping.com\/wp-content\/uploads\/2025\/02\/Camping-paradis-Landudec_25-juin-2024_080_0-768x512.jpg 768w, https:\/\/belaircamping.com\/wp-content\/uploads\/2025\/02\/Camping-paradis-Landudec_25-juin-2024_080_0-1536x1024.jpg 1536w\" sizes=\"auto, (max-width: 2048px) 100vw, 2048px\" data-has-transparency=\"false\" data-dominant-color=\"b0905c\" style=\"--dominant-color: #b0905c;\" \/>                    \r\n                            <\/a>\r\n\r\n                        \r\n                                                                                                                                                                                                                    \r\n                            <a \r\n                                href=\"https:\/\/belaircamping.com\/wp-content\/uploads\/2025\/02\/Camping-paradis-Landudec_25-juin-2024_023_0-scaled.jpg\" \r\n                                data-fancybox=\"gt-camping-gallerie\"\r\n                                class='gt-categorie-galerie-197'\r\n                            >\r\n                                <img loading=\"lazy\" decoding=\"async\" width=\"2048\" height=\"1365\" src=\"https:\/\/belaircamping.com\/wp-content\/uploads\/2025\/02\/Camping-paradis-Landudec_25-juin-2024_023_0-scaled.jpg\" class=\"attachment-full size-full not-transparent\" alt=\"Camping paradis Landudec 25 juin 2024 023 0\" srcset=\"https:\/\/belaircamping.com\/wp-content\/uploads\/2025\/02\/Camping-paradis-Landudec_25-juin-2024_023_0-scaled.jpg 2048w, https:\/\/belaircamping.com\/wp-content\/uploads\/2025\/02\/Camping-paradis-Landudec_25-juin-2024_023_0-300x200.jpg 300w, https:\/\/belaircamping.com\/wp-content\/uploads\/2025\/02\/Camping-paradis-Landudec_25-juin-2024_023_0-1024x683.jpg 1024w, https:\/\/belaircamping.com\/wp-content\/uploads\/2025\/02\/Camping-paradis-Landudec_25-juin-2024_023_0-768x512.jpg 768w, https:\/\/belaircamping.com\/wp-content\/uploads\/2025\/02\/Camping-paradis-Landudec_25-juin-2024_023_0-1536x1024.jpg 1536w\" sizes=\"auto, (max-width: 2048px) 100vw, 2048px\" data-has-transparency=\"false\" data-dominant-color=\"999996\" style=\"--dominant-color: #999996;\" \/>                    \r\n                            <\/a>\r\n\r\n                        \r\n                                                                                                                                                                                                                    \r\n                            <a \r\n                                href=\"https:\/\/belaircamping.com\/wp-content\/uploads\/2025\/02\/Camping-paradis-Landudec_25-juin-2024_089_0-scaled.jpg\" \r\n                                data-fancybox=\"gt-camping-gallerie\"\r\n                                class='gt-categorie-galerie-197'\r\n                            >\r\n                                <img loading=\"lazy\" decoding=\"async\" width=\"2048\" height=\"1365\" src=\"https:\/\/belaircamping.com\/wp-content\/uploads\/2025\/02\/Camping-paradis-Landudec_25-juin-2024_089_0-scaled.jpg\" class=\"attachment-full size-full not-transparent\" alt=\"Camping paradis Landudec 25 juin 2024 089 0\" srcset=\"https:\/\/belaircamping.com\/wp-content\/uploads\/2025\/02\/Camping-paradis-Landudec_25-juin-2024_089_0-scaled.jpg 2048w, https:\/\/belaircamping.com\/wp-content\/uploads\/2025\/02\/Camping-paradis-Landudec_25-juin-2024_089_0-300x200.jpg 300w, https:\/\/belaircamping.com\/wp-content\/uploads\/2025\/02\/Camping-paradis-Landudec_25-juin-2024_089_0-1024x683.jpg 1024w, https:\/\/belaircamping.com\/wp-content\/uploads\/2025\/02\/Camping-paradis-Landudec_25-juin-2024_089_0-768x512.jpg 768w, https:\/\/belaircamping.com\/wp-content\/uploads\/2025\/02\/Camping-paradis-Landudec_25-juin-2024_089_0-1536x1024.jpg 1536w\" sizes=\"auto, (max-width: 2048px) 100vw, 2048px\" data-has-transparency=\"false\" data-dominant-color=\"666f60\" style=\"--dominant-color: #666f60;\" \/>                    \r\n                            <\/a>\r\n\r\n                        \r\n                                                                                                                                                                                                                    \r\n                            <a \r\n                                href=\"https:\/\/belaircamping.com\/wp-content\/uploads\/2025\/02\/Camping-paradis-Landudec_25-juin-2024_087_0-scaled.jpg\" \r\n                                data-fancybox=\"gt-camping-gallerie\"\r\n                                class='gt-categorie-galerie-197'\r\n                            >\r\n                                <img loading=\"lazy\" decoding=\"async\" width=\"2048\" height=\"1365\" src=\"https:\/\/belaircamping.com\/wp-content\/uploads\/2025\/02\/Camping-paradis-Landudec_25-juin-2024_087_0-scaled.jpg\" class=\"attachment-full size-full not-transparent\" alt=\"Camping paradis Landudec 25 juin 2024 087 0\" srcset=\"https:\/\/belaircamping.com\/wp-content\/uploads\/2025\/02\/Camping-paradis-Landudec_25-juin-2024_087_0-scaled.jpg 2048w, https:\/\/belaircamping.com\/wp-content\/uploads\/2025\/02\/Camping-paradis-Landudec_25-juin-2024_087_0-300x200.jpg 300w, https:\/\/belaircamping.com\/wp-content\/uploads\/2025\/02\/Camping-paradis-Landudec_25-juin-2024_087_0-1024x683.jpg 1024w, https:\/\/belaircamping.com\/wp-content\/uploads\/2025\/02\/Camping-paradis-Landudec_25-juin-2024_087_0-768x512.jpg 768w, https:\/\/belaircamping.com\/wp-content\/uploads\/2025\/02\/Camping-paradis-Landudec_25-juin-2024_087_0-1536x1024.jpg 1536w\" sizes=\"auto, (max-width: 2048px) 100vw, 2048px\" data-has-transparency=\"false\" data-dominant-color=\"5c6244\" style=\"--dominant-color: #5c6244;\" \/>                    \r\n                            <\/a>\r\n\r\n                        \r\n                                                                                                                                                                                                                    \r\n                            <a \r\n                                href=\"https:\/\/belaircamping.com\/wp-content\/uploads\/2025\/02\/Camping-paradis-Landudec_25-juin-2024_095_0-scaled.jpg\" \r\n                                data-fancybox=\"gt-camping-gallerie\"\r\n                                class='gt-categorie-galerie-197'\r\n                            >\r\n                                <img loading=\"lazy\" decoding=\"async\" width=\"2048\" height=\"1365\" src=\"https:\/\/belaircamping.com\/wp-content\/uploads\/2025\/02\/Camping-paradis-Landudec_25-juin-2024_095_0-scaled.jpg\" class=\"attachment-full size-full not-transparent\" alt=\"Camping paradis Landudec 25 juin 2024 095 0\" srcset=\"https:\/\/belaircamping.com\/wp-content\/uploads\/2025\/02\/Camping-paradis-Landudec_25-juin-2024_095_0-scaled.jpg 2048w, https:\/\/belaircamping.com\/wp-content\/uploads\/2025\/02\/Camping-paradis-Landudec_25-juin-2024_095_0-300x200.jpg 300w, https:\/\/belaircamping.com\/wp-content\/uploads\/2025\/02\/Camping-paradis-Landudec_25-juin-2024_095_0-1024x683.jpg 1024w, https:\/\/belaircamping.com\/wp-content\/uploads\/2025\/02\/Camping-paradis-Landudec_25-juin-2024_095_0-768x512.jpg 768w, https:\/\/belaircamping.com\/wp-content\/uploads\/2025\/02\/Camping-paradis-Landudec_25-juin-2024_095_0-1536x1024.jpg 1536w\" sizes=\"auto, (max-width: 2048px) 100vw, 2048px\" data-has-transparency=\"false\" data-dominant-color=\"8f9c8c\" style=\"--dominant-color: #8f9c8c;\" \/>                    \r\n                            <\/a>\r\n\r\n                        \r\n                                                                                                                                                                                                                    \r\n                            <a \r\n                                href=\"https:\/\/belaircamping.com\/wp-content\/uploads\/2025\/02\/Camping-paradis-Landudec_25-juin-2024_086_0-scaled.jpg\" \r\n                                data-fancybox=\"gt-camping-gallerie\"\r\n                                class='gt-categorie-galerie-197'\r\n                            >\r\n                                <img loading=\"lazy\" decoding=\"async\" width=\"2048\" height=\"1365\" src=\"https:\/\/belaircamping.com\/wp-content\/uploads\/2025\/02\/Camping-paradis-Landudec_25-juin-2024_086_0-scaled.jpg\" class=\"attachment-full size-full not-transparent\" alt=\"Camping paradis Landudec 25 juin 2024 086 0\" srcset=\"https:\/\/belaircamping.com\/wp-content\/uploads\/2025\/02\/Camping-paradis-Landudec_25-juin-2024_086_0-scaled.jpg 2048w, https:\/\/belaircamping.com\/wp-content\/uploads\/2025\/02\/Camping-paradis-Landudec_25-juin-2024_086_0-300x200.jpg 300w, https:\/\/belaircamping.com\/wp-content\/uploads\/2025\/02\/Camping-paradis-Landudec_25-juin-2024_086_0-1024x683.jpg 1024w, https:\/\/belaircamping.com\/wp-content\/uploads\/2025\/02\/Camping-paradis-Landudec_25-juin-2024_086_0-768x512.jpg 768w, https:\/\/belaircamping.com\/wp-content\/uploads\/2025\/02\/Camping-paradis-Landudec_25-juin-2024_086_0-1536x1024.jpg 1536w\" sizes=\"auto, (max-width: 2048px) 100vw, 2048px\" data-has-transparency=\"false\" data-dominant-color=\"6f7636\" style=\"--dominant-color: #6f7636;\" \/>                    \r\n                            <\/a>\r\n\r\n                        \r\n                                                                                                                                                                                                                    \r\n                            <a \r\n                                href=\"https:\/\/belaircamping.com\/wp-content\/uploads\/2025\/02\/Camping-paradis-Landudec_25-juin-2024_105_0-scaled.jpg\" \r\n                                data-fancybox=\"gt-camping-gallerie\"\r\n                                class='gt-categorie-galerie-197'\r\n                            >\r\n                                <img loading=\"lazy\" decoding=\"async\" width=\"2048\" height=\"1365\" src=\"https:\/\/belaircamping.com\/wp-content\/uploads\/2025\/02\/Camping-paradis-Landudec_25-juin-2024_105_0-scaled.jpg\" class=\"attachment-full size-full not-transparent\" alt=\"Camping paradis Landudec 25 juin 2024 105 0\" srcset=\"https:\/\/belaircamping.com\/wp-content\/uploads\/2025\/02\/Camping-paradis-Landudec_25-juin-2024_105_0-scaled.jpg 2048w, https:\/\/belaircamping.com\/wp-content\/uploads\/2025\/02\/Camping-paradis-Landudec_25-juin-2024_105_0-300x200.jpg 300w, https:\/\/belaircamping.com\/wp-content\/uploads\/2025\/02\/Camping-paradis-Landudec_25-juin-2024_105_0-1024x683.jpg 1024w, https:\/\/belaircamping.com\/wp-content\/uploads\/2025\/02\/Camping-paradis-Landudec_25-juin-2024_105_0-768x512.jpg 768w, https:\/\/belaircamping.com\/wp-content\/uploads\/2025\/02\/Camping-paradis-Landudec_25-juin-2024_105_0-1536x1024.jpg 1536w\" sizes=\"auto, (max-width: 2048px) 100vw, 2048px\" data-has-transparency=\"false\" data-dominant-color=\"5f614a\" style=\"--dominant-color: #5f614a;\" \/>                    \r\n                            <\/a>\r\n\r\n                        \r\n                                                                                                                                                                                                                    \r\n                            <a \r\n                                href=\"https:\/\/belaircamping.com\/wp-content\/uploads\/2025\/02\/Camping-paradis-Landudec_25-juin-2024_085_0-scaled.jpg\" \r\n                                data-fancybox=\"gt-camping-gallerie\"\r\n                                class='gt-categorie-galerie-197'\r\n                            >\r\n                                <img loading=\"lazy\" decoding=\"async\" width=\"2048\" height=\"1365\" src=\"https:\/\/belaircamping.com\/wp-content\/uploads\/2025\/02\/Camping-paradis-Landudec_25-juin-2024_085_0-scaled.jpg\" class=\"attachment-full size-full not-transparent\" alt=\"Camping paradis Landudec 25 juin 2024 085 0\" srcset=\"https:\/\/belaircamping.com\/wp-content\/uploads\/2025\/02\/Camping-paradis-Landudec_25-juin-2024_085_0-scaled.jpg 2048w, https:\/\/belaircamping.com\/wp-content\/uploads\/2025\/02\/Camping-paradis-Landudec_25-juin-2024_085_0-300x200.jpg 300w, https:\/\/belaircamping.com\/wp-content\/uploads\/2025\/02\/Camping-paradis-Landudec_25-juin-2024_085_0-1024x683.jpg 1024w, https:\/\/belaircamping.com\/wp-content\/uploads\/2025\/02\/Camping-paradis-Landudec_25-juin-2024_085_0-768x512.jpg 768w, https:\/\/belaircamping.com\/wp-content\/uploads\/2025\/02\/Camping-paradis-Landudec_25-juin-2024_085_0-1536x1024.jpg 1536w\" sizes=\"auto, (max-width: 2048px) 100vw, 2048px\" data-has-transparency=\"false\" data-dominant-color=\"8e8968\" style=\"--dominant-color: #8e8968;\" \/>                    \r\n                            <\/a>\r\n\r\n                        \r\n                                                                                                                                                                                                                    \r\n                            <a \r\n                                href=\"https:\/\/belaircamping.com\/wp-content\/uploads\/2025\/02\/Camping-paradis-Landudec_25-juin-2024_103-scaled.jpg\" \r\n                                data-fancybox=\"gt-camping-gallerie\"\r\n                                class='gt-categorie-galerie-197'\r\n                            >\r\n                                <img loading=\"lazy\" decoding=\"async\" width=\"2048\" height=\"1365\" src=\"https:\/\/belaircamping.com\/wp-content\/uploads\/2025\/02\/Camping-paradis-Landudec_25-juin-2024_103-scaled.jpg\" class=\"attachment-full size-full not-transparent\" alt=\"Camping paradis Landudec 25 juin 2024 103\" srcset=\"https:\/\/belaircamping.com\/wp-content\/uploads\/2025\/02\/Camping-paradis-Landudec_25-juin-2024_103-scaled.jpg 2048w, https:\/\/belaircamping.com\/wp-content\/uploads\/2025\/02\/Camping-paradis-Landudec_25-juin-2024_103-300x200.jpg 300w, https:\/\/belaircamping.com\/wp-content\/uploads\/2025\/02\/Camping-paradis-Landudec_25-juin-2024_103-1024x683.jpg 1024w, https:\/\/belaircamping.com\/wp-content\/uploads\/2025\/02\/Camping-paradis-Landudec_25-juin-2024_103-768x512.jpg 768w, https:\/\/belaircamping.com\/wp-content\/uploads\/2025\/02\/Camping-paradis-Landudec_25-juin-2024_103-1536x1024.jpg 1536w\" sizes=\"auto, (max-width: 2048px) 100vw, 2048px\" data-has-transparency=\"false\" data-dominant-color=\"8b9472\" style=\"--dominant-color: #8b9472;\" \/>                    \r\n                            <\/a>\r\n\r\n                        \r\n                                                                                                                                                                                                                    \r\n                            <a \r\n                                href=\"https:\/\/belaircamping.com\/wp-content\/uploads\/2025\/02\/Camping-paradis-Landudec_25-juin-2024_093_0-scaled.jpg\" \r\n                                data-fancybox=\"gt-camping-gallerie\"\r\n                                class='gt-categorie-galerie-197'\r\n                            >\r\n                                <img loading=\"lazy\" decoding=\"async\" width=\"1365\" height=\"2048\" src=\"https:\/\/belaircamping.com\/wp-content\/uploads\/2025\/02\/Camping-paradis-Landudec_25-juin-2024_093_0-scaled.jpg\" class=\"attachment-full size-full not-transparent\" alt=\"Camping paradis Landudec 25 juin 2024 093 0\" srcset=\"https:\/\/belaircamping.com\/wp-content\/uploads\/2025\/02\/Camping-paradis-Landudec_25-juin-2024_093_0-scaled.jpg 1365w, https:\/\/belaircamping.com\/wp-content\/uploads\/2025\/02\/Camping-paradis-Landudec_25-juin-2024_093_0-200x300.jpg 200w, https:\/\/belaircamping.com\/wp-content\/uploads\/2025\/02\/Camping-paradis-Landudec_25-juin-2024_093_0-683x1024.jpg 683w, https:\/\/belaircamping.com\/wp-content\/uploads\/2025\/02\/Camping-paradis-Landudec_25-juin-2024_093_0-768x1152.jpg 768w, https:\/\/belaircamping.com\/wp-content\/uploads\/2025\/02\/Camping-paradis-Landudec_25-juin-2024_093_0-1024x1536.jpg 1024w\" sizes=\"auto, (max-width: 1365px) 100vw, 1365px\" data-has-transparency=\"false\" data-dominant-color=\"808b74\" style=\"--dominant-color: #808b74;\" \/>                    \r\n                            <\/a>\r\n\r\n                        \r\n                                                                                                                                                                                                                    \r\n                            <a \r\n                                href=\"https:\/\/belaircamping.com\/wp-content\/uploads\/2025\/02\/Camping-paradis-Landudec_25-juin-2024_094_0-scaled.jpg\" \r\n                                data-fancybox=\"gt-camping-gallerie\"\r\n                                class='gt-categorie-galerie-197'\r\n                            >\r\n                                <img loading=\"lazy\" decoding=\"async\" width=\"2048\" height=\"1365\" src=\"https:\/\/belaircamping.com\/wp-content\/uploads\/2025\/02\/Camping-paradis-Landudec_25-juin-2024_094_0-scaled.jpg\" class=\"attachment-full size-full not-transparent\" alt=\"Camping paradis Landudec 25 juin 2024 094 0\" srcset=\"https:\/\/belaircamping.com\/wp-content\/uploads\/2025\/02\/Camping-paradis-Landudec_25-juin-2024_094_0-scaled.jpg 2048w, https:\/\/belaircamping.com\/wp-content\/uploads\/2025\/02\/Camping-paradis-Landudec_25-juin-2024_094_0-300x200.jpg 300w, https:\/\/belaircamping.com\/wp-content\/uploads\/2025\/02\/Camping-paradis-Landudec_25-juin-2024_094_0-1024x683.jpg 1024w, https:\/\/belaircamping.com\/wp-content\/uploads\/2025\/02\/Camping-paradis-Landudec_25-juin-2024_094_0-768x512.jpg 768w, https:\/\/belaircamping.com\/wp-content\/uploads\/2025\/02\/Camping-paradis-Landudec_25-juin-2024_094_0-1536x1024.jpg 1536w\" sizes=\"auto, (max-width: 2048px) 100vw, 2048px\" data-has-transparency=\"false\" data-dominant-color=\"856442\" style=\"--dominant-color: #856442;\" \/>                    \r\n                            <\/a>\r\n\r\n                        \r\n                                                                                                                                                                                                                    \r\n                            <a \r\n                                href=\"https:\/\/belaircamping.com\/wp-content\/uploads\/2025\/02\/Camping-paradis-Landudec_25-juin-2024_084_0-scaled.jpg\" \r\n                                data-fancybox=\"gt-camping-gallerie\"\r\n                                class='gt-categorie-galerie-197'\r\n                            >\r\n                                <img loading=\"lazy\" decoding=\"async\" width=\"2048\" height=\"1365\" src=\"https:\/\/belaircamping.com\/wp-content\/uploads\/2025\/02\/Camping-paradis-Landudec_25-juin-2024_084_0-scaled.jpg\" class=\"attachment-full size-full not-transparent\" alt=\"Camping paradis Landudec 25 juin 2024 084 0\" srcset=\"https:\/\/belaircamping.com\/wp-content\/uploads\/2025\/02\/Camping-paradis-Landudec_25-juin-2024_084_0-scaled.jpg 2048w, https:\/\/belaircamping.com\/wp-content\/uploads\/2025\/02\/Camping-paradis-Landudec_25-juin-2024_084_0-300x200.jpg 300w, https:\/\/belaircamping.com\/wp-content\/uploads\/2025\/02\/Camping-paradis-Landudec_25-juin-2024_084_0-1024x683.jpg 1024w, https:\/\/belaircamping.com\/wp-content\/uploads\/2025\/02\/Camping-paradis-Landudec_25-juin-2024_084_0-768x512.jpg 768w, https:\/\/belaircamping.com\/wp-content\/uploads\/2025\/02\/Camping-paradis-Landudec_25-juin-2024_084_0-1536x1024.jpg 1536w\" sizes=\"auto, (max-width: 2048px) 100vw, 2048px\" data-has-transparency=\"false\" data-dominant-color=\"6d704c\" style=\"--dominant-color: #6d704c;\" \/>                    \r\n                            <\/a>\r\n\r\n                                                            \r\n                                                                                                                                                                                                                    \r\n                            <a \r\n                                href=\"https:\/\/belaircamping.com\/wp-content\/uploads\/2023\/08\/camping-finistere-sud-piscine-chauffee.webp\" \r\n                                data-fancybox=\"gt-camping-gallerie\"\r\n                                class='gt-categorie-galerie-85'\r\n                            >\r\n                                <img loading=\"lazy\" decoding=\"async\" width=\"1799\" height=\"1200\" src=\"https:\/\/belaircamping.com\/wp-content\/uploads\/2023\/08\/camping-finistere-sud-piscine-chauffee.webp\" class=\"attachment-full size-full\" alt=\"camping finistere sud piscine chauffee\" srcset=\"https:\/\/belaircamping.com\/wp-content\/uploads\/2023\/08\/camping-finistere-sud-piscine-chauffee.webp 1799w, https:\/\/belaircamping.com\/wp-content\/uploads\/2023\/08\/camping-finistere-sud-piscine-chauffee-300x200.webp 300w, https:\/\/belaircamping.com\/wp-content\/uploads\/2023\/08\/camping-finistere-sud-piscine-chauffee-1024x683.webp 1024w, https:\/\/belaircamping.com\/wp-content\/uploads\/2023\/08\/camping-finistere-sud-piscine-chauffee-768x512.webp 768w, https:\/\/belaircamping.com\/wp-content\/uploads\/2023\/08\/camping-finistere-sud-piscine-chauffee-1536x1025.webp 1536w\" sizes=\"auto, (max-width: 1799px) 100vw, 1799px\" \/>                    \r\n                            <\/a>\r\n\r\n                        \r\n                                                                                                                                                                                                                    \r\n                            <a \r\n                                href=\"https:\/\/belaircamping.com\/wp-content\/uploads\/2023\/08\/1-Castel_Domaine-de-Bel-Air_piscine_dome_resultat.webp\" \r\n                                data-fancybox=\"gt-camping-gallerie\"\r\n                                class='gt-categorie-galerie-85'\r\n                            >\r\n                                <img loading=\"lazy\" decoding=\"async\" width=\"1800\" height=\"1200\" src=\"https:\/\/belaircamping.com\/wp-content\/uploads\/2023\/08\/1-Castel_Domaine-de-Bel-Air_piscine_dome_resultat.webp\" class=\"attachment-full size-full\" alt=\"1 Castel Domaine de Bel Air piscine dome resultat\" srcset=\"https:\/\/belaircamping.com\/wp-content\/uploads\/2023\/08\/1-Castel_Domaine-de-Bel-Air_piscine_dome_resultat.webp 1800w, https:\/\/belaircamping.com\/wp-content\/uploads\/2023\/08\/1-Castel_Domaine-de-Bel-Air_piscine_dome_resultat-300x200.webp 300w, https:\/\/belaircamping.com\/wp-content\/uploads\/2023\/08\/1-Castel_Domaine-de-Bel-Air_piscine_dome_resultat-1024x683.webp 1024w, https:\/\/belaircamping.com\/wp-content\/uploads\/2023\/08\/1-Castel_Domaine-de-Bel-Air_piscine_dome_resultat-768x512.webp 768w, https:\/\/belaircamping.com\/wp-content\/uploads\/2023\/08\/1-Castel_Domaine-de-Bel-Air_piscine_dome_resultat-1536x1024.webp 1536w\" sizes=\"auto, (max-width: 1800px) 100vw, 1800px\" \/>                    \r\n                            <\/a>\r\n\r\n                        \r\n                                                                                                                                                                                                                    \r\n                            <a \r\n                                href=\"https:\/\/belaircamping.com\/wp-content\/uploads\/2023\/08\/Castel-Camping_Domaine-de-Bel-Air_Finistere-Sud_Espace-Aquatique_Exterieur_2021_resultat.webp\" \r\n                                data-fancybox=\"gt-camping-gallerie\"\r\n                                class='gt-categorie-galerie-85'\r\n                            >\r\n                                <img loading=\"lazy\" decoding=\"async\" width=\"1800\" height=\"1200\" src=\"https:\/\/belaircamping.com\/wp-content\/uploads\/2023\/08\/Castel-Camping_Domaine-de-Bel-Air_Finistere-Sud_Espace-Aquatique_Exterieur_2021_resultat.webp\" class=\"attachment-full size-full\" alt=\"Castel Camping Domaine de Bel Air Finistere Sud Espace Aquatique Exterieur 2021 resultat\" srcset=\"https:\/\/belaircamping.com\/wp-content\/uploads\/2023\/08\/Castel-Camping_Domaine-de-Bel-Air_Finistere-Sud_Espace-Aquatique_Exterieur_2021_resultat.webp 1800w, https:\/\/belaircamping.com\/wp-content\/uploads\/2023\/08\/Castel-Camping_Domaine-de-Bel-Air_Finistere-Sud_Espace-Aquatique_Exterieur_2021_resultat-300x200.webp 300w, https:\/\/belaircamping.com\/wp-content\/uploads\/2023\/08\/Castel-Camping_Domaine-de-Bel-Air_Finistere-Sud_Espace-Aquatique_Exterieur_2021_resultat-1024x683.webp 1024w, https:\/\/belaircamping.com\/wp-content\/uploads\/2023\/08\/Castel-Camping_Domaine-de-Bel-Air_Finistere-Sud_Espace-Aquatique_Exterieur_2021_resultat-768x512.webp 768w, https:\/\/belaircamping.com\/wp-content\/uploads\/2023\/08\/Castel-Camping_Domaine-de-Bel-Air_Finistere-Sud_Espace-Aquatique_Exterieur_2021_resultat-1536x1024.webp 1536w\" sizes=\"auto, (max-width: 1800px) 100vw, 1800px\" \/>                    \r\n                            <\/a>\r\n\r\n                        \r\n                                                                                                                                                                                                                    \r\n                            <a \r\n                                href=\"https:\/\/belaircamping.com\/wp-content\/uploads\/2023\/08\/camping-espace-aquatique-quimper.webp\" \r\n                                data-fancybox=\"gt-camping-gallerie\"\r\n                                class='gt-categorie-galerie-85'\r\n                            >\r\n                                <img loading=\"lazy\" decoding=\"async\" width=\"1232\" height=\"922\" src=\"https:\/\/belaircamping.com\/wp-content\/uploads\/2023\/08\/camping-espace-aquatique-quimper.webp\" class=\"attachment-full size-full\" alt=\"camping espace aquatique quimper\" srcset=\"https:\/\/belaircamping.com\/wp-content\/uploads\/2023\/08\/camping-espace-aquatique-quimper.webp 1232w, https:\/\/belaircamping.com\/wp-content\/uploads\/2023\/08\/camping-espace-aquatique-quimper-300x225.webp 300w, https:\/\/belaircamping.com\/wp-content\/uploads\/2023\/08\/camping-espace-aquatique-quimper-1024x766.webp 1024w, https:\/\/belaircamping.com\/wp-content\/uploads\/2023\/08\/camping-espace-aquatique-quimper-768x575.webp 768w\" sizes=\"auto, (max-width: 1232px) 100vw, 1232px\" \/>                    \r\n                            <\/a>\r\n\r\n                        \r\n                                                                                                                                                                                                                    \r\n                            <a \r\n                                href=\"https:\/\/belaircamping.com\/wp-content\/uploads\/2023\/08\/parc-aquatique-camping-finistere.webp\" \r\n                                data-fancybox=\"gt-camping-gallerie\"\r\n                                class='gt-categorie-galerie-85'\r\n                            >\r\n                                <img loading=\"lazy\" decoding=\"async\" width=\"1080\" height=\"1080\" src=\"https:\/\/belaircamping.com\/wp-content\/uploads\/2023\/08\/parc-aquatique-camping-finistere.webp\" class=\"attachment-full size-full\" alt=\"parc aquatique camping finist\u00e8re\" srcset=\"https:\/\/belaircamping.com\/wp-content\/uploads\/2023\/08\/parc-aquatique-camping-finistere.webp 1080w, https:\/\/belaircamping.com\/wp-content\/uploads\/2023\/08\/parc-aquatique-camping-finistere-300x300.webp 300w, https:\/\/belaircamping.com\/wp-content\/uploads\/2023\/08\/parc-aquatique-camping-finistere-1024x1024.webp 1024w, https:\/\/belaircamping.com\/wp-content\/uploads\/2023\/08\/parc-aquatique-camping-finistere-150x150.webp 150w, https:\/\/belaircamping.com\/wp-content\/uploads\/2023\/08\/parc-aquatique-camping-finistere-768x768.webp 768w\" sizes=\"auto, (max-width: 1080px) 100vw, 1080px\" \/>                    \r\n                            <\/a>\r\n\r\n                        \r\n                                                                                                                                                                                                                    \r\n                            <a \r\n                                href=\"https:\/\/belaircamping.com\/wp-content\/uploads\/2023\/08\/camping-Finistere-toboggan.webp\" \r\n                                data-fancybox=\"gt-camping-gallerie\"\r\n                                class='gt-categorie-galerie-85'\r\n                            >\r\n                                <img loading=\"lazy\" decoding=\"async\" width=\"1803\" height=\"1200\" src=\"https:\/\/belaircamping.com\/wp-content\/uploads\/2023\/08\/camping-Finistere-toboggan.webp\" class=\"attachment-full size-full\" alt=\"camping Finistere toboggan\" srcset=\"https:\/\/belaircamping.com\/wp-content\/uploads\/2023\/08\/camping-Finistere-toboggan.webp 1803w, https:\/\/belaircamping.com\/wp-content\/uploads\/2023\/08\/camping-Finistere-toboggan-300x200.webp 300w, https:\/\/belaircamping.com\/wp-content\/uploads\/2023\/08\/camping-Finistere-toboggan-1024x682.webp 1024w, https:\/\/belaircamping.com\/wp-content\/uploads\/2023\/08\/camping-Finistere-toboggan-768x511.webp 768w, https:\/\/belaircamping.com\/wp-content\/uploads\/2023\/08\/camping-Finistere-toboggan-1536x1022.webp 1536w\" sizes=\"auto, (max-width: 1803px) 100vw, 1803px\" \/>                    \r\n                            <\/a>\r\n\r\n                        \r\n                                                                                                                                                                                                                    \r\n                            <a \r\n                                href=\"https:\/\/belaircamping.com\/wp-content\/uploads\/2023\/08\/camping-paradis-domaine-bel-air-bulle_resultat.webp\" \r\n                                data-fancybox=\"gt-camping-gallerie\"\r\n                                class='gt-categorie-galerie-85'\r\n                            >\r\n                                <img loading=\"lazy\" decoding=\"async\" width=\"1799\" height=\"1200\" src=\"https:\/\/belaircamping.com\/wp-content\/uploads\/2023\/08\/camping-paradis-domaine-bel-air-bulle_resultat.webp\" class=\"attachment-full size-full\" alt=\"camping paradis domaine bel air bulle resultat\" srcset=\"https:\/\/belaircamping.com\/wp-content\/uploads\/2023\/08\/camping-paradis-domaine-bel-air-bulle_resultat.webp 1799w, https:\/\/belaircamping.com\/wp-content\/uploads\/2023\/08\/camping-paradis-domaine-bel-air-bulle_resultat-300x200.webp 300w, https:\/\/belaircamping.com\/wp-content\/uploads\/2023\/08\/camping-paradis-domaine-bel-air-bulle_resultat-1024x683.webp 1024w, https:\/\/belaircamping.com\/wp-content\/uploads\/2023\/08\/camping-paradis-domaine-bel-air-bulle_resultat-768x512.webp 768w, https:\/\/belaircamping.com\/wp-content\/uploads\/2023\/08\/camping-paradis-domaine-bel-air-bulle_resultat-1536x1025.webp 1536w\" sizes=\"auto, (max-width: 1799px) 100vw, 1799px\" \/>                    \r\n                            <\/a>\r\n\r\n                        \r\n                                                                                                                                                                                                                    \r\n                            <a \r\n                                href=\"https:\/\/belaircamping.com\/wp-content\/uploads\/2025\/02\/7988_0.jpg\" \r\n                                data-fancybox=\"gt-camping-gallerie\"\r\n                                class='gt-categorie-galerie-85'\r\n                            >\r\n                                <img loading=\"lazy\" decoding=\"async\" width=\"800\" height=\"600\" src=\"https:\/\/belaircamping.com\/wp-content\/uploads\/2025\/02\/7988_0.jpg\" class=\"attachment-full size-full not-transparent\" alt=\"OLYMPUS DIGITAL CAMERA\" srcset=\"https:\/\/belaircamping.com\/wp-content\/uploads\/2025\/02\/7988_0.jpg 800w, https:\/\/belaircamping.com\/wp-content\/uploads\/2025\/02\/7988_0-300x225.jpg 300w, https:\/\/belaircamping.com\/wp-content\/uploads\/2025\/02\/7988_0-768x576.jpg 768w\" sizes=\"auto, (max-width: 800px) 100vw, 800px\" data-has-transparency=\"false\" data-dominant-color=\"70869f\" style=\"--dominant-color: #70869f;\" \/>                    \r\n                            <\/a>\r\n\r\n                                                            \r\n                                                                                                                                                                                                                    \r\n                            <a \r\n                                href=\"https:\/\/belaircamping.com\/wp-content\/uploads\/2023\/08\/camping-petanque-finistere-scaled.webp\" \r\n                                data-fancybox=\"gt-camping-gallerie\"\r\n                                class='gt-categorie-galerie-96'\r\n                            >\r\n                                <img loading=\"lazy\" decoding=\"async\" width=\"2048\" height=\"1365\" src=\"https:\/\/belaircamping.com\/wp-content\/uploads\/2023\/08\/camping-petanque-finistere-scaled.webp\" class=\"attachment-full size-full\" alt=\"camping petanque finistere\" srcset=\"https:\/\/belaircamping.com\/wp-content\/uploads\/2023\/08\/camping-petanque-finistere-scaled.webp 2048w, https:\/\/belaircamping.com\/wp-content\/uploads\/2023\/08\/camping-petanque-finistere-300x200.webp 300w, https:\/\/belaircamping.com\/wp-content\/uploads\/2023\/08\/camping-petanque-finistere-1024x683.webp 1024w, https:\/\/belaircamping.com\/wp-content\/uploads\/2023\/08\/camping-petanque-finistere-768x512.webp 768w, https:\/\/belaircamping.com\/wp-content\/uploads\/2023\/08\/camping-petanque-finistere-1536x1024.webp 1536w\" sizes=\"auto, (max-width: 2048px) 100vw, 2048px\" \/>                    \r\n                            <\/a>\r\n\r\n                        \r\n                                                                                                                                                                                                                    \r\n                            <a \r\n                                href=\"https:\/\/belaircamping.com\/wp-content\/uploads\/2023\/08\/camping-paddle-quimper.webp\" \r\n                                data-fancybox=\"gt-camping-gallerie\"\r\n                                class='gt-categorie-galerie-96'\r\n                            >\r\n                                <img loading=\"lazy\" decoding=\"async\" width=\"1536\" height=\"1536\" src=\"https:\/\/belaircamping.com\/wp-content\/uploads\/2023\/08\/camping-paddle-quimper.webp\" class=\"attachment-full size-full\" alt=\"camping paddle quimper\" srcset=\"https:\/\/belaircamping.com\/wp-content\/uploads\/2023\/08\/camping-paddle-quimper.webp 1536w, https:\/\/belaircamping.com\/wp-content\/uploads\/2023\/08\/camping-paddle-quimper-300x300.webp 300w, https:\/\/belaircamping.com\/wp-content\/uploads\/2023\/08\/camping-paddle-quimper-1024x1024.webp 1024w, https:\/\/belaircamping.com\/wp-content\/uploads\/2023\/08\/camping-paddle-quimper-150x150.webp 150w, https:\/\/belaircamping.com\/wp-content\/uploads\/2023\/08\/camping-paddle-quimper-768x768.webp 768w\" sizes=\"auto, (max-width: 1536px) 100vw, 1536px\" \/>                    \r\n                            <\/a>\r\n\r\n                        \r\n                                                                                                                                                                                                                    \r\n                            <a \r\n                                href=\"https:\/\/belaircamping.com\/wp-content\/uploads\/2023\/08\/jogging-camping-quimper.webp\" \r\n                                data-fancybox=\"gt-camping-gallerie\"\r\n                                class='gt-categorie-galerie-96'\r\n                            >\r\n                                <img loading=\"lazy\" decoding=\"async\" width=\"2000\" height=\"1334\" src=\"https:\/\/belaircamping.com\/wp-content\/uploads\/2023\/08\/jogging-camping-quimper.webp\" class=\"attachment-full size-full\" alt=\"jogging camping quimper\" srcset=\"https:\/\/belaircamping.com\/wp-content\/uploads\/2023\/08\/jogging-camping-quimper.webp 2000w, https:\/\/belaircamping.com\/wp-content\/uploads\/2023\/08\/jogging-camping-quimper-300x200.webp 300w, https:\/\/belaircamping.com\/wp-content\/uploads\/2023\/08\/jogging-camping-quimper-1024x683.webp 1024w, https:\/\/belaircamping.com\/wp-content\/uploads\/2023\/08\/jogging-camping-quimper-768x512.webp 768w, https:\/\/belaircamping.com\/wp-content\/uploads\/2023\/08\/jogging-camping-quimper-1536x1025.webp 1536w\" sizes=\"auto, (max-width: 2000px) 100vw, 2000px\" \/>                    \r\n                            <\/a>\r\n\r\n                        \r\n                                                                                                                                                                                                                    \r\n                            <a \r\n                                href=\"https:\/\/belaircamping.com\/wp-content\/uploads\/2023\/08\/camping-animations-enfants-quimper-scaled.webp\" \r\n                                data-fancybox=\"gt-camping-gallerie\"\r\n                                class='gt-categorie-galerie-96'\r\n                            >\r\n                                <img loading=\"lazy\" decoding=\"async\" width=\"2048\" height=\"1365\" src=\"https:\/\/belaircamping.com\/wp-content\/uploads\/2023\/08\/camping-animations-enfants-quimper-scaled.webp\" class=\"attachment-full size-full\" alt=\"camping animations enfants quimper\" srcset=\"https:\/\/belaircamping.com\/wp-content\/uploads\/2023\/08\/camping-animations-enfants-quimper-scaled.webp 2048w, https:\/\/belaircamping.com\/wp-content\/uploads\/2023\/08\/camping-animations-enfants-quimper-300x200.webp 300w, https:\/\/belaircamping.com\/wp-content\/uploads\/2023\/08\/camping-animations-enfants-quimper-1024x683.webp 1024w, https:\/\/belaircamping.com\/wp-content\/uploads\/2023\/08\/camping-animations-enfants-quimper-768x512.webp 768w, https:\/\/belaircamping.com\/wp-content\/uploads\/2023\/08\/camping-animations-enfants-quimper-1536x1024.webp 1536w\" sizes=\"auto, (max-width: 2048px) 100vw, 2048px\" \/>                    \r\n                            <\/a>\r\n\r\n                        \r\n                                                                                                                                                                                                                    \r\n                            <a \r\n                                href=\"https:\/\/belaircamping.com\/wp-content\/uploads\/2023\/08\/linge-camping-Quimper.webp\" \r\n                                data-fancybox=\"gt-camping-gallerie\"\r\n                                class='gt-categorie-galerie-96'\r\n                            >\r\n                                <img loading=\"lazy\" decoding=\"async\" width=\"1344\" height=\"896\" src=\"https:\/\/belaircamping.com\/wp-content\/uploads\/2023\/08\/linge-camping-Quimper.webp\" class=\"attachment-full size-full\" alt=\"linge camping Quimper\" srcset=\"https:\/\/belaircamping.com\/wp-content\/uploads\/2023\/08\/linge-camping-Quimper.webp 1344w, https:\/\/belaircamping.com\/wp-content\/uploads\/2023\/08\/linge-camping-Quimper-300x200.webp 300w, https:\/\/belaircamping.com\/wp-content\/uploads\/2023\/08\/linge-camping-Quimper-1024x683.webp 1024w, https:\/\/belaircamping.com\/wp-content\/uploads\/2023\/08\/linge-camping-Quimper-768x512.webp 768w\" sizes=\"auto, (max-width: 1344px) 100vw, 1344px\" \/>                    \r\n                            <\/a>\r\n\r\n                                                            \r\n                                                                                                                                                                                                                    \r\n                            <a \r\n                                href=\"https:\/\/belaircamping.com\/wp-content\/uploads\/2023\/08\/camping-AquaShow.webp\" \r\n                                data-fancybox=\"gt-camping-gallerie\"\r\n                                class='gt-categorie-galerie-95'\r\n                            >\r\n                                <img loading=\"lazy\" decoding=\"async\" width=\"1199\" height=\"798\" src=\"https:\/\/belaircamping.com\/wp-content\/uploads\/2023\/08\/camping-AquaShow.webp\" class=\"attachment-full size-full\" alt=\"camping AquaShow\" srcset=\"https:\/\/belaircamping.com\/wp-content\/uploads\/2023\/08\/camping-AquaShow.webp 1199w, https:\/\/belaircamping.com\/wp-content\/uploads\/2023\/08\/camping-AquaShow-300x200.webp 300w, https:\/\/belaircamping.com\/wp-content\/uploads\/2023\/08\/camping-AquaShow-1024x682.webp 1024w, https:\/\/belaircamping.com\/wp-content\/uploads\/2023\/08\/camping-AquaShow-768x511.webp 768w\" sizes=\"auto, (max-width: 1199px) 100vw, 1199px\" \/>                    \r\n                            <\/a>\r\n\r\n                        \r\n                                                                                                                                                                                                                    \r\n                            <a \r\n                                href=\"https:\/\/belaircamping.com\/wp-content\/uploads\/2023\/08\/camping-accrobranche-finistere.webp\" \r\n                                data-fancybox=\"gt-camping-gallerie\"\r\n                                class='gt-categorie-galerie-95'\r\n                            >\r\n                                <img loading=\"lazy\" decoding=\"async\" width=\"1840\" height=\"1228\" src=\"https:\/\/belaircamping.com\/wp-content\/uploads\/2023\/08\/camping-accrobranche-finistere.webp\" class=\"attachment-full size-full\" alt=\"camping accrobranche finistere\" srcset=\"https:\/\/belaircamping.com\/wp-content\/uploads\/2023\/08\/camping-accrobranche-finistere.webp 1840w, https:\/\/belaircamping.com\/wp-content\/uploads\/2023\/08\/camping-accrobranche-finistere-300x200.webp 300w, https:\/\/belaircamping.com\/wp-content\/uploads\/2023\/08\/camping-accrobranche-finistere-1024x683.webp 1024w, https:\/\/belaircamping.com\/wp-content\/uploads\/2023\/08\/camping-accrobranche-finistere-768x513.webp 768w, https:\/\/belaircamping.com\/wp-content\/uploads\/2023\/08\/camping-accrobranche-finistere-1536x1025.webp 1536w\" sizes=\"auto, (max-width: 1840px) 100vw, 1840px\" \/>                    \r\n                            <\/a>\r\n\r\n                        \r\n                                                                                                                                                                                                                    \r\n                            <a \r\n                                href=\"https:\/\/belaircamping.com\/wp-content\/uploads\/2023\/08\/camping-pres-de-locronan.webp\" \r\n                                data-fancybox=\"gt-camping-gallerie\"\r\n                                class='gt-categorie-galerie-95'\r\n                            >\r\n                                <img loading=\"lazy\" decoding=\"async\" width=\"1250\" height=\"830\" src=\"https:\/\/belaircamping.com\/wp-content\/uploads\/2023\/08\/camping-pres-de-locronan.webp\" class=\"attachment-full size-full\" alt=\"camping pres de locronan\" srcset=\"https:\/\/belaircamping.com\/wp-content\/uploads\/2023\/08\/camping-pres-de-locronan.webp 1250w, https:\/\/belaircamping.com\/wp-content\/uploads\/2023\/08\/camping-pres-de-locronan-300x199.webp 300w, https:\/\/belaircamping.com\/wp-content\/uploads\/2023\/08\/camping-pres-de-locronan-1024x680.webp 1024w, https:\/\/belaircamping.com\/wp-content\/uploads\/2023\/08\/camping-pres-de-locronan-768x510.webp 768w\" sizes=\"auto, (max-width: 1250px) 100vw, 1250px\" \/>                    \r\n                            <\/a>\r\n\r\n                        \r\n                                                                                                                                                                                                                    \r\n                            <a \r\n                                href=\"https:\/\/belaircamping.com\/wp-content\/uploads\/2023\/08\/camping-pres-de-quimper-scaled.webp\" \r\n                                data-fancybox=\"gt-camping-gallerie\"\r\n                                class='gt-categorie-galerie-95'\r\n                            >\r\n                                <img loading=\"lazy\" decoding=\"async\" width=\"2048\" height=\"1534\" src=\"https:\/\/belaircamping.com\/wp-content\/uploads\/2023\/08\/camping-pres-de-quimper-scaled.webp\" class=\"attachment-full size-full\" alt=\"camping pres de quimper\" srcset=\"https:\/\/belaircamping.com\/wp-content\/uploads\/2023\/08\/camping-pres-de-quimper-scaled.webp 2048w, https:\/\/belaircamping.com\/wp-content\/uploads\/2023\/08\/camping-pres-de-quimper-300x225.webp 300w, https:\/\/belaircamping.com\/wp-content\/uploads\/2023\/08\/camping-pres-de-quimper-1024x767.webp 1024w, https:\/\/belaircamping.com\/wp-content\/uploads\/2023\/08\/camping-pres-de-quimper-768x575.webp 768w, https:\/\/belaircamping.com\/wp-content\/uploads\/2023\/08\/camping-pres-de-quimper-1536x1150.webp 1536w\" sizes=\"auto, (max-width: 2048px) 100vw, 2048px\" \/>                    \r\n                            <\/a>\r\n\r\n                        \r\n                                                                                                                                                                                                                    \r\n                            <a \r\n                                href=\"https:\/\/belaircamping.com\/wp-content\/uploads\/2023\/08\/camping-pres-de-brest-scaled.webp\" \r\n                                data-fancybox=\"gt-camping-gallerie\"\r\n                                class='gt-categorie-galerie-95'\r\n                            >\r\n                                <img loading=\"lazy\" decoding=\"async\" width=\"2048\" height=\"1365\" src=\"https:\/\/belaircamping.com\/wp-content\/uploads\/2023\/08\/camping-pres-de-brest-scaled.webp\" class=\"attachment-full size-full\" alt=\"camping pres de brest\" srcset=\"https:\/\/belaircamping.com\/wp-content\/uploads\/2023\/08\/camping-pres-de-brest-scaled.webp 2048w, https:\/\/belaircamping.com\/wp-content\/uploads\/2023\/08\/camping-pres-de-brest-300x200.webp 300w, https:\/\/belaircamping.com\/wp-content\/uploads\/2023\/08\/camping-pres-de-brest-1024x683.webp 1024w, https:\/\/belaircamping.com\/wp-content\/uploads\/2023\/08\/camping-pres-de-brest-768x512.webp 768w, https:\/\/belaircamping.com\/wp-content\/uploads\/2023\/08\/camping-pres-de-brest-1536x1024.webp 1536w\" sizes=\"auto, (max-width: 2048px) 100vw, 2048px\" \/>                    \r\n                            <\/a>\r\n\r\n                        \r\n                                                                                                                                                                                                                    \r\n                            <a \r\n                                href=\"https:\/\/belaircamping.com\/wp-content\/uploads\/2023\/08\/camping-pres-de-Audierne-scaled.webp\" \r\n                                data-fancybox=\"gt-camping-gallerie\"\r\n                                class='gt-categorie-galerie-95'\r\n                            >\r\n                                <img loading=\"lazy\" decoding=\"async\" width=\"2048\" height=\"1003\" src=\"https:\/\/belaircamping.com\/wp-content\/uploads\/2023\/08\/camping-pres-de-Audierne-scaled.webp\" class=\"attachment-full size-full\" alt=\"camping pres de Audierne\" srcset=\"https:\/\/belaircamping.com\/wp-content\/uploads\/2023\/08\/camping-pres-de-Audierne-scaled.webp 2048w, https:\/\/belaircamping.com\/wp-content\/uploads\/2023\/08\/camping-pres-de-Audierne-300x147.webp 300w, https:\/\/belaircamping.com\/wp-content\/uploads\/2023\/08\/camping-pres-de-Audierne-1024x501.webp 1024w, https:\/\/belaircamping.com\/wp-content\/uploads\/2023\/08\/camping-pres-de-Audierne-768x376.webp 768w, https:\/\/belaircamping.com\/wp-content\/uploads\/2023\/08\/camping-pres-de-Audierne-1536x752.webp 1536w\" sizes=\"auto, (max-width: 2048px) 100vw, 2048px\" \/>                    \r\n                            <\/a>\r\n\r\n                        \r\n                                                                                                                                                                                                                    \r\n                            <a \r\n                                href=\"https:\/\/belaircamping.com\/wp-content\/uploads\/2023\/08\/ouessant.webp\" \r\n                                data-fancybox=\"gt-camping-gallerie\"\r\n                                class='gt-categorie-galerie-95'\r\n                            >\r\n                                <img loading=\"lazy\" decoding=\"async\" width=\"1280\" height=\"720\" src=\"https:\/\/belaircamping.com\/wp-content\/uploads\/2023\/08\/ouessant.webp\" class=\"attachment-full size-full\" alt=\"ouessant\" srcset=\"https:\/\/belaircamping.com\/wp-content\/uploads\/2023\/08\/ouessant.webp 1280w, https:\/\/belaircamping.com\/wp-content\/uploads\/2023\/08\/ouessant-300x169.webp 300w, https:\/\/belaircamping.com\/wp-content\/uploads\/2023\/08\/ouessant-1024x576.webp 1024w, https:\/\/belaircamping.com\/wp-content\/uploads\/2023\/08\/ouessant-768x432.webp 768w\" sizes=\"auto, (max-width: 1280px) 100vw, 1280px\" \/>                    \r\n                            <\/a>\r\n\r\n                        \r\n                                                                                                                                                                                                                    \r\n                            <a \r\n                                href=\"https:\/\/belaircamping.com\/wp-content\/uploads\/2023\/08\/camping-pres-de-ile-de-sein-scaled.webp\" \r\n                                data-fancybox=\"gt-camping-gallerie\"\r\n                                class='gt-categorie-galerie-95'\r\n                            >\r\n                                <img loading=\"lazy\" decoding=\"async\" width=\"2048\" height=\"1365\" src=\"https:\/\/belaircamping.com\/wp-content\/uploads\/2023\/08\/camping-pres-de-ile-de-sein-scaled.webp\" class=\"attachment-full size-full\" alt=\"camping pres de ile de sein\" srcset=\"https:\/\/belaircamping.com\/wp-content\/uploads\/2023\/08\/camping-pres-de-ile-de-sein-scaled.webp 2048w, https:\/\/belaircamping.com\/wp-content\/uploads\/2023\/08\/camping-pres-de-ile-de-sein-300x200.webp 300w, https:\/\/belaircamping.com\/wp-content\/uploads\/2023\/08\/camping-pres-de-ile-de-sein-1024x683.webp 1024w, https:\/\/belaircamping.com\/wp-content\/uploads\/2023\/08\/camping-pres-de-ile-de-sein-768x512.webp 768w, https:\/\/belaircamping.com\/wp-content\/uploads\/2023\/08\/camping-pres-de-ile-de-sein-1536x1024.webp 1536w\" sizes=\"auto, (max-width: 2048px) 100vw, 2048px\" \/>                    \r\n                            <\/a>\r\n\r\n                        \r\n                                                                                                                                                                                                                    \r\n                            <a \r\n                                href=\"https:\/\/belaircamping.com\/wp-content\/uploads\/2023\/08\/camping-pres-de-Glenans-scaled.webp\" \r\n                                data-fancybox=\"gt-camping-gallerie\"\r\n                                class='gt-categorie-galerie-95'\r\n                            >\r\n                                <img loading=\"lazy\" decoding=\"async\" width=\"2048\" height=\"1152\" src=\"https:\/\/belaircamping.com\/wp-content\/uploads\/2023\/08\/camping-pres-de-Glenans-scaled.webp\" class=\"attachment-full size-full\" alt=\"camping pres de Glenans\" srcset=\"https:\/\/belaircamping.com\/wp-content\/uploads\/2023\/08\/camping-pres-de-Glenans-scaled.webp 2048w, https:\/\/belaircamping.com\/wp-content\/uploads\/2023\/08\/camping-pres-de-Glenans-300x169.webp 300w, https:\/\/belaircamping.com\/wp-content\/uploads\/2023\/08\/camping-pres-de-Glenans-1024x576.webp 1024w, https:\/\/belaircamping.com\/wp-content\/uploads\/2023\/08\/camping-pres-de-Glenans-768x432.webp 768w, https:\/\/belaircamping.com\/wp-content\/uploads\/2023\/08\/camping-pres-de-Glenans-1536x864.webp 1536w\" sizes=\"auto, (max-width: 2048px) 100vw, 2048px\" \/>                    \r\n                            <\/a>\r\n\r\n                        \r\n                                                                                                                                                                                                                    \r\n                            <a \r\n                                href=\"https:\/\/belaircamping.com\/wp-content\/uploads\/2023\/08\/camping-pres-de-Douarnenez-scaled.webp\" \r\n                                data-fancybox=\"gt-camping-gallerie\"\r\n                                class='gt-categorie-galerie-95'\r\n                            >\r\n                                <img loading=\"lazy\" decoding=\"async\" width=\"2048\" height=\"1397\" src=\"https:\/\/belaircamping.com\/wp-content\/uploads\/2023\/08\/camping-pres-de-Douarnenez-scaled.webp\" class=\"attachment-full size-full\" alt=\"camping pres de Douarnenez\" srcset=\"https:\/\/belaircamping.com\/wp-content\/uploads\/2023\/08\/camping-pres-de-Douarnenez-scaled.webp 2048w, https:\/\/belaircamping.com\/wp-content\/uploads\/2023\/08\/camping-pres-de-Douarnenez-300x205.webp 300w, https:\/\/belaircamping.com\/wp-content\/uploads\/2023\/08\/camping-pres-de-Douarnenez-1024x698.webp 1024w, https:\/\/belaircamping.com\/wp-content\/uploads\/2023\/08\/camping-pres-de-Douarnenez-768x524.webp 768w, https:\/\/belaircamping.com\/wp-content\/uploads\/2023\/08\/camping-pres-de-Douarnenez-1536x1047.webp 1536w\" sizes=\"auto, (max-width: 2048px) 100vw, 2048px\" \/>                    \r\n                            <\/a>\r\n\r\n                        \r\n                                                                                                                                                                                                                    \r\n                            <a \r\n                                href=\"https:\/\/belaircamping.com\/wp-content\/uploads\/2023\/08\/camping-pres-de-Enclos-paroissial-Bretagne.webp\" \r\n                                data-fancybox=\"gt-camping-gallerie\"\r\n                                class='gt-categorie-galerie-95'\r\n                            >\r\n                                <img loading=\"lazy\" decoding=\"async\" width=\"1750\" height=\"1277\" src=\"https:\/\/belaircamping.com\/wp-content\/uploads\/2023\/08\/camping-pres-de-Enclos-paroissial-Bretagne.webp\" class=\"attachment-full size-full\" alt=\"camping pres de Enclos paroissial Bretagne\" srcset=\"https:\/\/belaircamping.com\/wp-content\/uploads\/2023\/08\/camping-pres-de-Enclos-paroissial-Bretagne.webp 1750w, https:\/\/belaircamping.com\/wp-content\/uploads\/2023\/08\/camping-pres-de-Enclos-paroissial-Bretagne-300x219.webp 300w, https:\/\/belaircamping.com\/wp-content\/uploads\/2023\/08\/camping-pres-de-Enclos-paroissial-Bretagne-1024x747.webp 1024w, https:\/\/belaircamping.com\/wp-content\/uploads\/2023\/08\/camping-pres-de-Enclos-paroissial-Bretagne-768x560.webp 768w, https:\/\/belaircamping.com\/wp-content\/uploads\/2023\/08\/camping-pres-de-Enclos-paroissial-Bretagne-1536x1121.webp 1536w\" sizes=\"auto, (max-width: 1750px) 100vw, 1750px\" \/>                    \r\n                            <\/a>\r\n\r\n                        \r\n                                                                                                                                                                                                                    \r\n                            <a \r\n                                href=\"https:\/\/belaircamping.com\/wp-content\/uploads\/2023\/08\/camping-avec-balade-en-mer.webp\" \r\n                                data-fancybox=\"gt-camping-gallerie\"\r\n                                class='gt-categorie-galerie-95'\r\n                            >\r\n                                <img loading=\"lazy\" decoding=\"async\" width=\"1280\" height=\"876\" src=\"https:\/\/belaircamping.com\/wp-content\/uploads\/2023\/08\/camping-avec-balade-en-mer.webp\" class=\"attachment-full size-full\" alt=\"camping avec balade en mer\" srcset=\"https:\/\/belaircamping.com\/wp-content\/uploads\/2023\/08\/camping-avec-balade-en-mer.webp 1280w, https:\/\/belaircamping.com\/wp-content\/uploads\/2023\/08\/camping-avec-balade-en-mer-300x205.webp 300w, https:\/\/belaircamping.com\/wp-content\/uploads\/2023\/08\/camping-avec-balade-en-mer-1024x701.webp 1024w, https:\/\/belaircamping.com\/wp-content\/uploads\/2023\/08\/camping-avec-balade-en-mer-768x526.webp 768w\" sizes=\"auto, (max-width: 1280px) 100vw, 1280px\" \/>                    \r\n                            <\/a>\r\n\r\n                        \r\n                                                                                                                                                                                                                    \r\n                            <a \r\n                                href=\"https:\/\/belaircamping.com\/wp-content\/uploads\/2023\/08\/camping-peche-Haliotika-scaled.webp\" \r\n                                data-fancybox=\"gt-camping-gallerie\"\r\n                                class='gt-categorie-galerie-95'\r\n                            >\r\n                                <img loading=\"lazy\" decoding=\"async\" width=\"2048\" height=\"1365\" src=\"https:\/\/belaircamping.com\/wp-content\/uploads\/2023\/08\/camping-peche-Haliotika-scaled.webp\" class=\"attachment-full size-full\" alt=\"camping peche Haliotika\" srcset=\"https:\/\/belaircamping.com\/wp-content\/uploads\/2023\/08\/camping-peche-Haliotika-scaled.webp 2048w, https:\/\/belaircamping.com\/wp-content\/uploads\/2023\/08\/camping-peche-Haliotika-300x200.webp 300w, https:\/\/belaircamping.com\/wp-content\/uploads\/2023\/08\/camping-peche-Haliotika-1024x683.webp 1024w, https:\/\/belaircamping.com\/wp-content\/uploads\/2023\/08\/camping-peche-Haliotika-768x512.webp 768w, https:\/\/belaircamping.com\/wp-content\/uploads\/2023\/08\/camping-peche-Haliotika-1536x1024.webp 1536w\" sizes=\"auto, (max-width: 2048px) 100vw, 2048px\" \/>                    \r\n                            <\/a>\r\n\r\n                        \r\n                                                                                                                                                                                                                    \r\n                            <a \r\n                                href=\"https:\/\/belaircamping.com\/wp-content\/uploads\/2023\/08\/camping-pres-du-Phare-dEckmuhl.webp\" \r\n                                data-fancybox=\"gt-camping-gallerie\"\r\n                                class='gt-categorie-galerie-95'\r\n                            >\r\n                                <img loading=\"lazy\" decoding=\"async\" width=\"1700\" height=\"931\" src=\"https:\/\/belaircamping.com\/wp-content\/uploads\/2023\/08\/camping-pres-du-Phare-dEckmuhl.webp\" class=\"attachment-full size-full\" alt=\"camping pres du Phare dEckmuhl\" srcset=\"https:\/\/belaircamping.com\/wp-content\/uploads\/2023\/08\/camping-pres-du-Phare-dEckmuhl.webp 1700w, https:\/\/belaircamping.com\/wp-content\/uploads\/2023\/08\/camping-pres-du-Phare-dEckmuhl-300x164.webp 300w, https:\/\/belaircamping.com\/wp-content\/uploads\/2023\/08\/camping-pres-du-Phare-dEckmuhl-1024x561.webp 1024w, https:\/\/belaircamping.com\/wp-content\/uploads\/2023\/08\/camping-pres-du-Phare-dEckmuhl-768x421.webp 768w, https:\/\/belaircamping.com\/wp-content\/uploads\/2023\/08\/camping-pres-du-Phare-dEckmuhl-1536x841.webp 1536w\" sizes=\"auto, (max-width: 1700px) 100vw, 1700px\" \/>                    \r\n                            <\/a>\r\n\r\n                        \r\n                                                                                                                                                                                                                    \r\n                            <a \r\n                                href=\"https:\/\/belaircamping.com\/wp-content\/uploads\/2023\/08\/camping-pres-de-la-vallee-des-saints-scaled.webp\" \r\n                                data-fancybox=\"gt-camping-gallerie\"\r\n                                class='gt-categorie-galerie-95'\r\n                            >\r\n                                <img loading=\"lazy\" decoding=\"async\" width=\"2048\" height=\"1365\" src=\"https:\/\/belaircamping.com\/wp-content\/uploads\/2023\/08\/camping-pres-de-la-vallee-des-saints-scaled.webp\" class=\"attachment-full size-full\" alt=\"camping pres de la vallee des saints\" srcset=\"https:\/\/belaircamping.com\/wp-content\/uploads\/2023\/08\/camping-pres-de-la-vallee-des-saints-scaled.webp 2048w, https:\/\/belaircamping.com\/wp-content\/uploads\/2023\/08\/camping-pres-de-la-vallee-des-saints-300x200.webp 300w, https:\/\/belaircamping.com\/wp-content\/uploads\/2023\/08\/camping-pres-de-la-vallee-des-saints-1024x683.webp 1024w, https:\/\/belaircamping.com\/wp-content\/uploads\/2023\/08\/camping-pres-de-la-vallee-des-saints-768x512.webp 768w, https:\/\/belaircamping.com\/wp-content\/uploads\/2023\/08\/camping-pres-de-la-vallee-des-saints-1536x1024.webp 1536w\" sizes=\"auto, (max-width: 2048px) 100vw, 2048px\" \/>                    \r\n                            <\/a>\r\n\r\n                        \r\n                                                                                                                                                                                                                    \r\n                            <a \r\n                                href=\"https:\/\/belaircamping.com\/wp-content\/uploads\/2023\/08\/ouessant-1.webp\" \r\n                                data-fancybox=\"gt-camping-gallerie\"\r\n                                class='gt-categorie-galerie-95'\r\n                            >\r\n                                <img loading=\"lazy\" decoding=\"async\" width=\"1280\" height=\"720\" src=\"https:\/\/belaircamping.com\/wp-content\/uploads\/2023\/08\/ouessant-1.webp\" class=\"attachment-full size-full\" alt=\"ouessant 1\" srcset=\"https:\/\/belaircamping.com\/wp-content\/uploads\/2023\/08\/ouessant-1.webp 1280w, https:\/\/belaircamping.com\/wp-content\/uploads\/2023\/08\/ouessant-1-300x169.webp 300w, https:\/\/belaircamping.com\/wp-content\/uploads\/2023\/08\/ouessant-1-1024x576.webp 1024w, https:\/\/belaircamping.com\/wp-content\/uploads\/2023\/08\/ouessant-1-768x432.webp 768w\" sizes=\"auto, (max-width: 1280px) 100vw, 1280px\" \/>                    \r\n                            <\/a>\r\n\r\n                                                            \r\n                                                                                                                                                                                                                    \r\n                            <a \r\n                                href=\"https:\/\/belaircamping.com\/wp-content\/uploads\/2023\/08\/camping-bel-air-locatif-quimper.webp\" \r\n                                data-fancybox=\"gt-camping-gallerie\"\r\n                                class='gt-categorie-galerie-86'\r\n                            >\r\n                                <img loading=\"lazy\" decoding=\"async\" width=\"1920\" height=\"720\" src=\"https:\/\/belaircamping.com\/wp-content\/uploads\/2023\/08\/camping-bel-air-locatif-quimper.webp\" class=\"attachment-full size-full\" alt=\"camping bel air locatif quimper\" srcset=\"https:\/\/belaircamping.com\/wp-content\/uploads\/2023\/08\/camping-bel-air-locatif-quimper.webp 1920w, https:\/\/belaircamping.com\/wp-content\/uploads\/2023\/08\/camping-bel-air-locatif-quimper-300x113.webp 300w, https:\/\/belaircamping.com\/wp-content\/uploads\/2023\/08\/camping-bel-air-locatif-quimper-1024x384.webp 1024w, https:\/\/belaircamping.com\/wp-content\/uploads\/2023\/08\/camping-bel-air-locatif-quimper-768x288.webp 768w, https:\/\/belaircamping.com\/wp-content\/uploads\/2023\/08\/camping-bel-air-locatif-quimper-1536x576.webp 1536w\" sizes=\"auto, (max-width: 1920px) 100vw, 1920px\" \/>                    \r\n                            <\/a>\r\n\r\n                                                                                    <\/div>\r\n\r\n        <\/div>\r\n\r\n    <\/div>\r\n\r\n\n\n\n<div id=\"home-resa-wrap\" class=\"wp-block-group has-background is-layout-flow wp-block-group-is-layout-flow\" style=\"border-top-left-radius:0rem;border-top-right-radius:10rem;border-bottom-left-radius:0rem;border-bottom-right-radius:10rem;background-color:#1c5e8ccc;padding-top:var(--wp--preset--spacing--60);padding-right:var(--wp--preset--spacing--60);padding-bottom:var(--wp--preset--spacing--60);padding-left:var(--wp--preset--spacing--60)\">\n<p class=\"has-white-color has-text-color has-ursula-font-family has-medium-large-font-size\" style=\"margin-bottom:0\">Warten Sie nicht l\u00e4nger, g\u00f6nnen Sie sich ein bisschen Farniente&#8230;<\/p>\n\n\n<div \n     \n    class=\"gt-resa-block\" \n>\n\n\n    <form action=\"https:\/\/belaircamping.com\/de\/ihre-suche-nach-einem-aufenthalt\/\" method=\"POST\" class=\"gt-resa-form\">\n        \n        <div class=\"gt-resa-form__entry gt-resa-form__entry--ranges\">\n            <i class=\"fas fa-calendar-alt\"><\/i>\n            <input type=\"text\" placeholder=\"Ankunft \/ Abreise ...\" \/>\n        <\/div>\n        \n        \n                <div class=\"gt-resa-form__entry gt-resa-form__entry--type\">\n            <select name=\"gt-type\">\n                                    \n                                    <option value=\"Vermietung\">                    \n                    Vermietung                <\/option>\n                                    \n                                    <option value=\"Stellplatz\">                    \n                    Stellplatz                <\/option>\n                            <\/select>\n        <\/div>\n                \n        <div class=\"gt-resa-form__entry gt-resa-form__entry--submit\">\n            <button type=\"submit\">Suchen &gt;<\/button>\n        <\/div>\n\n    <\/form>\n\n\n<\/div><\/div>\n<\/div><\/div>\n\n<div class=\"wp-block-group is-layout-constrained wp-container-core-group-is-layout-254f1302 wp-block-group-is-layout-constrained\" style=\"padding-top:0;padding-right:0;padding-bottom:0;padding-left:0\">\n<h1 class=\"wp-block-heading alignwide has-text-align-center animated fadeIn has-link-color-color has-text-color has-x-large-font-size\" style=\"margin-top:var(--wp--preset--spacing--30);margin-right:var(--wp--preset--spacing--30);margin-bottom:var(--wp--preset--spacing--30);margin-left:var(--wp--preset--spacing--30);padding-top:var(--wp--preset--spacing--60);padding-right:var(--wp--preset--spacing--60);padding-bottom:var(--wp--preset--spacing--60);padding-left:var(--wp--preset--spacing--60);font-style:normal;font-weight:500;line-height:1\">Urlaub auf dem 5-Sterne Camping Paradis im Finist\u00e8re Sud<\/h1>\n<\/div>\n\n<div class=\"wp-block-group is-layout-constrained wp-container-core-group-is-layout-d28c6a63 wp-block-group-is-layout-constrained\" style=\"padding-top:var(--wp--preset--spacing--60);padding-bottom:var(--wp--preset--spacing--30)\">\n<div class=\"wp-block-columns is-layout-flex wp-container-core-columns-is-layout-ea69a204 wp-block-columns-is-layout-flex\">\n<div class=\"wp-block-column is-vertically-aligned-top is-layout-flow wp-container-core-column-is-layout-119bc444 wp-block-column-is-layout-flow\">\n<figure class=\"wp-block-image size-full has-custom-border alignfull\"><a href=\"https:\/\/belaircamping.com\/wp-content\/uploads\/2023\/08\/1-Castel_Domaine-de-Bel-Air_piscine_dome_resultat.webp\"><img loading=\"lazy\" decoding=\"async\" width=\"1800\" height=\"1200\" sizes=\"auto, (max-width: min(calc(100% - 15vw), 1800px)) 100vw, min(calc(100% - 15vw), 1800px)\" src=\"https:\/\/belaircamping.com\/wp-content\/uploads\/2023\/08\/1-Castel_Domaine-de-Bel-Air_piscine_dome_resultat.webp\" alt=\"Camping schwimmbad mit dome quimper\" class=\"wp-image-5545\" style=\"border-top-left-radius:2rem\" srcset=\"https:\/\/belaircamping.com\/wp-content\/uploads\/2023\/08\/1-Castel_Domaine-de-Bel-Air_piscine_dome_resultat.webp 1800w, https:\/\/belaircamping.com\/wp-content\/uploads\/2023\/08\/1-Castel_Domaine-de-Bel-Air_piscine_dome_resultat-300x200.webp 300w, https:\/\/belaircamping.com\/wp-content\/uploads\/2023\/08\/1-Castel_Domaine-de-Bel-Air_piscine_dome_resultat-1024x683.webp 1024w, https:\/\/belaircamping.com\/wp-content\/uploads\/2023\/08\/1-Castel_Domaine-de-Bel-Air_piscine_dome_resultat-768x512.webp 768w, https:\/\/belaircamping.com\/wp-content\/uploads\/2023\/08\/1-Castel_Domaine-de-Bel-Air_piscine_dome_resultat-1536x1024.webp 1536w\" \/><\/a><\/figure>\n\n\n\n<figure class=\"wp-block-image size-full alignfull\" style=\"margin-top:var(--wp--preset--spacing--20);margin-bottom:var(--wp--preset--spacing--20)\"><a href=\"https:\/\/belaircamping.com\/wp-content\/uploads\/2023\/06\/AdobeStock_34169695_resultat-copie.webp\"><img loading=\"lazy\" decoding=\"async\" width=\"1800\" height=\"473\" sizes=\"auto, (max-width: min(calc(100% - 15vw), 1800px)) 100vw, min(calc(100% - 15vw), 1800px)\" src=\"https:\/\/belaircamping.com\/wp-content\/uploads\/2023\/06\/AdobeStock_34169695_resultat-copie.webp\" alt=\"Kinder im Pool\" class=\"wp-image-3826\" srcset=\"https:\/\/belaircamping.com\/wp-content\/uploads\/2023\/06\/AdobeStock_34169695_resultat-copie.webp 1800w, https:\/\/belaircamping.com\/wp-content\/uploads\/2023\/06\/AdobeStock_34169695_resultat-copie-300x79.webp 300w, https:\/\/belaircamping.com\/wp-content\/uploads\/2023\/06\/AdobeStock_34169695_resultat-copie-1024x269.webp 1024w, https:\/\/belaircamping.com\/wp-content\/uploads\/2023\/06\/AdobeStock_34169695_resultat-copie-768x202.webp 768w, https:\/\/belaircamping.com\/wp-content\/uploads\/2023\/06\/AdobeStock_34169695_resultat-copie-1536x404.webp 1536w\" \/><\/a><\/figure>\n\n\n\n<figure class=\"wp-block-image size-full alignfull\"><img data-dominant-color=\"97bdb6\" data-has-transparency=\"false\" style=\"--dominant-color: #97bdb6;\" loading=\"lazy\" decoding=\"async\" width=\"1080\" height=\"810\" sizes=\"auto, (max-width: min(calc(100% - 15vw), 1080px)) 100vw, min(calc(100% - 15vw), 1080px)\" src=\"https:\/\/belaircamping.com\/wp-content\/uploads\/2025\/10\/parc-aquatique-camping-finistere-edited.webp\" alt=\"Wasserpark Camping Finistere\" class=\"wp-image-352569 not-transparent\" srcset=\"https:\/\/belaircamping.com\/wp-content\/uploads\/2025\/10\/parc-aquatique-camping-finistere-edited.webp 1080w, https:\/\/belaircamping.com\/wp-content\/uploads\/2025\/10\/parc-aquatique-camping-finistere-edited-300x225.webp 300w, https:\/\/belaircamping.com\/wp-content\/uploads\/2025\/10\/parc-aquatique-camping-finistere-edited-1024x768.webp 1024w, https:\/\/belaircamping.com\/wp-content\/uploads\/2025\/10\/parc-aquatique-camping-finistere-edited-768x576.webp 768w\" \/><\/figure>\n<\/div>\n\n\n\n<div class=\"wp-block-column is-vertically-aligned-top is-layout-flow wp-container-core-column-is-layout-62f36ace wp-block-column-is-layout-flow\" style=\"padding-top:0;padding-right:0;padding-bottom:0;padding-left:0\">\n<figure class=\"wp-block-image size-full alignfull\"><a href=\"https:\/\/belaircamping.com\/wp-content\/uploads\/2023\/08\/camping-paradis-domaine-bel-air-bulle.webp\"><img loading=\"lazy\" decoding=\"async\" width=\"1799\" height=\"1200\" sizes=\"auto, (max-width: min(calc(100% - 15vw), 1799px)) 100vw, min(calc(100% - 15vw), 1799px)\" src=\"https:\/\/belaircamping.com\/wp-content\/uploads\/2023\/08\/camping-paradis-domaine-bel-air-bulle.webp\" alt=\"Camping beheizter pool quimper\" class=\"wp-image-5547\" srcset=\"https:\/\/belaircamping.com\/wp-content\/uploads\/2023\/08\/camping-paradis-domaine-bel-air-bulle.webp 1799w, https:\/\/belaircamping.com\/wp-content\/uploads\/2023\/08\/camping-paradis-domaine-bel-air-bulle-300x200.webp 300w, https:\/\/belaircamping.com\/wp-content\/uploads\/2023\/08\/camping-paradis-domaine-bel-air-bulle-1024x683.webp 1024w, https:\/\/belaircamping.com\/wp-content\/uploads\/2023\/08\/camping-paradis-domaine-bel-air-bulle-768x512.webp 768w, https:\/\/belaircamping.com\/wp-content\/uploads\/2023\/08\/camping-paradis-domaine-bel-air-bulle-1536x1025.webp 1536w\" \/><\/a><\/figure>\n\n\n\n<figure class=\"wp-block-image size-full alignfull\" style=\"margin-top:var(--wp--preset--spacing--20);margin-bottom:var(--wp--preset--spacing--20)\"><a href=\"https:\/\/belaircamping.com\/wp-content\/uploads\/2023\/08\/camping-espace-aquatique-quimper.webp\"><img loading=\"lazy\" decoding=\"async\" width=\"1232\" height=\"922\" sizes=\"auto, (max-width: min(calc(100% - 15vw), 1232px)) 100vw, min(calc(100% - 15vw), 1232px)\" src=\"https:\/\/belaircamping.com\/wp-content\/uploads\/2023\/08\/camping-espace-aquatique-quimper.webp\" alt=\"Belebtes Familien-Camping Paradis in S&#xFC;d-Finist&#xE8;re\" class=\"wp-image-5551\" srcset=\"https:\/\/belaircamping.com\/wp-content\/uploads\/2023\/08\/camping-espace-aquatique-quimper.webp 1232w, https:\/\/belaircamping.com\/wp-content\/uploads\/2023\/08\/camping-espace-aquatique-quimper-300x225.webp 300w, https:\/\/belaircamping.com\/wp-content\/uploads\/2023\/08\/camping-espace-aquatique-quimper-1024x766.webp 1024w, https:\/\/belaircamping.com\/wp-content\/uploads\/2023\/08\/camping-espace-aquatique-quimper-768x575.webp 768w\" \/><\/a><\/figure>\n\n\n\n<figure class=\"wp-block-image size-full alignfull\"><a href=\"https:\/\/belaircamping.com\/wp-content\/uploads\/2023\/08\/camping-familial-quimper.webp\"><img loading=\"lazy\" decoding=\"async\" width=\"2048\" height=\"1150\" sizes=\"auto, (max-width: min(calc(100% - 15vw), 2048px)) 100vw, min(calc(100% - 15vw), 2048px)\" src=\"https:\/\/belaircamping.com\/wp-content\/uploads\/2023\/08\/camping-familial-quimper.webp\" alt=\"Camping quimper\" class=\"wp-image-5552\" srcset=\"https:\/\/belaircamping.com\/wp-content\/uploads\/2023\/08\/camping-familial-quimper.webp 2048w, https:\/\/belaircamping.com\/wp-content\/uploads\/2023\/08\/camping-familial-quimper-300x168.webp 300w, https:\/\/belaircamping.com\/wp-content\/uploads\/2023\/08\/camping-familial-quimper-1024x575.webp 1024w, https:\/\/belaircamping.com\/wp-content\/uploads\/2023\/08\/camping-familial-quimper-768x431.webp 768w, https:\/\/belaircamping.com\/wp-content\/uploads\/2023\/08\/camping-familial-quimper-1536x863.webp 1536w\" \/><\/a><\/figure>\n<\/div>\n\n\n\n<div class=\"wp-block-column is-vertically-aligned-top is-layout-flow wp-container-core-column-is-layout-a77db08e wp-block-column-is-layout-flow\">\n<div class=\"wp-block-columns are-vertically-aligned-top is-layout-flex wp-container-core-columns-is-layout-28f84493 wp-block-columns-is-layout-flex\">\n<div class=\"wp-block-column is-vertically-aligned-top is-layout-flow wp-block-column-is-layout-flow\" style=\"padding-right:0px;padding-left:0px\">\n<div class=\"wp-block-group is-layout-flow wp-container-core-group-is-layout-a0417a6f wp-block-group-is-layout-flow\" style=\"margin-top:0;margin-bottom:var(--wp--preset--spacing--20);padding-right:var(--wp--preset--spacing--40);padding-bottom:var(--wp--preset--spacing--20);padding-left:var(--wp--preset--spacing--40)\">\n<h2 class=\"wp-block-heading has-large-font-size\" style=\"margin-top:var(--wp--preset--spacing--20);margin-bottom:0\">Camping Paradis mit beheiztem Schwimmbad in der N\u00e4he von Quimper <\/h2>\n<\/div>\n<\/div>\n<\/div>\n\n\n\n<div class=\"wp-block-group is-layout-flow wp-container-core-group-is-layout-4aa5070a wp-block-group-is-layout-flow\" style=\"margin-top:0;margin-bottom:var(--wp--preset--spacing--80);padding-right:var(--wp--preset--spacing--40);padding-bottom:var(--wp--preset--spacing--20);padding-left:var(--wp--preset--spacing--40)\">\n<p>Entspannen Sie sich in <a href=\"https:\/\/belaircamping.com\/de\/camping-wasserraum-landudec\/\">den beheizten Pools des Campingplatzes im s\u00fcdlichen Finist\u00e8re<\/a>. Zwischen Schwimmen, Balneobank und Wasserspielen findet hier jeder sein Gl\u00fcck. <br\/><\/p>\n\n\n\n<p>Im Sommer werden<strong> Aquafun-Sitzungen <\/strong>im Innen- und Au\u00dfenbereich angeboten. F\u00fcr den <strong>ultimativen<\/strong> Moment der <strong>Entspannung<\/strong> k\u00f6nnen Sie sich von den Unterwassermassage-Sitzen und den Hydromassage-D\u00fcsen verf\u00fchren lassen. <\/p>\n\n\n\n<p><\/p>\n\n\n\n<p class=\"has-text-align-left has-extra-small-font-size\"><\/p>\n<\/div>\n\n\n\n<div class=\"wp-block-columns are-vertically-aligned-bottom is-layout-flex wp-container-core-columns-is-layout-28f84493 wp-block-columns-is-layout-flex\">\n<div class=\"wp-block-column is-vertically-aligned-bottom is-layout-flow wp-block-column-is-layout-flow\" style=\"padding-right:0px;padding-left:0px\">\n<div class=\"wp-block-group is-layout-flow wp-container-core-group-is-layout-9b783bbc wp-block-group-is-layout-flow\" style=\"margin-top:0;margin-bottom:var(--wp--preset--spacing--80);padding-right:0;padding-bottom:var(--wp--preset--spacing--20);padding-left:0\">\n<figure class=\"wp-block-image size-full\"><a href=\"https:\/\/belaircamping.com\/wp-content\/uploads\/2023\/08\/camping-piscine-dome-quimper.webp\"><img loading=\"lazy\" decoding=\"async\" width=\"1800\" height=\"1200\" sizes=\"auto, (max-width: min(calc(100% - 15vw), 1800px)) 100vw, min(calc(100% - 15vw), 1800px)\" src=\"https:\/\/belaircamping.com\/wp-content\/uploads\/2023\/08\/camping-piscine-dome-quimper.webp\" alt=\"Camping piscine dome quimper\" class=\"wp-image-5578\" style=\"aspect-ratio:4\/3;object-fit:cover\" srcset=\"https:\/\/belaircamping.com\/wp-content\/uploads\/2023\/08\/camping-piscine-dome-quimper.webp 1800w, https:\/\/belaircamping.com\/wp-content\/uploads\/2023\/08\/camping-piscine-dome-quimper-300x200.webp 300w, https:\/\/belaircamping.com\/wp-content\/uploads\/2023\/08\/camping-piscine-dome-quimper-1024x683.webp 1024w, https:\/\/belaircamping.com\/wp-content\/uploads\/2023\/08\/camping-piscine-dome-quimper-768x512.webp 768w, https:\/\/belaircamping.com\/wp-content\/uploads\/2023\/08\/camping-piscine-dome-quimper-1536x1024.webp 1536w\" \/><\/a><\/figure>\n<\/div>\n<\/div>\n<\/div>\n<\/div>\n<\/div>\n<\/div>\n\n<div class=\"wp-block-group is-layout-constrained wp-block-group-is-layout-constrained\" style=\"padding-top:0;padding-bottom:var(--wp--preset--spacing--50)\"><div  class=\"gt-camping-labels-block aligncenter\">\r\n    \r\n    <div class=\"gt-camping-labels__title\">Unsere Siegel<\/div>\r\n\r\n    \r\n        <div class=\"gt-camping-label\">\r\n                        <div class=\"gt-camping-label__image\"><img alt=\"logo marque preferee des francais 300x209\" loading=\"lazy\" decoding=\"async\" width=\"300\" height=\"209\" src=\"https:\/\/belaircamping.com\/wp-content\/uploads\/2023\/10\/logo-marque-preferee-des-francais-300x209.png\" class=\"attachment-medium size-medium\" alt=\"\" srcset=\"https:\/\/belaircamping.com\/wp-content\/uploads\/2023\/10\/logo-marque-preferee-des-francais-300x209.png 300w, https:\/\/belaircamping.com\/wp-content\/uploads\/2023\/10\/logo-marque-preferee-des-francais-1024x715.png 1024w, https:\/\/belaircamping.com\/wp-content\/uploads\/2023\/10\/logo-marque-preferee-des-francais-768x536.png 768w, https:\/\/belaircamping.com\/wp-content\/uploads\/2023\/10\/logo-marque-preferee-des-francais.png 1069w\" sizes=\"auto, (max-width: 300px) 100vw, 300px\" \/><\/div>\r\n                            <div class=\"gt-camping-label__description\">Seit 2021 zur beliebtesten Campingmarke der Franzosen gew\u00e4hlt.<\/div>\r\n                    <\/div>\r\n\r\n    \r\n        <div class=\"gt-camping-label\">\r\n                        <div class=\"gt-camping-label__image\"><img alt=\"cv logo\" loading=\"lazy\" decoding=\"async\" width=\"260\" height=\"300\" src=\"https:\/\/belaircamping.com\/wp-content\/uploads\/2023\/10\/cv-logo.png\" class=\"attachment-medium size-medium\" alt=\"\" \/><\/div>\r\n                            <div class=\"gt-camping-label__description\">Das Label Cl\u00e9f verte garantiert den Respekt vor der Natur und bietet Ihnen eine gesunde und nat\u00fcrliche Lebensumgebung in den mit dem Label ausgezeichneten Einrichtungen: ein umweltfreundlicherer und verantwortungsvollerer Urlaub.<\/div>\r\n                    <\/div>\r\n\r\n    \r\n<\/div>\r\n<\/div>\n\n<div class=\"wp-block-group overflow-hidden is-style-default has-color-4-background-color has-background is-layout-flow wp-block-group-is-layout-flow\" style=\"min-height:0%;padding-top:0;padding-bottom:0\">\n<figure class=\"wp-block-image size-full m-n-l-38 is-style-gt-bg-image-bottom-center\"><img loading=\"lazy\" decoding=\"async\" width=\"344\" height=\"507\" sizes=\"auto, (max-width: min(calc(100% - 15vw), 344px)) 100vw, min(calc(100% - 15vw), 344px)\" src=\"https:\/\/belaircamping.com\/wp-content\/uploads\/2023\/05\/camping-avec-piscine-1.png\" alt=\"Camping mit Pool\" class=\"wp-image-215\" srcset=\"https:\/\/belaircamping.com\/wp-content\/uploads\/2023\/05\/camping-avec-piscine-1.png 344w, https:\/\/belaircamping.com\/wp-content\/uploads\/2023\/05\/camping-avec-piscine-1-204x300.png 204w\" \/><\/figure>\n\n\n\n<div class=\"wp-block-columns are-vertically-aligned-center is-layout-flex wp-container-core-columns-is-layout-28f84493 wp-block-columns-is-layout-flex\">\n<div class=\"wp-block-column is-vertically-aligned-center is-layout-flow wp-container-core-column-is-layout-75cb6684 wp-block-column-is-layout-flow\" style=\"padding-top:var(--wp--preset--spacing--60);padding-right:var(--wp--preset--spacing--60);padding-bottom:var(--wp--preset--spacing--60);padding-left:var(--wp--preset--spacing--60);flex-basis:50%\">\n<h2 class=\"wp-block-heading has-text-align-center has-ursula-font-family has-large-font-size\">Family-Friendly and Vibrant Camping Paradis in Southern Finist\u00e8re<\/h2>\n\n\n\n<div class=\"wp-block-group is-layout-constrained wp-container-core-group-is-layout-e96ec58c wp-block-group-is-layout-constrained\">\n<hr class=\"wp-block-separator has-text-color has-link-color-color has-alpha-channel-opacity has-link-color-background-color has-background\"\/>\n<\/div>\n\n\n\n<p><strong>Beheizte Pools, Wasserrutschen, eine Sommerrodelbahn <\/strong>und viele andere Spiele sorgen f\u00fcr Spa\u00df bei Gro\u00df und Klein. Eine Gr\u00fcnfl\u00e4che mit B\u00e4umen und einem See neben dem Camping ist frei zug\u00e4nglich, so dass Sie die frische Luft genie\u00dfen, spazieren gehen, picknicken, angeln&#8230; und abends ein Glas an der Bar im Animationsraum trinken k\u00f6nnen&#8230;. <\/p>\n\n\n\n<p><br\/>Auf dem Camping Paradis Le Domaine de Bel Air wird jedes Jahr ein <a href=\"https:\/\/belaircamping.com\/de\/camping-activites-et-animations-tranche-sur-mer\/\">Animationsprogramm<\/a> f\u00fcr die ganze Familie angeboten: <strong>Kinderclub, Themenabende, Sportturniere<\/strong> (Fu\u00dfball, Tennis, Tischtennis),&#8230; Nat\u00fcrlich steht es jedem frei, sich f\u00fcr die Aktivit\u00e4ten anzumelden, die er <a href=\"https:\/\/belaircamping.com\/de\/familien-camping-tranche-sur-mer\/\">auf dem Familiencampingplatz Camping Paradis in Landudec  bevorzugt ! <\/a> <\/p>\n\n\n\n<p><\/p>\n\n\n\n<div style=\"height:25px\" aria-hidden=\"true\" class=\"wp-block-spacer\"><\/div>\n\n\n<a \r\n     \r\n    class=\"gt-bouton-block aligncenter\" \r\n    href=\"https:\/\/belaircamping.com\/camping-piscine-chauffee-toboggans-finistere-sud\/\"\r\n    target=\"\"\r\n    rel=\"noopener\"\r\n    style=\"margin-top:0;margin-right:0;margin-bottom:0;margin-left:var(--wp--preset--spacing--80);\"\r\n>\r\n\r\n    <span class=\"gt-bouton-block__content\">\r\n                        <div class=\"acf-innerblocks-container\">\n\n<p class=\"has-text-align-center has-text-color-color has-text-color\"><strong>WASSERRAUM<\/strong><\/p>\n\n<\/div>\r\n    <\/span>\r\n    \r\n    <span class=\"gt-bouton-block__image\">\r\n        <img decoding=\"async\" src=\"https:\/\/belaircamping.com\/wp-content\/themes\/geek-tonic\/inc\/blocks\/bouton\/fleche.png\" alt=\"Lien\">\r\n    <\/span>\r\n\r\n<\/a>\r\n<\/div>\n\n\n\n<div class=\"wp-block-column is-vertically-aligned-center is-layout-flow wp-block-column-is-layout-flow\" style=\"flex-basis:50%\">\n<div class=\"wp-block-group overflow-auto is-layout-flow wp-block-group-is-layout-flow\" style=\"padding-left:var(--wp--preset--spacing--80)\">\n<figure class=\"wp-block-image alignright size-full alignfull blobed-big\"><a href=\"https:\/\/belaircamping.com\/wp-content\/uploads\/2023\/10\/vue-du-ciel-camping-domaine-de-bel-air.webp\"><img loading=\"lazy\" decoding=\"async\" width=\"1200\" height=\"674\" sizes=\"auto, (max-width: min(calc(100% - 15vw), 1200px)) 100vw, min(calc(100% - 15vw), 1200px)\" src=\"https:\/\/belaircamping.com\/wp-content\/uploads\/2023\/10\/vue-du-ciel-camping-domaine-de-bel-air.webp\" alt=\"himmelblick Camping domaine de bel air\" class=\"wp-image-6607\" srcset=\"https:\/\/belaircamping.com\/wp-content\/uploads\/2023\/10\/vue-du-ciel-camping-domaine-de-bel-air.webp 1200w, https:\/\/belaircamping.com\/wp-content\/uploads\/2023\/10\/vue-du-ciel-camping-domaine-de-bel-air-300x169.webp 300w, https:\/\/belaircamping.com\/wp-content\/uploads\/2023\/10\/vue-du-ciel-camping-domaine-de-bel-air-1024x575.webp 1024w, https:\/\/belaircamping.com\/wp-content\/uploads\/2023\/10\/vue-du-ciel-camping-domaine-de-bel-air-768x431.webp 768w\" \/><\/a><\/figure>\n<\/div>\n<\/div>\n<\/div>\n<\/div>\n\n<div class=\"wp-block-group is-layout-constrained wp-container-core-group-is-layout-d8e141f2 wp-block-group-is-layout-constrained\" style=\"padding-top:var(--wp--preset--spacing--80);padding-bottom:var(--wp--preset--spacing--80)\">\n<div class=\"wp-block-columns is-layout-flex wp-container-core-columns-is-layout-28f84493 wp-block-columns-is-layout-flex\">\n<div class=\"wp-block-column shadowed is-layout-flow wp-block-column-is-layout-flow\" style=\"border-style:none;border-width:0px\">\n<div class=\"wp-block-columns is-layout-flex wp-container-core-columns-is-layout-a85f4655 wp-block-columns-is-layout-flex\" style=\"border-style:none;border-width:0px;border-radius:0px\">\n<div class=\"wp-block-column is-layout-flow wp-block-column-is-layout-flow\"><a \r\n     \r\n    class=\"gt-cta-block\" \r\n    href=\"https:\/\/belaircamping.com\/camping-animations-quimper-landudec\/\"\r\n    target=\"\"\r\n    rel=\"noopener\"\r\n    style=\"border-radius:0px;border-style:none;border-width:0px;aspect-ratio:3\/4\"\r\n>\r\n    <div class=\"gt-cta-block__image\">\r\n                    <img alt=\"camping animations finistere\" loading=\"lazy\" decoding=\"async\" width=\"2048\" height=\"1536\" src=\"https:\/\/belaircamping.com\/wp-content\/uploads\/2023\/08\/camping-animations-finistere.webp\" class=\"attachment-full size-full\" alt=\"\" srcset=\"https:\/\/belaircamping.com\/wp-content\/uploads\/2023\/08\/camping-animations-finistere.webp 2048w, https:\/\/belaircamping.com\/wp-content\/uploads\/2023\/08\/camping-animations-finistere-300x225.webp 300w, https:\/\/belaircamping.com\/wp-content\/uploads\/2023\/08\/camping-animations-finistere-1024x768.webp 1024w, https:\/\/belaircamping.com\/wp-content\/uploads\/2023\/08\/camping-animations-finistere-768x576.webp 768w, https:\/\/belaircamping.com\/wp-content\/uploads\/2023\/08\/camping-animations-finistere-1536x1152.webp 1536w\" sizes=\"auto, (max-width: 2048px) 100vw, 2048px\" \/>            <\/div>\r\n\r\n    <div class=\"gt-cta-block__content\">\r\n        <div class=\"acf-innerblocks-container\">\n\n<p class=\"has-text-align-center shadowed has-white-color has-text-color has-gotham-font-family\" style=\"font-size:1.4rem;font-style:normal;font-weight:300;line-height:1.2;text-transform:uppercase\">Entdecken Sie unsere <strong>Animationen <\/strong> <\/p>\n\n<\/div>\r\n    <\/div>\r\n<\/a>\r\n<\/div>\n\n\n\n<div class=\"wp-block-column is-layout-flow wp-block-column-is-layout-flow\"><a \r\n     \r\n    class=\"gt-cta-block\" \r\n    href=\"https:\/\/belaircamping.com\/services-camping-familial-quimper-landudec\/\"\r\n    target=\"\"\r\n    rel=\"noopener\"\r\n    style=\"border-bottom-right-radius:5rem;aspect-ratio:3\/4\"\r\n>\r\n    <div class=\"gt-cta-block__image\">\r\n                    <img alt=\"Chalet Eco 2ch PMR 14\" loading=\"lazy\" decoding=\"async\" width=\"2048\" height=\"1365\" src=\"https:\/\/belaircamping.com\/wp-content\/uploads\/2023\/08\/Chalet-Eco-2ch-PMR-14.jpg\" class=\"attachment-full size-full\" alt=\"\" \/>            <\/div>\r\n\r\n    <div class=\"gt-cta-block__content\">\r\n        <div class=\"acf-innerblocks-container\">\n\n<p class=\"has-text-align-center shadowed has-white-color has-text-color has-gotham-font-family\" style=\"font-size:1.4rem;font-style:normal;font-weight:300;line-height:1.2;text-transform:uppercase\">Entdecken Sie <strong>unsere Dienstleistungen<\/strong><\/p>\n\n<\/div>\r\n    <\/div>\r\n<\/a>\r\n<\/div>\n<\/div>\n<\/div>\n\n\n\n<div class=\"wp-block-column is-layout-flow wp-block-column-is-layout-flow\">\n<div class=\"wp-block-group verre is-content-justification-center is-nowrap is-layout-flex wp-container-core-group-is-layout-76f55352 wp-block-group-is-layout-flex\">\n<div class=\"wp-block-group animated fadeInUp is-layout-flow wp-block-group-is-layout-flow\">\n<figure class=\"wp-block-image size-full m-n-b-10\"><img loading=\"lazy\" decoding=\"async\" width=\"179\" height=\"303\" sizes=\"auto, (max-width: min(calc(100% - 15vw), 179px)) 100vw, min(calc(100% - 15vw), 179px)\" src=\"https:\/\/belaircamping.com\/wp-content\/uploads\/2023\/05\/vacances-saint-remy.png\" alt=\"Urlaub saint r&#xE9;my\" class=\"wp-image-337\" srcset=\"https:\/\/belaircamping.com\/wp-content\/uploads\/2023\/05\/vacances-saint-remy.png 179w, https:\/\/belaircamping.com\/wp-content\/uploads\/2023\/05\/vacances-saint-remy-177x300.png 177w\" \/><\/figure>\n<\/div>\n\n\n\n<div class=\"wp-block-group is-layout-flow wp-block-group-is-layout-flow\">\n<p class=\"animated fadeInUp delay-100ms has-color-1-color has-text-color has-ursula-font-family has-medium-large-font-size\" style=\"margin-top:0;margin-right:0;margin-bottom:0;margin-left:0;line-height:1\">Lassen Sie sich<\/p>\n\n\n\n<p class=\"animated fadeInUp delay-200ms has-color-1-color has-text-color has-ursula-font-family has-xx-large-font-size\" style=\"margin-top:0;margin-right:0;margin-bottom:0;margin-left:0;line-height:1\">gehen <\/p>\n<\/div>\n<\/div>\n\n\n\n<div class=\"wp-block-columns has-link-color wp-elements-2dfe0941102a43c1cd94dcfa747c92db is-layout-flex wp-container-core-columns-is-layout-658170e2 wp-block-columns-is-layout-flex\">\n<div class=\"wp-block-column is-layout-flow wp-block-column-is-layout-flow\"><a \r\n     \r\n    class=\"gt-cta-block\" \r\n    href=\"https:\/\/belaircamping.com\/camping-piscine-chauffee-toboggans-finistere-sud\/\"\r\n    target=\"\"\r\n    rel=\"noopener\"\r\n    style=\"border-bottom-left-radius:5rem;aspect-ratio:3\/4\"\r\n>\r\n    <div class=\"gt-cta-block__image\">\r\n                    <img alt=\"parc aquatique camping finistere\" loading=\"lazy\" decoding=\"async\" width=\"1080\" height=\"1080\" src=\"https:\/\/belaircamping.com\/wp-content\/uploads\/2023\/08\/parc-aquatique-camping-finistere.webp\" class=\"attachment-full size-full\" alt=\"\" srcset=\"https:\/\/belaircamping.com\/wp-content\/uploads\/2023\/08\/parc-aquatique-camping-finistere.webp 1080w, https:\/\/belaircamping.com\/wp-content\/uploads\/2023\/08\/parc-aquatique-camping-finistere-300x300.webp 300w, https:\/\/belaircamping.com\/wp-content\/uploads\/2023\/08\/parc-aquatique-camping-finistere-1024x1024.webp 1024w, https:\/\/belaircamping.com\/wp-content\/uploads\/2023\/08\/parc-aquatique-camping-finistere-150x150.webp 150w, https:\/\/belaircamping.com\/wp-content\/uploads\/2023\/08\/parc-aquatique-camping-finistere-768x768.webp 768w\" sizes=\"auto, (max-width: 1080px) 100vw, 1080px\" \/>            <\/div>\r\n\r\n    <div class=\"gt-cta-block__content\">\r\n        <div class=\"acf-innerblocks-container\">\n\n<p class=\"has-text-align-center shadowed has-white-color has-text-color has-gotham-font-family\" style=\"font-size:1.4rem;font-style:normal;font-weight:300;line-height:1.2;text-transform:uppercase\">Entdecken Sie unsere<strong> Wasserfl\u00e4chen<\/strong><\/p>\n\n<\/div>\r\n    <\/div>\r\n<\/a>\r\n<\/div>\n\n\n\n<div class=\"wp-block-column is-layout-flow wp-block-column-is-layout-flow\"><a \r\n     \r\n    class=\"gt-cta-block\" \r\n    href=\"https:\/\/belaircamping.com\/visites-culturelles-finistere-sud\/\"\r\n    target=\"\"\r\n    rel=\"noopener\"\r\n    style=\"border-radius:0rem;aspect-ratio:3\/4\"\r\n>\r\n    <div class=\"gt-cta-block__image\">\r\n                    <img alt=\"Tourisme camping finistere\" loading=\"lazy\" decoding=\"async\" width=\"2048\" height=\"1365\" src=\"https:\/\/belaircamping.com\/wp-content\/uploads\/2023\/08\/Tourisme-camping-finistere.webp\" class=\"attachment-full size-full\" alt=\"\" srcset=\"https:\/\/belaircamping.com\/wp-content\/uploads\/2023\/08\/Tourisme-camping-finistere.webp 2048w, https:\/\/belaircamping.com\/wp-content\/uploads\/2023\/08\/Tourisme-camping-finistere-300x200.webp 300w, https:\/\/belaircamping.com\/wp-content\/uploads\/2023\/08\/Tourisme-camping-finistere-1024x683.webp 1024w, https:\/\/belaircamping.com\/wp-content\/uploads\/2023\/08\/Tourisme-camping-finistere-768x512.webp 768w, https:\/\/belaircamping.com\/wp-content\/uploads\/2023\/08\/Tourisme-camping-finistere-1536x1024.webp 1536w\" sizes=\"auto, (max-width: 2048px) 100vw, 2048px\" \/>            <\/div>\r\n\r\n    <div class=\"gt-cta-block__content\">\r\n        <div class=\"acf-innerblocks-container\">\n\n<p class=\"has-text-align-center shadowed has-white-color has-text-color has-gotham-font-family\" style=\"font-size:1.4rem;line-height:1.2;text-transform:uppercase\">Entdecken Sie <strong>Unsere Region<\/strong><\/p>\n\n<\/div>\r\n    <\/div>\r\n<\/a>\r\n<\/div>\n<\/div>\n<\/div>\n<\/div>\n\n\n\n<div class=\"wp-block-columns m-n-t-10 is-style-default is-layout-flex wp-container-core-columns-is-layout-db2af332 wp-block-columns-is-layout-flex\" style=\"padding-left:var(--wp--preset--spacing--40)\">\n<div class=\"wp-block-column is-content-justification-left is-layout-constrained wp-container-core-column-is-layout-12dd3699 wp-block-column-is-layout-constrained\">\n<h2 class=\"wp-block-heading has-color-1-color has-text-color has-ursula-font-family has-large-font-size\" style=\"margin-left:var(--wp--preset--spacing--80)\">Sehensw\u00fcrdigkeiten im S\u00fcd-Finist\u00e8re<\/h2>\n\n\n\n<div class=\"wp-block-group alignwide is-content-justification-left is-layout-constrained wp-container-core-group-is-layout-c9e2c296 wp-block-group-is-layout-constrained\">\n<hr class=\"wp-block-separator has-text-color has-link-color-color has-alpha-channel-opacity has-link-color-background-color has-background is-style-wide\"\/>\n<\/div>\n\n\n\n<div class=\"wp-block-group is-layout-flow wp-block-group-is-layout-flow\">\n<p>Entdecken Sie das s\u00fcdliche Finist\u00e8re w\u00e4hrend Ihres Aufenthalts auf Camping Paradis in der N\u00e4he von Quimper. <a href=\"https:\/\/belaircamping.com\/de\/camping-bretagne-inseln\/\">Erkunden Sie die Inseln des Finist\u00e8re<\/a>: Ile de Sein, Ile des Gl\u00e9nans, Ile d&#8217;Ouessant und Ile de Mol\u00e8ne, die eine einzigartige Landschaft und Tierwelt bieten.  <\/p>\n\n\n\n<p><a href=\"https:\/\/belaircamping.com\/de\/kultur-besuche-finistere-sued\/\">Besuchen Sie die Sehensw\u00fcrdigkeiten<\/a> Enclos Paroissial, Douarnenez, Pont-Croix, Locronan, Audierne und Quimper mit ihrem reichen architektonischen Erbe.<br\/>Bewundern Sie den Leuchtturm von Eckm\u00fchl, tauchen Sie ein in die Welt der Fischerei in Haliotika und besuchen Sie das Vall\u00e9e des Saints (Tal der Heiligen). Entdecken Sie <a href=\"https:\/\/belaircamping.com\/de\/freizeitaktivitaeten-finistere-sud\/\">die<\/a> Pointe Du Raz (Grand Site de France), die Pointe du Van, die Pointe de la Torche&#8230;. <\/p>\n<\/div>\n<\/div>\n<\/div>\n<\/div>\n\n<div class=\"wp-block-group overflow-hidden avantages has-color-1-background-color has-background is-layout-constrained wp-block-group-is-layout-constrained\" style=\"padding-top:var(--wp--preset--spacing--80);padding-bottom:var(--wp--preset--spacing--70)\">\n<div class=\"wp-block-group alignfull scale-11 is-layout-flow wp-block-group-is-layout-flow\">\n<div class=\"wp-block-group alignfull is-layout-flow wp-block-group-is-layout-flow\">\n<figure class=\"wp-block-image size-full is-style-gt-bg-image-center-center alignfull opacity-8 m-t-10\"><img loading=\"lazy\" decoding=\"async\" width=\"1989\" height=\"1493\" sizes=\"auto, (max-width: min(calc(100% - 15vw), 1989px)) 100vw, min(calc(100% - 15vw), 1989px)\" src=\"https:\/\/belaircamping.com\/wp-content\/uploads\/2023\/05\/vacances-camping-paradis.jpg\" alt=\"urlaub Camping pararis\" class=\"wp-image-406\" srcset=\"https:\/\/belaircamping.com\/wp-content\/uploads\/2023\/05\/vacances-camping-paradis.jpg 1989w, https:\/\/belaircamping.com\/wp-content\/uploads\/2023\/05\/vacances-camping-paradis-300x225.jpg 300w, https:\/\/belaircamping.com\/wp-content\/uploads\/2023\/05\/vacances-camping-paradis-1024x769.jpg 1024w, https:\/\/belaircamping.com\/wp-content\/uploads\/2023\/05\/vacances-camping-paradis-768x576.jpg 768w, https:\/\/belaircamping.com\/wp-content\/uploads\/2023\/05\/vacances-camping-paradis-1536x1153.jpg 1536w\" \/><\/figure>\n<\/div>\n<\/div>\n\n\n\n<div class=\"wp-block-group alignwide z-index-1 is-layout-constrained wp-container-core-group-is-layout-2bef61ab wp-block-group-is-layout-constrained\">\n<h2 class=\"wp-block-heading has-text-align-center shadowed has-white-color has-text-color has-ursula-font-family has-large-font-size\" style=\"margin-top:var(--wp--preset--spacing--70)\">5 Vorteile eines Camping Paradis<\/h2>\n\n\n\n<div class=\"wp-block-group is-content-justification-center is-layout-constrained wp-container-core-group-is-layout-1557714b wp-block-group-is-layout-constrained\">\n<hr class=\"wp-block-separator has-text-color has-link-color-color has-alpha-channel-opacity has-link-color-background-color has-background\"\/>\n<\/div>\n\n\n\n<div style=\"height:2rem\" aria-hidden=\"true\" class=\"wp-block-spacer\"><\/div>\n\n\n\n<div class=\"wp-block-columns animated slideInDown is-layout-flex wp-container-core-columns-is-layout-0eedbee6 wp-block-columns-is-layout-flex\" style=\"border-style:none;border-width:0px;padding-top:0\">\n<div class=\"wp-block-column animated fadeIn slow is-layout-flow wp-block-column-is-layout-flow\" style=\"padding-top:0;padding-right:0;padding-bottom:0;padding-left:0\">\n<figure class=\"wp-block-image aligncenter size-full has-custom-border is-style-default\"><img loading=\"lazy\" decoding=\"async\" width=\"1304\" height=\"1304\" sizes=\"auto, (max-width: min(calc(100% - 15vw), 1304px)) 100vw, min(calc(100% - 15vw), 1304px)\" src=\"https:\/\/belaircamping.com\/wp-content\/uploads\/2023\/06\/Camping-Paradis-Chanterelles86-copie.webp\" alt=\"Ikonen Camping Paradies\" class=\"wp-image-4051\" style=\"border-style:none;border-width:0px;border-radius:0px\" srcset=\"https:\/\/belaircamping.com\/wp-content\/uploads\/2023\/06\/Camping-Paradis-Chanterelles86-copie.webp 1304w, https:\/\/belaircamping.com\/wp-content\/uploads\/2023\/06\/Camping-Paradis-Chanterelles86-copie-300x300.webp 300w, https:\/\/belaircamping.com\/wp-content\/uploads\/2023\/06\/Camping-Paradis-Chanterelles86-copie-1024x1024.webp 1024w, https:\/\/belaircamping.com\/wp-content\/uploads\/2023\/06\/Camping-Paradis-Chanterelles86-copie-150x150.webp 150w, https:\/\/belaircamping.com\/wp-content\/uploads\/2023\/06\/Camping-Paradis-Chanterelles86-copie-768x768.webp 768w\" \/><\/figure>\n\n\n\n<div style=\"height:1rem\" aria-hidden=\"true\" class=\"wp-block-spacer\"><\/div>\n\n\n\n<p class=\"has-text-align-center shadowed has-white-color has-text-color has-ursula-font-family\" style=\"margin-top:0;margin-right:0;margin-bottom:0;margin-left:0;font-size:1.5rem;line-height:1.2\">Die Atmosph\u00e4re der Serie Camping Paradis erleben<\/p>\n\n\n\n<p class=\"has-text-align-center shadowed has-white-color has-text-color has-extra-small-font-size\" style=\"margin-top:var(--wp--preset--spacing--40);margin-right:0;margin-bottom:0;margin-left:0;line-height:1.2\">The golf cart, the uniforms&#8230; it&#8217;s the complete package!<\/p>\n<\/div>\n\n\n\n<div class=\"wp-block-column animated fadeIn delay-100ms slow is-layout-flow wp-block-column-is-layout-flow\">\n<figure class=\"wp-block-image aligncenter size-full has-custom-border\"><img loading=\"lazy\" decoding=\"async\" width=\"600\" height=\"600\" sizes=\"auto, (max-width: min(calc(100% - 15vw), 600px)) 100vw, min(calc(100% - 15vw), 600px)\" src=\"https:\/\/belaircamping.com\/wp-content\/uploads\/2023\/06\/svg-jaune-CP01-copie.webp\" alt=\"Ikonen Camping Paradies\" class=\"wp-image-4054\" style=\"border-style:none;border-width:0px;border-radius:100px\" srcset=\"https:\/\/belaircamping.com\/wp-content\/uploads\/2023\/06\/svg-jaune-CP01-copie.webp 600w, https:\/\/belaircamping.com\/wp-content\/uploads\/2023\/06\/svg-jaune-CP01-copie-300x300.webp 300w, https:\/\/belaircamping.com\/wp-content\/uploads\/2023\/06\/svg-jaune-CP01-copie-150x150.webp 150w\" \/><\/figure>\n\n\n\n<div style=\"height:1rem\" aria-hidden=\"true\" class=\"wp-block-spacer\"><\/div>\n\n\n\n<p class=\"has-text-align-center shadowed has-white-color has-text-color has-ursula-font-family\" style=\"margin-top:0;margin-right:0;margin-bottom:0;margin-left:0;font-size:1.5rem;line-height:1.2\">Die Paradies-Tour der Stars<\/p>\n\n\n\n<p class=\"has-text-align-center shadowed has-white-color has-text-color has-extra-small-font-size\" style=\"margin-top:var(--wp--preset--spacing--40);margin-right:0;margin-bottom:0;margin-left:0;line-height:1.2\">Pers\u00f6nlichkeiten aus Gesang &amp; TV nur f\u00fcr Sie!<\/p>\n<\/div>\n\n\n\n<div class=\"wp-block-column animated fadeIn delay-200ms slow is-layout-flow wp-block-column-is-layout-flow\">\n<figure class=\"wp-block-image aligncenter size-full\"><img loading=\"lazy\" decoding=\"async\" width=\"1304\" height=\"1304\" sizes=\"auto, (max-width: min(calc(100% - 15vw), 1304px)) 100vw, min(calc(100% - 15vw), 1304px)\" src=\"https:\/\/belaircamping.com\/wp-content\/uploads\/2023\/06\/Camping-Paradis-Chanterelles87-copie.webp\" alt=\"Ikonen Camping Paradies\" class=\"wp-image-4052\" srcset=\"https:\/\/belaircamping.com\/wp-content\/uploads\/2023\/06\/Camping-Paradis-Chanterelles87-copie.webp 1304w, https:\/\/belaircamping.com\/wp-content\/uploads\/2023\/06\/Camping-Paradis-Chanterelles87-copie-300x300.webp 300w, https:\/\/belaircamping.com\/wp-content\/uploads\/2023\/06\/Camping-Paradis-Chanterelles87-copie-1024x1024.webp 1024w, https:\/\/belaircamping.com\/wp-content\/uploads\/2023\/06\/Camping-Paradis-Chanterelles87-copie-150x150.webp 150w, https:\/\/belaircamping.com\/wp-content\/uploads\/2023\/06\/Camping-Paradis-Chanterelles87-copie-768x768.webp 768w\" \/><\/figure>\n\n\n\n<div style=\"height:1rem\" aria-hidden=\"true\" class=\"wp-block-spacer\"><\/div>\n\n\n\n<p class=\"has-text-align-center shadowed has-white-color has-text-color has-ursula-font-family\" style=\"margin-top:0;margin-right:0;margin-bottom:0;margin-left:0;font-size:1.5rem;line-height:1.2\">Animationen<br\/>mit dem G\u00fctesiegel &#8222;Camping Paradis&#8220;.<\/p>\n\n\n\n<p class=\"has-text-align-center shadowed has-white-color has-text-color has-extra-small-font-size\" style=\"margin-top:var(--wp--preset--spacing--40);margin-right:0;margin-bottom:0;margin-left:0;line-height:1.2\">F\u00fcr jede Menge Spa\u00df mit der ganzen Familie!<\/p>\n<\/div>\n\n\n\n<div class=\"wp-block-column animated fadeIn delay-500ms slow is-layout-flow wp-block-column-is-layout-flow\">\n<figure class=\"wp-block-image aligncenter size-full has-custom-border\"><img loading=\"lazy\" decoding=\"async\" width=\"1304\" height=\"1304\" sizes=\"auto, (max-width: min(calc(100% - 15vw), 1304px)) 100vw, min(calc(100% - 15vw), 1304px)\" src=\"https:\/\/belaircamping.com\/wp-content\/uploads\/2023\/06\/Camping-Paradis-Chanterelles77-copie.webp\" alt=\"Ikonen Camping Paradies\" class=\"wp-image-4050\" style=\"border-style:none;border-width:0px;border-radius:0px\" srcset=\"https:\/\/belaircamping.com\/wp-content\/uploads\/2023\/06\/Camping-Paradis-Chanterelles77-copie.webp 1304w, https:\/\/belaircamping.com\/wp-content\/uploads\/2023\/06\/Camping-Paradis-Chanterelles77-copie-300x300.webp 300w, https:\/\/belaircamping.com\/wp-content\/uploads\/2023\/06\/Camping-Paradis-Chanterelles77-copie-1024x1024.webp 1024w, https:\/\/belaircamping.com\/wp-content\/uploads\/2023\/06\/Camping-Paradis-Chanterelles77-copie-150x150.webp 150w, https:\/\/belaircamping.com\/wp-content\/uploads\/2023\/06\/Camping-Paradis-Chanterelles77-copie-768x768.webp 768w\" \/><\/figure>\n\n\n\n<div style=\"height:1rem\" aria-hidden=\"true\" class=\"wp-block-spacer\"><\/div>\n\n\n\n<p class=\"has-text-align-center shadowed has-white-color has-text-color has-ursula-font-family\" style=\"margin-top:0;margin-right:0;margin-bottom:0;margin-left:0;font-size:1.5rem;line-height:1.2\">Top-Qualit\u00e4t vom Empfang bis zu den Unterk\u00fcnften<\/p>\n\n\n\n<p class=\"has-text-align-center shadowed has-white-color has-text-color has-extra-small-font-size\" style=\"margin-top:var(--wp--preset--spacing--40);margin-right:0;margin-bottom:0;margin-left:0;line-height:1.2\">Die die Werte der TV-Serie aufgreift<\/p>\n<\/div>\n\n\n\n<div class=\"wp-block-column animated fadeIn delay-1s slow is-layout-flow wp-block-column-is-layout-flow\">\n<figure class=\"wp-block-image aligncenter size-full has-custom-border\"><img loading=\"lazy\" decoding=\"async\" width=\"1304\" height=\"1304\" sizes=\"auto, (max-width: min(calc(100% - 15vw), 1304px)) 100vw, min(calc(100% - 15vw), 1304px)\" src=\"https:\/\/belaircamping.com\/wp-content\/uploads\/2023\/06\/Camping-Paradis-Chanterelles88-copie.webp\" alt=\"Ikonen Camping Paradies\" class=\"wp-image-4053\" style=\"border-style:none;border-width:0px;border-radius:0px\" srcset=\"https:\/\/belaircamping.com\/wp-content\/uploads\/2023\/06\/Camping-Paradis-Chanterelles88-copie.webp 1304w, https:\/\/belaircamping.com\/wp-content\/uploads\/2023\/06\/Camping-Paradis-Chanterelles88-copie-300x300.webp 300w, https:\/\/belaircamping.com\/wp-content\/uploads\/2023\/06\/Camping-Paradis-Chanterelles88-copie-1024x1024.webp 1024w, https:\/\/belaircamping.com\/wp-content\/uploads\/2023\/06\/Camping-Paradis-Chanterelles88-copie-150x150.webp 150w, https:\/\/belaircamping.com\/wp-content\/uploads\/2023\/06\/Camping-Paradis-Chanterelles88-copie-768x768.webp 768w\" \/><\/figure>\n\n\n\n<div style=\"height:1rem\" aria-hidden=\"true\" class=\"wp-block-spacer\"><\/div>\n\n\n\n<p class=\"has-text-align-center shadowed has-white-color has-text-color has-ursula-font-family\" style=\"margin-top:0;margin-right:0;margin-bottom:0;margin-left:0;font-size:1.5rem;line-height:1.2\">Von den Franzosen zur beliebtesten Camping gew\u00e4hlt<\/p>\n\n\n\n<p class=\"has-text-align-center shadowed has-white-color has-text-color has-extra-small-font-size\" style=\"margin-top:var(--wp--preset--spacing--40);margin-right:0;margin-bottom:0;margin-left:0;line-height:1.2\">Gew\u00e4hlt im Jahr 2021<\/p>\n<\/div>\n<\/div>\n\n\n\n<div style=\"height:3rem\" aria-hidden=\"true\" class=\"wp-block-spacer\"><\/div>\n<\/div>\n<\/div>\n\n<div class=\"wp-block-group is-layout-flow wp-block-group-is-layout-flow\" style=\"padding-top:var(--wp--preset--spacing--80);padding-bottom:var(--wp--preset--spacing--80)\">\n<h2 class=\"wp-block-heading has-text-align-center has-large-font-size\">Mieten Sie Ihre Unterkunft in der N\u00e4he von Quimper<\/h2>\n\n\n\n<div class=\"wp-block-group is-content-justification-center is-nowrap is-layout-flex wp-container-core-group-is-layout-23441af8 wp-block-group-is-layout-flex\">\n<hr class=\"wp-block-separator has-text-color has-link-color-color has-alpha-channel-opacity has-link-color-background-color has-background\"\/>\n<\/div>\n\n\n\n<p class=\"has-text-align-center has-extra-small-font-size\">Ihre <strong>Unterkunft inmitten der Natur<\/strong> in Landudec.<br\/><br\/>Genie\u00dfen Sie einen erholsamen Urlaub mit<strong>der Familie oder Freunden <\/strong>in einer ruhigen und nat\u00fcrlichen Umgebung. W\u00e4hlen Sie aus <a href=\"https:\/\/belaircamping.com\/de\/sejour-en-mobil-home-finistrere-quimper-landudec\/\">unseren<\/a> ger\u00e4umigen, gut ausgestatteten und gem\u00fctlichen Mietunterk\u00fcnften f\u00fcr <strong>Ihren Traumurlaub<\/strong> im Finist\u00e8re. <\/p>\n\n\n\n<p class=\"has-text-align-center has-extra-small-font-size\">Profitieren Sie auch von <a href=\"https:\/\/belaircamping.com\/de\/location-emplacement-landudec\/\">den gro\u00dfen Stellpl\u00e4tzen<\/a> mit <strong>hochwertigen<\/strong> Sanit\u00e4ranlagen f\u00fcr einen erholsamen und authentischen Urlaub.<\/p>\n\n\n\n<p class=\"has-text-align-center has-extra-small-font-size\">Werden Sie Eigent\u00fcmer eines Mobilheims f\u00fcr erholsame Ausfl\u00fcge und einen Urlaub mit der Familie oder mit Freunden. W\u00e4hlen Sie Camping Paradis Domaine de Bel Air als <strong>Ihr<\/strong> Zuhause, indem Sie Eigent\u00fcmer Ihres Mobilheims werden, und genie\u00dfen Sie die ganze Saison \u00fcber Ihre Wochenenden und Ferien in einer exklusiven Umgebung: Animation, Geselligkeit und Komfort!<br\/>Wir bieten Ihnen verschiedene Arten von Mobilheimen, um Ihren W\u00fcnschen und Bed\u00fcrfnissen gerecht zu werden. <\/p>\n\n\n\n<div style=\"height:16px\" aria-hidden=\"true\" class=\"wp-block-spacer\"><\/div>\n\n\n\n<div class=\"wp-block-group is-style-gt-bg-image-bottom-left m-n-l-1 opacity-30 is-layout-constrained wp-container-core-group-is-layout-ff50e137 wp-block-group-is-layout-constrained\">\n<figure class=\"wp-block-image size-full is-resized m-n-b-10\"><img alt=\"camping familial\" loading=\"lazy\" decoding=\"async\" width=\"386\" height=\"319\" sizes=\"auto, (max-width: min(calc(100% - 15vw), 386px)) 100vw, min(calc(100% - 15vw), 386px)\" src=\"https:\/\/camping-leschanterelles.com\/wp-content\/uploads\/sites\/2\/2023\/05\/camping-familial.png\" alt=\"\" class=\"wp-image-536\" style=\"width:386px;height:319px\" srcset=\"https:\/\/belaircamping.com\/wp-content\/uploads\/2023\/05\/camping-familial.png 386w, https:\/\/belaircamping.com\/wp-content\/uploads\/2023\/05\/camping-familial-300x248.png 300w\" \/><\/figure>\n<\/div>\n\n\n\n<div class=\"wp-block-columns is-layout-flex wp-container-core-columns-is-layout-87beb0d0 wp-block-columns-is-layout-flex\">\n<div class=\"wp-block-column shadowed is-layout-flow wp-block-column-is-layout-flow\"><a \r\n     \r\n    class=\"gt-cta-block\" \r\n    href=\"https:\/\/belaircamping.com\/sejour-en-mobil-home-finistrere-quimper-landudec\/\"\r\n    target=\"\"\r\n    rel=\"noopener\"\r\n    style=\"aspect-ratio:1\/1\"\r\n>\r\n    <div class=\"gt-cta-block__image\">\r\n                    <img alt=\"location mobil home\" loading=\"lazy\" decoding=\"async\" width=\"589\" height=\"861\" src=\"https:\/\/belaircamping.com\/wp-content\/uploads\/2023\/05\/location-mobil-home.png\" class=\"attachment-full size-full\" alt=\"\" srcset=\"https:\/\/belaircamping.com\/wp-content\/uploads\/2023\/05\/location-mobil-home.png 589w, https:\/\/belaircamping.com\/wp-content\/uploads\/2023\/05\/location-mobil-home-205x300.png 205w\" sizes=\"auto, (max-width: 589px) 100vw, 589px\" \/>            <\/div>\r\n\r\n    <div class=\"gt-cta-block__content\">\r\n        <div class=\"acf-innerblocks-container\">\n\n<p class=\"has-text-align-center shadowed has-white-color has-text-color has-medium-large-font-size\" style=\"margin-top:0;margin-right:0;margin-bottom:0;margin-left:0;text-transform:uppercase\">Unsere Unterk\u00fcnfte<\/p>\n\n<\/div>\r\n    <\/div>\r\n<\/a>\r\n<\/div>\n\n\n\n<div class=\"wp-block-column shadowed is-layout-flow wp-block-column-is-layout-flow\"><a \r\n     \r\n    class=\"gt-cta-block\" \r\n    href=\"https:\/\/belaircamping.com\/location-emplacements-caravaning-tentes-camping-cars-landudec-finistere-sud\/\"\r\n    target=\"\"\r\n    rel=\"noopener\"\r\n    style=\"aspect-ratio:1\/1\"\r\n>\r\n    <div class=\"gt-cta-block__image\">\r\n                    <img alt=\"camping emplacement bel air\" loading=\"lazy\" decoding=\"async\" width=\"1949\" height=\"975\" src=\"https:\/\/belaircamping.com\/wp-content\/uploads\/2023\/08\/camping-emplacement-bel-air.webp\" class=\"attachment-full size-full\" alt=\"\" srcset=\"https:\/\/belaircamping.com\/wp-content\/uploads\/2023\/08\/camping-emplacement-bel-air.webp 1949w, https:\/\/belaircamping.com\/wp-content\/uploads\/2023\/08\/camping-emplacement-bel-air-300x150.webp 300w, https:\/\/belaircamping.com\/wp-content\/uploads\/2023\/08\/camping-emplacement-bel-air-1024x512.webp 1024w, https:\/\/belaircamping.com\/wp-content\/uploads\/2023\/08\/camping-emplacement-bel-air-768x384.webp 768w, https:\/\/belaircamping.com\/wp-content\/uploads\/2023\/08\/camping-emplacement-bel-air-1536x768.webp 1536w\" sizes=\"auto, (max-width: 1949px) 100vw, 1949px\" \/>            <\/div>\r\n\r\n    <div class=\"gt-cta-block__content\">\r\n        <div class=\"acf-innerblocks-container\">\n\n<p class=\"has-text-align-center shadowed has-white-color has-text-color has-medium-large-font-size\" style=\"margin-top:0;margin-right:0;margin-bottom:0;margin-left:0;text-transform:uppercase\">Unsere Standorte<\/p>\n\n<\/div>\r\n    <\/div>\r\n<\/a>\r\n<\/div>\n<\/div>\n<\/div>\n\n<p><\/p>\n\n<div class=\"wp-block-group overflow-hidden is-layout-flow wp-block-group-is-layout-flow\" style=\"margin-top:0;margin-bottom:0;padding-top:var(--wp--preset--spacing--80);padding-right:0;padding-bottom:var(--wp--preset--spacing--80);padding-left:var(--wp--preset--spacing--80)\">\n<div class=\"wp-block-columns is-layout-flex wp-container-core-columns-is-layout-28f84493 wp-block-columns-is-layout-flex\">\n<div class=\"wp-block-column is-vertically-aligned-center is-layout-flow wp-block-column-is-layout-flow\" style=\"padding-top:0;padding-right:0;padding-bottom:0;padding-left:0;flex-basis:45%\">\n<div class=\"wp-block-group m-n-r-30 has-color-4-background-color has-background is-layout-flow wp-block-group-is-layout-flow\" style=\"border-radius:4rem;padding-top:var(--wp--preset--spacing--80);padding-right:8rem;padding-bottom:var(--wp--preset--spacing--80);padding-left:8rem\">\n<div class=\"wp-block-group is-style-gt-bg-image-top-right z-index-2 m-n-r-10 is-layout-flow wp-block-group-is-layout-flow\">\n<figure class=\"wp-block-image size-full z-index-2\"><img loading=\"lazy\" decoding=\"async\" width=\"325\" height=\"271\" sizes=\"auto, (max-width: min(calc(100% - 15vw), 325px)) 100vw, min(calc(100% - 15vw), 325px)\" src=\"https:\/\/belaircamping.com\/wp-content\/uploads\/2023\/05\/camping-paradis-avis.png\" alt=\"bewertung Camping paradis\" class=\"wp-image-603\" srcset=\"https:\/\/belaircamping.com\/wp-content\/uploads\/2023\/05\/camping-paradis-avis.png 325w, https:\/\/belaircamping.com\/wp-content\/uploads\/2023\/05\/camping-paradis-avis-300x250.png 300w\" \/><\/figure>\n<\/div>\n\n\n\n<h2 class=\"wp-block-heading has-text-align-center has-text-color-color has-text-color has-large-font-size\" style=\"line-height:1\">Unsere Kunden<br\/>Was denken sie?<\/h2>\n\n\n\n<div class=\"wp-block-group is-content-justification-center is-layout-constrained wp-container-core-group-is-layout-1557714b wp-block-group-is-layout-constrained\">\n<hr class=\"wp-block-separator has-text-color has-link-color-color has-alpha-channel-opacity has-link-color-background-color has-background\"\/>\n<\/div>\n\n\n\n<p class=\"has-white-color has-text-color has-ursula-font-family\" style=\"font-size:1.5rem;line-height:1.2\">Top 3 Meinungen, die uns warm ums Herz werden lassen<\/p>\n\n\n<div class=\"gt-avis-block\">\r\n                    <div class=\"gt-avis\">\r\n            <blockquote class=\"gt-avis__blockquote\">\r\n                <div class=\"gt-avis__text \">\n<p>Zweiw\u00f6chiger Aufenthalt in einem Mobilheim im September (kurz vor der Schlie\u00dfung).<br\/>Sehr sauberes und gut eingerichtetes Mobilheim.<br\/>Ein gr\u00fcner Campingplatz. Sehr angenehm.<br\/>Ein neues Management, das seit Januar im Amt ist, hat ein offenes Ohr f\u00fcr die Urlauber und ist sehr angenehm, ebenso wie das gesamte Team.<br\/>Ein weiterer positiver Punkt: Wir konnten alle vom Camping angebotenen Dienstleistungen (sogar Ende September) und die Animationen nutzen.<br\/>Wir empfehlen diesen Ort. <\/p>\n<\/div>\r\n                    <div class=\"gt-avis__foot\">\r\n                        <div class=\"gt-avis__note\">\r\n                            <div class=\"gt-avis__stars \">\r\n                                <span>\u2605<\/span>\r\n                                <span>\u2605<\/span>\r\n                                <span>\u2605<\/span>\r\n                                <span>\u2605<\/span>\r\n                                <span>\u2605<\/span>\r\n                                                                <div class=\"gt-avis__stars__filled\" style=\"width:100%\">\r\n                                    <span>\u2605<\/span>\r\n                                    <span>\u2605<\/span>\r\n                                    <span>\u2605<\/span>\r\n                                    <span>\u2605<\/span>\r\n                                    <span>\u2605<\/span>\r\n                                <\/div>\r\n                            <\/div>\r\n                            <div class=\"\">\r\n                                5\/5\r\n                            <\/div>\r\n                        <\/div>\r\n                        <div class=\"gt-avis__author\">\r\n                            <div class=\"gt-avis__author__name \">\r\n                                <b>Christine L. &#8211; Septembre 2024<\/b>\r\n                                                            <\/div>\r\n                                                        <div class=\"gt-avis__author__image\">\r\n                                <img alt=\"avis camping quimper\" loading=\"lazy\" decoding=\"async\" width=\"150\" height=\"150\" src=\"https:\/\/belaircamping.com\/wp-content\/uploads\/2023\/08\/avis-camping-quimper.jpeg\" class=\"attachment-thumb size-thumb wp-post-image\" alt=\"\" srcset=\"https:\/\/belaircamping.com\/wp-content\/uploads\/2023\/08\/avis-camping-quimper.jpeg 1024w, https:\/\/belaircamping.com\/wp-content\/uploads\/2023\/08\/avis-camping-quimper-300x300.jpeg 300w, https:\/\/belaircamping.com\/wp-content\/uploads\/2023\/08\/avis-camping-quimper-150x150.jpeg 150w, https:\/\/belaircamping.com\/wp-content\/uploads\/2023\/08\/avis-camping-quimper-768x768.jpeg 768w\" sizes=\"auto, (max-width: 150px) 100vw, 150px\" \/>                            <\/div>\r\n                                                    <\/div>\r\n                    <\/div>\r\n            <\/blockquote>\r\n        <\/div>\r\n            <div class=\"gt-avis\">\r\n            <blockquote class=\"gt-avis__blockquote\">\r\n                <div class=\"gt-avis__text \">\n<p>Wir haben eine sch\u00f6ne Woche auf diesem Campingplatz verbracht.<br\/>Angesichts der negativen Kommentare waren wir nicht gerade beruhigt!<br\/>Aber als wir ankamen, war der Campingplatz wundersch\u00f6n! Sehr blumig, sauber, sehr nettes Personal, ein toller beheizter Wasserpark und jeden Tag Animation. Es ist nicht alles perfekt, aber Sie k\u00f6nnen beruhigt sein!  <\/p>\n<\/div>\r\n                    <div class=\"gt-avis__foot\">\r\n                        <div class=\"gt-avis__note\">\r\n                            <div class=\"gt-avis__stars \">\r\n                                <span>\u2605<\/span>\r\n                                <span>\u2605<\/span>\r\n                                <span>\u2605<\/span>\r\n                                <span>\u2605<\/span>\r\n                                <span>\u2605<\/span>\r\n                                                                <div class=\"gt-avis__stars__filled\" style=\"width:100%\">\r\n                                    <span>\u2605<\/span>\r\n                                    <span>\u2605<\/span>\r\n                                    <span>\u2605<\/span>\r\n                                    <span>\u2605<\/span>\r\n                                    <span>\u2605<\/span>\r\n                                <\/div>\r\n                            <\/div>\r\n                            <div class=\"\">\r\n                                5\/5\r\n                            <\/div>\r\n                        <\/div>\r\n                        <div class=\"gt-avis__author\">\r\n                            <div class=\"gt-avis__author__name \">\r\n                                <b>Nicolas G. &#8211; Ao\u00fbt 2024<\/b>\r\n                                                            <\/div>\r\n                                                        <div class=\"gt-avis__author__image\">\r\n                                <img alt=\"AdobeStock_278598771_resultat\" loading=\"lazy\" decoding=\"async\" width=\"150\" height=\"100\" src=\"https:\/\/belaircamping.com\/wp-content\/uploads\/2023\/06\/AdobeStock_278598771_resultat.webp\" class=\"attachment-thumb size-thumb wp-post-image\" alt=\"\" srcset=\"https:\/\/belaircamping.com\/wp-content\/uploads\/2023\/06\/AdobeStock_278598771_resultat.webp 1024w, https:\/\/belaircamping.com\/wp-content\/uploads\/2023\/06\/AdobeStock_278598771_resultat-300x200.webp 300w, https:\/\/belaircamping.com\/wp-content\/uploads\/2023\/06\/AdobeStock_278598771_resultat-768x512.webp 768w\" sizes=\"auto, (max-width: 150px) 100vw, 150px\" \/>                            <\/div>\r\n                                                    <\/div>\r\n                    <\/div>\r\n            <\/blockquote>\r\n        <\/div>\r\n            <div class=\"gt-avis\">\r\n            <blockquote class=\"gt-avis__blockquote\">\r\n                <div class=\"gt-avis__text \">\n<p>Wir haben eine sehr gute Woche auf diesem Camping verbracht. Das Mobilheim ist sauber mit sehr bequemen Betten. Meine Kinder liebten die Attraktionen (es gibt eine gro\u00dfe Auswahl \ud83d\ude04\ud83d\udc4d) und die Pools!<br\/>Die Galettes in der Cr\u00eaperie des Campingplatzes waren k\u00f6stlich und nicht sehr teuer.<br\/>Vielen Dank an das Personal auf diesem Campingplatz!  <\/p>\n<\/div>\r\n                    <div class=\"gt-avis__foot\">\r\n                        <div class=\"gt-avis__note\">\r\n                            <div class=\"gt-avis__stars \">\r\n                                <span>\u2605<\/span>\r\n                                <span>\u2605<\/span>\r\n                                <span>\u2605<\/span>\r\n                                <span>\u2605<\/span>\r\n                                <span>\u2605<\/span>\r\n                                                                <div class=\"gt-avis__stars__filled\" style=\"width:100%\">\r\n                                    <span>\u2605<\/span>\r\n                                    <span>\u2605<\/span>\r\n                                    <span>\u2605<\/span>\r\n                                    <span>\u2605<\/span>\r\n                                    <span>\u2605<\/span>\r\n                                <\/div>\r\n                            <\/div>\r\n                            <div class=\"\">\r\n                                5\/5\r\n                            <\/div>\r\n                        <\/div>\r\n                        <div class=\"gt-avis__author\">\r\n                            <div class=\"gt-avis__author__name \">\r\n                                <b>Marina H. &#8211; Ao\u00fbt 2024<\/b>\r\n                                                            <\/div>\r\n                                                        <div class=\"gt-avis__author__image\">\r\n                                <img alt=\"Photo profil 9\" loading=\"lazy\" decoding=\"async\" width=\"150\" height=\"150\" src=\"https:\/\/belaircamping.com\/wp-content\/uploads\/2023\/05\/Photo-profil-9.jpg\" class=\"attachment-thumb size-thumb wp-post-image\" alt=\"\" srcset=\"https:\/\/belaircamping.com\/wp-content\/uploads\/2023\/05\/Photo-profil-9.jpg 1024w, https:\/\/belaircamping.com\/wp-content\/uploads\/2023\/05\/Photo-profil-9-300x300.jpg 300w, https:\/\/belaircamping.com\/wp-content\/uploads\/2023\/05\/Photo-profil-9-150x150.jpg 150w, https:\/\/belaircamping.com\/wp-content\/uploads\/2023\/05\/Photo-profil-9-768x768.jpg 768w\" sizes=\"auto, (max-width: 150px) 100vw, 150px\" \/>                            <\/div>\r\n                                                    <\/div>\r\n                    <\/div>\r\n            <\/blockquote>\r\n        <\/div>\r\n            <\/div><\/div>\n<\/div>\n\n\n\n<div class=\"wp-block-column is-vertically-aligned-center is-layout-flow wp-block-column-is-layout-flow\" style=\"flex-basis:55%\">\n<div class=\"wp-block-group overflow-auto is-layout-flow wp-block-group-is-layout-flow\" style=\"padding-left:var(--wp--preset--spacing--80)\">\n<figure class=\"wp-block-image alignright size-full alignfull blobed-big\"><a href=\"https:\/\/belaircamping.com\/wp-content\/uploads\/2023\/08\/camping-familial-quimper-1.webp\"><img loading=\"lazy\" decoding=\"async\" width=\"1344\" height=\"896\" sizes=\"auto, (max-width: min(calc(100% - 15vw), 1344px)) 100vw, min(calc(100% - 15vw), 1344px)\" src=\"https:\/\/belaircamping.com\/wp-content\/uploads\/2023\/08\/camping-familial-quimper-1.webp\" alt=\"Camping quimper 1\" class=\"wp-image-5585\" srcset=\"https:\/\/belaircamping.com\/wp-content\/uploads\/2023\/08\/camping-familial-quimper-1.webp 1344w, https:\/\/belaircamping.com\/wp-content\/uploads\/2023\/08\/camping-familial-quimper-1-300x200.webp 300w, https:\/\/belaircamping.com\/wp-content\/uploads\/2023\/08\/camping-familial-quimper-1-1024x683.webp 1024w, https:\/\/belaircamping.com\/wp-content\/uploads\/2023\/08\/camping-familial-quimper-1-768x512.webp 768w\" \/><\/a><\/figure>\n<\/div>\n<\/div>\n<\/div>\n<\/div>\n\n<div class=\"wp-block-group is-layout-flow wp-block-group-is-layout-flow\" style=\"padding-top:var(--wp--preset--spacing--60);padding-bottom:var(--wp--preset--spacing--60)\">\n<figure class=\"wp-block-image size-full is-resized is-style-gt-bg-image-bottom-right m-r-1\"><img loading=\"lazy\" decoding=\"async\" width=\"173\" height=\"223\" sizes=\"auto, (max-width: min(calc(100% - 15vw), 130px)) 100vw, min(calc(100% - 15vw), 130px)\" src=\"https:\/\/belaircamping.com\/wp-content\/uploads\/2023\/05\/vacances-camping.png\" alt=\"Camping\" class=\"wp-image-687\" style=\"width:130px;height:167px\"\/><\/figure>\n\n\n\n<h2 class=\"wp-block-heading has-text-align-center has-large-font-size\" style=\"line-height:1\">Entdecken Sie Quimper und das s\u00fcdliche Finist\u00e8re von unserem Camping Paradis aus<\/h2>\n\n\n\n<div class=\"wp-block-group is-content-justification-center is-layout-constrained wp-container-core-group-is-layout-37f512d6 wp-block-group-is-layout-constrained\">\n<hr class=\"wp-block-separator has-text-color has-link-color-color has-alpha-channel-opacity has-link-color-background-color has-background\"\/>\n<\/div>\n\n\n\n\n\n<hr class=\"wp-block-separator has-text-color has-link-color-color has-alpha-channel-opacity has-link-color-background-color has-background\"\/>\n<\/div>\n\n<div class=\"wp-block-group is-style-default is-layout-constrained wp-container-core-group-is-layout-3e19f568 wp-block-group-is-layout-constrained\" style=\"margin-top:0;margin-bottom:0;padding-top:var(--wp--preset--spacing--40);padding-right:var(--wp--preset--spacing--40);padding-bottom:var(--wp--preset--spacing--40);padding-left:var(--wp--preset--spacing--40)\"><a \r\n     \r\n    class=\"gt-bouton-block aligncenter\" \r\n    href=\"https:\/\/belaircamping.com\/visites-culturelles-finistere-sud\/\"\r\n    target=\"\"\r\n    rel=\"noopener\"\r\n    style=\"margin-top:0;margin-right:0;margin-bottom:0;margin-left:var(--wp--preset--spacing--80);\"\r\n>\r\n\r\n    <span class=\"gt-bouton-block__content\">\r\n                        <div class=\"acf-innerblocks-container\">\n\n<p class=\"has-text-align-center has-text-color-color has-text-color\"><strong>Die Umgebung<\/strong><\/p>\n\n<\/div>\r\n    <\/span>\r\n    \r\n    <span class=\"gt-bouton-block__image\">\r\n        <img decoding=\"async\" src=\"https:\/\/belaircamping.com\/wp-content\/themes\/geek-tonic\/inc\/blocks\/bouton\/fleche.png\" alt=\"Lien\">\r\n    <\/span>\r\n\r\n<\/a>\r\n<\/div>\n\n<div class=\"wp-block-group gt-group-galerie has-background is-layout-constrained wp-container-core-group-is-layout-d8e141f2 wp-block-group-is-layout-constrained\" style=\"background:linear-gradient(180deg,rgb(255,255,255) 29%,rgb(173,219,243) 29%);padding-top:var(--wp--preset--spacing--80);padding-bottom:var(--wp--preset--spacing--80)\">\n<div class=\"wp-block-columns z-index-3 position-relative is-layout-flex wp-container-core-columns-is-layout-2c8f09fd wp-block-columns-is-layout-flex\">\n<div class=\"wp-block-column is-vertically-aligned-bottom is-layout-flow wp-container-core-column-is-layout-119bc444 wp-block-column-is-layout-flow\">\n<figure class=\"wp-block-image size-full\"><img data-dominant-color=\"8d8a60\" data-has-transparency=\"true\" style=\"--dominant-color: #8d8a60;\" loading=\"lazy\" decoding=\"async\" width=\"760\" height=\"505\" sizes=\"auto, (max-width: min(calc(100% - 15vw), 760px)) 100vw, min(calc(100% - 15vw), 760px)\" src=\"https:\/\/belaircamping.com\/wp-content\/uploads\/2025\/10\/Screenshot-2025-10-27-at-16-18-42-Wigwam-1-Chambre-4-Personnes-sans-sanitaire-Camping-Paradis-Domaine-de-Bel-Air-Site-Officiel-Meilleur-Prix-Garanti.png\" alt=\"Screenshot 2025 10 27 at 16 18 42 Wigwam 1 Schlafzimmer 4 Personen ohne Sanit&#xE4;ranlagen Camping Paradis Domaine de Bel Air Offizielle Webseite Bestpreisgarantie\" class=\"wp-image-352565 has-transparency\" srcset=\"https:\/\/belaircamping.com\/wp-content\/uploads\/2025\/10\/Screenshot-2025-10-27-at-16-18-42-Wigwam-1-Chambre-4-Personnes-sans-sanitaire-Camping-Paradis-Domaine-de-Bel-Air-Site-Officiel-Meilleur-Prix-Garanti.png 760w, https:\/\/belaircamping.com\/wp-content\/uploads\/2025\/10\/Screenshot-2025-10-27-at-16-18-42-Wigwam-1-Chambre-4-Personnes-sans-sanitaire-Camping-Paradis-Domaine-de-Bel-Air-Site-Officiel-Meilleur-Prix-Garanti-300x199.png 300w\" \/><\/figure>\n\n\n\n<figure class=\"wp-block-image size-full alignfull fancybox\" style=\"margin-top:var(--wp--preset--spacing--20);margin-bottom:var(--wp--preset--spacing--20)\"><a href=\"https:\/\/belaircamping.com\/wp-content\/uploads\/2023\/08\/camping-paradis-5-etoiles-quimper.webp\"><img loading=\"lazy\" decoding=\"async\" width=\"1796\" height=\"1200\" sizes=\"auto, (max-width: min(calc(100% - 15vw), 1796px)) 100vw, min(calc(100% - 15vw), 1796px)\" src=\"https:\/\/belaircamping.com\/wp-content\/uploads\/2023\/08\/camping-paradis-5-etoiles-quimper.webp\" alt=\"Camping paradis 5 sterne quimper\" class=\"wp-image-5580\" srcset=\"https:\/\/belaircamping.com\/wp-content\/uploads\/2023\/08\/camping-paradis-5-etoiles-quimper.webp 1796w, https:\/\/belaircamping.com\/wp-content\/uploads\/2023\/08\/camping-paradis-5-etoiles-quimper-300x200.webp 300w, https:\/\/belaircamping.com\/wp-content\/uploads\/2023\/08\/camping-paradis-5-etoiles-quimper-1024x684.webp 1024w, https:\/\/belaircamping.com\/wp-content\/uploads\/2023\/08\/camping-paradis-5-etoiles-quimper-768x513.webp 768w, https:\/\/belaircamping.com\/wp-content\/uploads\/2023\/08\/camping-paradis-5-etoiles-quimper-1536x1026.webp 1536w\" \/><\/a><\/figure>\n\n\n\n<figure class=\"wp-block-image size-full alignfull fancybox\"><a href=\"https:\/\/belaircamping.com\/wp-content\/uploads\/2025\/10\/N102-23.jpg\"><img data-dominant-color=\"69664c\" data-has-transparency=\"false\" style=\"--dominant-color: #69664c;\" loading=\"lazy\" decoding=\"async\" width=\"900\" height=\"600\" sizes=\"auto, (max-width: min(calc(100% - 15vw), 900px)) 100vw, min(calc(100% - 15vw), 900px)\" src=\"https:\/\/belaircamping.com\/wp-content\/uploads\/2025\/10\/N102-23.jpg\" alt=\"N102 2~3\" class=\"wp-image-352549 not-transparent\" srcset=\"https:\/\/belaircamping.com\/wp-content\/uploads\/2025\/10\/N102-23.jpg 900w, https:\/\/belaircamping.com\/wp-content\/uploads\/2025\/10\/N102-23-300x200.jpg 300w, https:\/\/belaircamping.com\/wp-content\/uploads\/2025\/10\/N102-23-768x512.jpg 768w\" \/><\/a><\/figure>\n<\/div>\n\n\n\n<div class=\"wp-block-column is-vertically-aligned-bottom z-index-10 is-layout-flow wp-container-core-column-is-layout-119bc444 wp-block-column-is-layout-flow\" style=\"flex-basis:39.2%\">\n<h3 class=\"wp-block-heading animated fadeIn has-link-color-color has-text-color has-ursula-font-family has-large-font-size\" style=\"font-style:normal;font-weight:normal;line-height:1\">Immer mehr Spa\u00df mit Camping Paradis<\/h3>\n\n\n\n<figure class=\"wp-block-image size-full alignfull fancybox\"><a href=\"https:\/\/belaircamping.com\/wp-content\/uploads\/2023\/08\/camping-finistere-sud-piscine-chauffee.webp\"><img loading=\"lazy\" decoding=\"async\" width=\"1799\" height=\"1200\" sizes=\"auto, (max-width: min(calc(100% - 15vw), 1799px)) 100vw, min(calc(100% - 15vw), 1799px)\" src=\"https:\/\/belaircamping.com\/wp-content\/uploads\/2023\/08\/camping-finistere-sud-piscine-chauffee.webp\" alt=\"Camping finistere sud beheiztes schwimmbad\" class=\"wp-image-5583\" srcset=\"https:\/\/belaircamping.com\/wp-content\/uploads\/2023\/08\/camping-finistere-sud-piscine-chauffee.webp 1799w, https:\/\/belaircamping.com\/wp-content\/uploads\/2023\/08\/camping-finistere-sud-piscine-chauffee-300x200.webp 300w, https:\/\/belaircamping.com\/wp-content\/uploads\/2023\/08\/camping-finistere-sud-piscine-chauffee-1024x683.webp 1024w, https:\/\/belaircamping.com\/wp-content\/uploads\/2023\/08\/camping-finistere-sud-piscine-chauffee-768x512.webp 768w, https:\/\/belaircamping.com\/wp-content\/uploads\/2023\/08\/camping-finistere-sud-piscine-chauffee-1536x1025.webp 1536w\" \/><\/a><\/figure>\n\n\n\n<figure class=\"wp-block-image size-full alignfull fancybox\" style=\"margin-top:var(--wp--preset--spacing--20);margin-bottom:0\"><a href=\"https:\/\/belaircamping.com\/wp-content\/uploads\/2023\/08\/parc-aquatique-camping-finistere.webp\"><img data-dominant-color=\"97bdb6\" data-has-transparency=\"false\" style=\"--dominant-color: #97bdb6;\" loading=\"lazy\" decoding=\"async\" width=\"1080\" height=\"810\" sizes=\"auto, (max-width: min(calc(100% - 15vw), 1080px)) 100vw, min(calc(100% - 15vw), 1080px)\" src=\"https:\/\/belaircamping.com\/wp-content\/uploads\/2025\/10\/parc-aquatique-camping-finistere-edited.webp\" alt=\"Wasserpark Camping Finistere\" class=\"wp-image-352569 not-transparent\" srcset=\"https:\/\/belaircamping.com\/wp-content\/uploads\/2025\/10\/parc-aquatique-camping-finistere-edited.webp 1080w, https:\/\/belaircamping.com\/wp-content\/uploads\/2025\/10\/parc-aquatique-camping-finistere-edited-300x225.webp 300w, https:\/\/belaircamping.com\/wp-content\/uploads\/2025\/10\/parc-aquatique-camping-finistere-edited-1024x768.webp 1024w, https:\/\/belaircamping.com\/wp-content\/uploads\/2025\/10\/parc-aquatique-camping-finistere-edited-768x576.webp 768w\" \/><\/a><\/figure>\n<\/div>\n\n\n\n<div class=\"wp-block-column is-vertically-aligned-bottom is-layout-flow wp-container-core-column-is-layout-119bc444 wp-block-column-is-layout-flow\">\n<div class=\"wp-block-group animated fadeInUp delay-100ms m-n-b-2 is-layout-flow wp-block-group-is-layout-flow\">\n<figure class=\"wp-block-image size-full rellax-2\"><img alt=\"photos camping thiers\" loading=\"lazy\" decoding=\"async\" width=\"507\" height=\"420\" sizes=\"auto, (max-width: min(calc(100% - 15vw), 507px)) 100vw, min(calc(100% - 15vw), 507px)\" src=\"https:\/\/belaircamping.com\/wp-content\/uploads\/2023\/05\/photos-camping-thiers.png\" alt=\"\" class=\"wp-image-726\" srcset=\"https:\/\/belaircamping.com\/wp-content\/uploads\/2023\/05\/photos-camping-thiers.png 507w, https:\/\/belaircamping.com\/wp-content\/uploads\/2023\/05\/photos-camping-thiers-300x249.png 300w\" \/><\/figure>\n<\/div>\n\n\n\n<figure class=\"wp-block-image size-full alignfull fancybox z-index-3 position-relative\"><a href=\"https:\/\/belaircamping.com\/wp-content\/uploads\/2023\/08\/camping-animations-enfants-quimper-scaled.webp\"><img loading=\"lazy\" decoding=\"async\" width=\"2048\" height=\"1365\" sizes=\"auto, (max-width: min(calc(100% - 15vw), 2048px)) 100vw, min(calc(100% - 15vw), 2048px)\" src=\"https:\/\/belaircamping.com\/wp-content\/uploads\/2023\/08\/camping-animations-enfants-quimper-scaled.webp\" alt=\"Camping animationen kinder quimper\" class=\"wp-image-5660\" srcset=\"https:\/\/belaircamping.com\/wp-content\/uploads\/2023\/08\/camping-animations-enfants-quimper-scaled.webp 2048w, https:\/\/belaircamping.com\/wp-content\/uploads\/2023\/08\/camping-animations-enfants-quimper-300x200.webp 300w, https:\/\/belaircamping.com\/wp-content\/uploads\/2023\/08\/camping-animations-enfants-quimper-1024x683.webp 1024w, https:\/\/belaircamping.com\/wp-content\/uploads\/2023\/08\/camping-animations-enfants-quimper-768x512.webp 768w, https:\/\/belaircamping.com\/wp-content\/uploads\/2023\/08\/camping-animations-enfants-quimper-1536x1024.webp 1536w\" \/><\/a><\/figure>\n<\/div>\n<\/div>\n<\/div>\n\n<div class=\"wp-block-group has-color-4-background-color has-background is-layout-constrained wp-container-core-group-is-layout-fe6dcedd wp-block-group-is-layout-constrained\" style=\"margin-top:0;margin-bottom:0;padding-top:var(--wp--preset--spacing--80);padding-bottom:var(--wp--preset--spacing--80)\">\n<figure class=\"wp-block-image size-full is-style-gt-bg-image-bottom-right m-r-1\"><img loading=\"lazy\" decoding=\"async\" width=\"173\" height=\"223\" sizes=\"auto, (max-width: min(calc(100% - 15vw), 173px)) 100vw, min(calc(100% - 15vw), 173px)\" src=\"https:\/\/belaircamping.com\/wp-content\/uploads\/2023\/05\/vacances-camping.png\" alt=\"Camping\" class=\"wp-image-687\"\/><\/figure>\n\n\n\n<div class=\"wp-block-group is-content-justification-center is-nowrap is-layout-flex wp-container-core-group-is-layout-68974e11 wp-block-group-is-layout-flex\">\n<div class=\"wp-block-group is-layout-flow wp-block-group-is-layout-flow\">\n<h2 class=\"wp-block-heading has-text-color-color has-text-color has-large-font-size\">Alle Infos zum Campingplatz<\/h2>\n\n\n\n<div class=\"wp-block-group is-content-justification-center is-layout-constrained wp-container-core-group-is-layout-1557714b wp-block-group-is-layout-constrained\">\n<hr class=\"wp-block-separator has-text-color has-link-color-color has-alpha-channel-opacity has-link-color-background-color has-background\"\/>\n<\/div>\n<\/div>\n\n\n\n<figure class=\"wp-block-image size-full is-resized rellax05 position-relative\"><img alt=\"faq camping paradis\" loading=\"lazy\" decoding=\"async\" width=\"47\" height=\"50\" sizes=\"auto, (max-width: min(calc(100% - 15vw), 35px)) 100vw, min(calc(100% - 15vw), 35px)\" src=\"https:\/\/belaircamping.com\/wp-content\/uploads\/2023\/05\/faq-camping-paradis.png\" alt=\"\" class=\"wp-image-780\" style=\"width:35px;height:38px\"\/><\/figure>\n<\/div>\n\n\n<div \r\n     \r\n    style=\"background-color:#ffffff8c;border-radius:3rem;padding-top:var(--wp--preset--spacing--50);padding-right:var(--wp--preset--spacing--50);padding-bottom:var(--wp--preset--spacing--50);padding-left:var(--wp--preset--spacing--50); background-color:#ffffff8c; border-radius:3rem; padding-top:var(--wp--preset--spacing--50);padding-right:var(--wp--preset--spacing--50);padding-bottom:var(--wp--preset--spacing--50);padding-left:var(--wp--preset--spacing--50);\" class=\"gt-faq-block align wp-block-acf-faq has-background\"\r\n> \r\n    <input type=\"checkbox\" id=\"gt-question-block_7baefbbc3842ea32a1ce47f34f40535969ee163ec0e86\" >\r\n    <label class=\"gt-faq-block__question\" for=\"gt-question-block_7baefbbc3842ea32a1ce47f34f40535969ee163ec0e86\">\r\n        Gibt es auf dem Campingplatz ein Lebensmittelgesch\u00e4ft?        <span class=\"has-background has-color-1-background-color\"><\/span>\r\n    <\/label>\r\n\r\n    <div class=\"gt-faq-block__answer\">\r\n        <p>Ja, Sie entdecken eine Auswahl an Souvenirs, lokalen Artikeln und<br \/>\nregionale K\u00f6stlichkeiten aus der Bretagne. Dar\u00fcber hinaus finden Sie die Elemente<br \/>\nf\u00fcr die wichtigsten Eink\u00e4ufe w\u00e4hrend Ihres Aufenthalts.<br \/>\nAufenthalt.<\/p>\n    <\/div>\r\n\r\n  \r\n<\/div>\n\n<div \r\n     \r\n    style=\"background-color:#ffffff8c;border-radius:3rem;padding-top:var(--wp--preset--spacing--50);padding-right:var(--wp--preset--spacing--50);padding-bottom:var(--wp--preset--spacing--50);padding-left:var(--wp--preset--spacing--50); background-color:#ffffff8c; border-radius:3rem; padding-top:var(--wp--preset--spacing--50);padding-right:var(--wp--preset--spacing--50);padding-bottom:var(--wp--preset--spacing--50);padding-left:var(--wp--preset--spacing--50);\" class=\"gt-faq-block align wp-block-acf-faq has-background\"\r\n> \r\n    <input type=\"checkbox\" id=\"gt-question-block_0589fcf5c933cc771132dbe66c2f191f69ee163ec1304\" >\r\n    <label class=\"gt-faq-block__question\" for=\"gt-question-block_0589fcf5c933cc771132dbe66c2f191f69ee163ec1304\">\r\n         Gibt es eine Brotverkaufsstelle?        <span class=\"has-background has-color-1-background-color\"><\/span>\r\n    <\/label>\r\n\r\n    <div class=\"gt-faq-block__answer\">\r\n        <p>Ja, unser Lebensmittelgesch\u00e4ft bietet im Juli und August jeden Morgen von 8:30 bis<br \/>\n12:30 Uhr Geb\u00e4ck und Brot an (Reservierung am<br \/>\nVortag f\u00fcr den n\u00e4chsten Tag erforderlich). In der Nebensaison ist ein Brotverkauf an der Rezeption m\u00f6glich,<br \/>\nReservierung am Vortag f\u00fcr den n\u00e4chsten Tag. <\/p>\n    <\/div>\r\n\r\n  \r\n<\/div>\n\n<div \r\n     \r\n    style=\"background-color:#ffffff8c;border-radius:3rem;padding-top:var(--wp--preset--spacing--50);padding-right:var(--wp--preset--spacing--50);padding-bottom:var(--wp--preset--spacing--50);padding-left:var(--wp--preset--spacing--50); background-color:#ffffff8c; border-radius:3rem; padding-top:var(--wp--preset--spacing--50);padding-right:var(--wp--preset--spacing--50);padding-bottom:var(--wp--preset--spacing--50);padding-left:var(--wp--preset--spacing--50);\" class=\"gt-faq-block align wp-block-acf-faq has-background\"\r\n> \r\n    <input type=\"checkbox\" id=\"gt-question-block_2d1ab9cd3112bc3dbd073189afda9e0269ee163ec1685\" >\r\n    <label class=\"gt-faq-block__question\" for=\"gt-question-block_2d1ab9cd3112bc3dbd073189afda9e0269ee163ec1685\">\r\n        Ist der Pool beheizt?        <span class=\"has-background has-color-1-background-color\"><\/span>\r\n    <\/label>\r\n\r\n    <div class=\"gt-faq-block__answer\">\r\n        <p>Ja, der Campingplatz verf\u00fcgt \u00fcber 2 beheizte Hallenb\u00e4der und 1 Schwimmbad.<br \/>\nim Freien (beheizt im Juli und August)<\/p>\n    <\/div>\r\n\r\n  \r\n<\/div>\n\n<div \r\n     \r\n    style=\"background-color:#ffffff8c;border-radius:3rem;padding-top:var(--wp--preset--spacing--50);padding-right:var(--wp--preset--spacing--50);padding-bottom:var(--wp--preset--spacing--50);padding-left:var(--wp--preset--spacing--50); background-color:#ffffff8c; border-radius:3rem; padding-top:var(--wp--preset--spacing--50);padding-right:var(--wp--preset--spacing--50);padding-bottom:var(--wp--preset--spacing--50);padding-left:var(--wp--preset--spacing--50);\" class=\"gt-faq-block align wp-block-acf-faq has-background\"\r\n> \r\n    <input type=\"checkbox\" id=\"gt-question-block_6d2fcdc5b0f2abc18af20f1a6a4258ff69ee163ec1a03\" >\r\n    <label class=\"gt-faq-block__question\" for=\"gt-question-block_6d2fcdc5b0f2abc18af20f1a6a4258ff69ee163ec1a03\">\r\n        Gibt es WLAN auf dem Camping?         <span class=\"has-background has-color-1-background-color\"><\/span>\r\n    <\/label>\r\n\r\n    <div class=\"gt-faq-block__answer\">\r\n        <p>Ja, WiFi ist auf den meisten Stellpl\u00e4tzen des Campingplatzes<br \/>\nParadis verf\u00fcgbar. Unser Anbieter bietet verschiedene M\u00f6glichkeiten der Online-Zahlung an. Ein kostenloser WiFi-Bereich befindet sich vor der Rezeption und der Bar.  <\/p>\n    <\/div>\r\n\r\n  \r\n<\/div>\n\n<div \r\n     \r\n    style=\"background-color:#ffffff8c;border-radius:3rem;padding-top:var(--wp--preset--spacing--50);padding-right:var(--wp--preset--spacing--50);padding-bottom:var(--wp--preset--spacing--50);padding-left:var(--wp--preset--spacing--50); background-color:#ffffff8c; border-radius:3rem; padding-top:var(--wp--preset--spacing--50);padding-right:var(--wp--preset--spacing--50);padding-bottom:var(--wp--preset--spacing--50);padding-left:var(--wp--preset--spacing--50);\" class=\"gt-faq-block align wp-block-acf-faq has-background\"\r\n> \r\n    <input type=\"checkbox\" id=\"gt-question-block_57c27a75dcad826a7f4bfd33ef987faf69ee163ec1d89\" >\r\n    <label class=\"gt-faq-block__question\" for=\"gt-question-block_57c27a75dcad826a7f4bfd33ef987faf69ee163ec1d89\">\r\n         Gibt es auf dem Camping ein Restaurant?         <span class=\"has-background has-color-1-background-color\"><\/span>\r\n    <\/label>\r\n\r\n    <div class=\"gt-faq-block__answer\">\r\n        <p>Der Food Truck im Park des Campingplatzes ist<br \/>\nan 6 Tagen pro Woche zwischen dem 9. Juli und dem 23. August von 18.00 bis 21.30 Uhr ge\u00f6ffnet und bietet Snacks an.<br \/>\nDie Bar im Park ist t\u00e4glich au\u00dfer samstags vom 9. Juli bis zum 23. August von 18.00 bis 23.00 Uhr ge\u00f6ffnet.<br \/>\nIn der Nebensaison ist im oberen Teil des Campings an mehreren Abenden in der Woche eine Multiservice-Creperie mit Bar<br \/>\nge\u00f6ffnet.<br \/>\nDie genauen \u00d6ffnungszeiten entnehmen Sie bitte den Informationen vor Ort<br \/>\n.<\/p>\n    <\/div>\r\n\r\n  \r\n<\/div>\n\n\n<div class=\"wp-block-group m-n-t-2 m-r-2 is-style-gt-bg-image-bottom-right is-layout-constrained wp-container-core-group-is-layout-29cfd2c5 wp-block-group-is-layout-constrained\">\n<p class=\"animated fadeInUp has-color-1-color has-text-color has-ursula-font-family has-medium-large-font-size\" style=\"margin-top:0;margin-right:0;margin-bottom:0;margin-left:0;line-height:1\">Urlaub<\/p>\n\n\n\n<p class=\"animated fadeInUp delay-200ms has-color-1-color has-text-color has-ursula-font-family has-x-large-font-size\" style=\"margin-top:0;margin-right:0;margin-bottom:0;margin-left:0;line-height:1\">Entdeckung<\/p>\n<\/div>\n<\/div>\n\n<div class=\"wp-block-group has-background is-layout-constrained wp-block-group-is-layout-constrained\" style=\"background:linear-gradient(180deg,rgb(173,219,243) 50%,rgb(255,255,255) 50%);margin-top:0;margin-bottom:0;padding-top:var(--wp--preset--spacing--80);padding-bottom:var(--wp--preset--spacing--80)\">\n<div class=\"wp-block-buttons is-content-justification-center is-layout-flex wp-container-core-buttons-is-layout-a89b3969 wp-block-buttons-is-layout-flex\">\n<div class=\"wp-block-button is-style-gt-brochure\"><a class=\"wp-block-button__link has-text-color-color has-white-background-color has-text-color has-background has-extra-small-font-size has-text-align-center has-custom-font-size wp-element-button\" href=\"https:\/\/belaircamping.com\/wp-content\/uploads\/2025\/03\/CGV-DOMAINE-DE-BEL-AIR-.docx.pdf\" style=\"border-radius:3rem;padding-top:var(--wp--preset--spacing--50);padding-right:var(--wp--preset--spacing--60);padding-bottom:var(--wp--preset--spacing--50);padding-left:var(--wp--preset--spacing--60);line-height:1\" target=\"_blank\" rel=\"noreferrer noopener\"><mark class=\"has-inline-color has-text-color-color\">Allgemeine Gesch\u00e4ftsbedingungen<\/mark><br\/><strong>Verkaufsbedingungen<\/strong><\/a><\/div>\n\n\n\n<div class=\"wp-block-button is-style-gt-brochure\"><a class=\"wp-block-button__link has-text-color-color has-white-background-color has-text-color has-background has-extra-small-font-size has-custom-font-size wp-element-button\" href=\"https:\/\/belaircamping.com\/info-assurance-annulation\/\" style=\"border-radius:3rem;padding-top:var(--wp--preset--spacing--50);padding-right:var(--wp--preset--spacing--60);padding-bottom:var(--wp--preset--spacing--50);padding-left:var(--wp--preset--spacing--60);line-height:1\"><strong>Reiser\u00fccktrittsversicherung<\/strong><\/a><\/div>\n<\/div>\n<\/div>\n\n<div class=\"wp-block-group overflow-visible has-background is-layout-constrained wp-container-core-group-is-layout-73e652b1 wp-block-group-is-layout-constrained\" style=\"border-top-color:var(--wp--preset--color--white);border-top-width:12rem;border-right-color:var(--wp--preset--color--white);border-bottom-color:var(--wp--preset--color--white);border-left-color:var(--wp--preset--color--white);background:linear-gradient(160deg,rgb(255,255,255) 29%,rgb(173,219,243) 29%);margin-top:0rem;margin-bottom:0;padding-top:var(--wp--preset--spacing--60);padding-bottom:10rem\">\n<figure class=\"wp-block-image size-full is-style-gt-bg-image-bottom-left\"><img loading=\"lazy\" decoding=\"async\" width=\"273\" height=\"218\" sizes=\"auto, (max-width: min(calc(100% - 15vw), 273px)) 100vw, min(calc(100% - 15vw), 273px)\" src=\"https:\/\/belaircamping.com\/wp-content\/uploads\/2023\/05\/actualites-camping-paradis.png\" alt=\"news Camping paradis\" class=\"wp-image-841\"\/><\/figure>\n\n\n\n<h2 class=\"wp-block-heading has-text-align-center z-index-3 position-relative m-n-t-20 has-large-font-size\">Aktuelles vom Camping Paradis Bel air in der N\u00e4he von Quimper<\/h2>\n\n\n\n<div class=\"wp-block-group is-content-justification-center is-layout-constrained wp-container-core-group-is-layout-1557714b wp-block-group-is-layout-constrained\">\n<hr class=\"wp-block-separator has-text-color has-link-color-color has-alpha-channel-opacity has-link-color-background-color has-background animated fadeInUp delay-200ms\"\/>\n<\/div>\n\n\n\r\n<div \r\n     \r\n    class=\"gt-maillage-block\" \r\n    style=\"\"\r\n>\r\n\r\n    \r\n        \r\n        <article \r\n    class=\"gt-cta gt-cta--post\" \r\n    style=\"aspect-ratio:3\/4\"\r\n>\r\n    <a href=\"https:\/\/belaircamping.com\/de\/neue-seite\/\" title=\"Unsere neue Website\" class=\"gt-cta__link\">\r\n        <div class=\"gt-cta__thumb\">\r\n                            <img alt=\"quimper camping familial\" loading=\"lazy\" decoding=\"async\" width=\"1147\" height=\"1200\" src=\"https:\/\/belaircamping.com\/wp-content\/uploads\/2023\/08\/quimper-camping-familial.webp\" class=\"attachment-full size-full wp-post-image\" alt=\"\" srcset=\"https:\/\/belaircamping.com\/wp-content\/uploads\/2023\/08\/quimper-camping-familial.webp 1147w, https:\/\/belaircamping.com\/wp-content\/uploads\/2023\/08\/quimper-camping-familial-287x300.webp 287w, https:\/\/belaircamping.com\/wp-content\/uploads\/2023\/08\/quimper-camping-familial-979x1024.webp 979w, https:\/\/belaircamping.com\/wp-content\/uploads\/2023\/08\/quimper-camping-familial-768x803.webp 768w\" sizes=\"auto, (max-width: 1147px) 100vw, 1147px\" \/>                    <\/div>\r\n        <div class=\"gt-cta__content\">\r\n            <div class=\"gt-cta__title\">\r\n                <b>Unsere neue Website<\/b>            <\/div>\r\n        <\/div>\r\n    <\/a>\r\n<\/article>\r\n            \r\n<\/div><\/div>\n","protected":false},"excerpt":{"rendered":"<p>Urlaub auf dem 5-Sterne Camping Paradis im Finist\u00e8re Sud Camping Paradis mit beheiztem Schwimmbad in der N\u00e4he von Quimper Entspannen Sie sich in den beheizten Pools des Campingplatzes im s\u00fcdlichen Finist\u00e8re. Zwischen Schwimmen, Balneobank und Wasserspielen findet hier jeder sein Gl\u00fcck. Im Sommer werden Aquafun-Sitzungen im Innen- und Au\u00dfenbereich angeboten. F\u00fcr den ultimativen Moment der [&hellip;]<\/p>\n","protected":false},"author":1,"featured_media":0,"parent":0,"menu_order":5,"comment_status":"closed","ping_status":"closed","template":"","meta":{"_acf_changed":false,"footnotes":""},"class_list":["post-6803","page","type-page","status-publish","hentry"],"acf":[],"yoast_head":"<!-- This site is optimized with the Yoast SEO plugin v27.3 - https:\/\/yoast.com\/product\/yoast-seo-wordpress\/ -->\n<title>Camping Domaine de Bel Air - Offizielle Webseite - Bester Preis Garantiert<\/title>\n<meta name=\"description\" content=\"Camping Paradis Domaine de Bel Air: Ihr 5-Sterne-Campingplatz mit Wasserpark und Animation. Ein unvergesslicher Urlaub f\u00fcr die ganze Familie\" \/>\n<meta name=\"robots\" content=\"index, follow, max-snippet:-1, max-image-preview:large, max-video-preview:-1\" \/>\n<link rel=\"canonical\" href=\"https:\/\/belaircamping.com\/de\/\" \/>\n<meta property=\"og:locale\" content=\"de_DE\" \/>\n<meta property=\"og:type\" content=\"article\" \/>\n<meta property=\"og:title\" content=\"Camping Domaine de Bel Air - Offizielle Webseite - Bester Preis Garantiert\" \/>\n<meta property=\"og:description\" content=\"Camping Paradis Domaine de Bel Air: Ihr 5-Sterne-Campingplatz mit Wasserpark und Animation. Ein unvergesslicher Urlaub f\u00fcr die ganze Familie\" \/>\n<meta property=\"og:url\" content=\"https:\/\/belaircamping.com\/de\/\" \/>\n<meta property=\"og:site_name\" content=\"Belair\" \/>\n<meta property=\"article:publisher\" content=\"https:\/\/www.facebook.com\/campingparadisdomainedebelair\" \/>\n<meta property=\"article:modified_time\" content=\"2026-04-07T11:25:43+00:00\" \/>\n<meta property=\"og:image\" content=\"https:\/\/belaircamping.com\/wp-content\/uploads\/2023\/08\/camping-espace-aquatique-quimper-1024x766.webp\" \/>\n<meta name=\"twitter:card\" content=\"summary_large_image\" \/>\n<meta name=\"twitter:label1\" content=\"Gesch\u00e4tzte Lesezeit\" \/>\n\t<meta name=\"twitter:data1\" content=\"10\u00a0Minuten\" \/>\n<script type=\"application\/ld+json\" class=\"yoast-schema-graph\">{\"@context\":\"https:\\\/\\\/schema.org\",\"@graph\":[{\"@type\":[\"Article\",\"BlogPosting\"],\"@id\":\"https:\\\/\\\/belaircamping.com\\\/de\\\/#article\",\"isPartOf\":{\"@id\":\"https:\\\/\\\/belaircamping.com\\\/de\\\/\"},\"author\":{\"name\":\"@dmin64\",\"@id\":\"https:\\\/\\\/belaircamping.com\\\/de\\\/#\\\/schema\\\/person\\\/0a18d83f4a776fd150619c03aceb6a37\"},\"headline\":\"Startseite\",\"datePublished\":\"2023-07-05T09:11:53+00:00\",\"dateModified\":\"2026-04-07T11:25:43+00:00\",\"mainEntityOfPage\":{\"@id\":\"https:\\\/\\\/belaircamping.com\\\/de\\\/\"},\"wordCount\":649,\"publisher\":{\"@id\":\"https:\\\/\\\/belaircamping.com\\\/de\\\/#organization\"},\"image\":{\"@id\":\"https:\\\/\\\/belaircamping.com\\\/de\\\/#primaryimage\"},\"thumbnailUrl\":\"https:\\\/\\\/belaircamping.com\\\/wp-content\\\/uploads\\\/2023\\\/08\\\/Castel-Camping_Domaine-de-Bel-Air_Finistere-Sud_Espace-Aquatique_Exterieur_2021_resultat.webp\",\"inLanguage\":\"de\"},{\"@type\":\"WebPage\",\"@id\":\"https:\\\/\\\/belaircamping.com\\\/de\\\/\",\"url\":\"https:\\\/\\\/belaircamping.com\\\/de\\\/\",\"name\":\"Camping Domaine de Bel Air - Offizielle Webseite - Bester Preis Garantiert\",\"isPartOf\":{\"@id\":\"https:\\\/\\\/belaircamping.com\\\/de\\\/#website\"},\"primaryImageOfPage\":{\"@id\":\"https:\\\/\\\/belaircamping.com\\\/de\\\/#primaryimage\"},\"image\":{\"@id\":\"https:\\\/\\\/belaircamping.com\\\/de\\\/#primaryimage\"},\"thumbnailUrl\":\"https:\\\/\\\/belaircamping.com\\\/wp-content\\\/uploads\\\/2023\\\/08\\\/Castel-Camping_Domaine-de-Bel-Air_Finistere-Sud_Espace-Aquatique_Exterieur_2021_resultat.webp\",\"datePublished\":\"2023-07-05T09:11:53+00:00\",\"dateModified\":\"2026-04-07T11:25:43+00:00\",\"description\":\"Camping Paradis Domaine de Bel Air: Ihr 5-Sterne-Campingplatz mit Wasserpark und Animation. Ein unvergesslicher Urlaub f\u00fcr die ganze Familie\",\"breadcrumb\":{\"@id\":\"https:\\\/\\\/belaircamping.com\\\/de\\\/#breadcrumb\"},\"inLanguage\":\"de\",\"potentialAction\":[{\"@type\":\"ReadAction\",\"target\":[\"https:\\\/\\\/belaircamping.com\\\/de\\\/\"]}]},{\"@type\":\"ImageObject\",\"inLanguage\":\"de\",\"@id\":\"https:\\\/\\\/belaircamping.com\\\/de\\\/#primaryimage\",\"url\":\"https:\\\/\\\/belaircamping.com\\\/wp-content\\\/uploads\\\/2023\\\/08\\\/Castel-Camping_Domaine-de-Bel-Air_Finistere-Sud_Espace-Aquatique_Exterieur_2021_resultat.webp\",\"contentUrl\":\"https:\\\/\\\/belaircamping.com\\\/wp-content\\\/uploads\\\/2023\\\/08\\\/Castel-Camping_Domaine-de-Bel-Air_Finistere-Sud_Espace-Aquatique_Exterieur_2021_resultat.webp\"},{\"@type\":\"BreadcrumbList\",\"@id\":\"https:\\\/\\\/belaircamping.com\\\/de\\\/#breadcrumb\",\"itemListElement\":[{\"@type\":\"ListItem\",\"position\":1,\"name\":\"Camping Paradis Domaine de Bel Air\",\"item\":\"https:\\\/\\\/belaircamping.com\\\/de\\\/\"},{\"@type\":\"ListItem\",\"position\":2,\"name\":\"Camping Paradis in der N\u00e4he von Quimper\"}]},{\"@type\":\"WebSite\",\"@id\":\"https:\\\/\\\/belaircamping.com\\\/de\\\/#website\",\"url\":\"https:\\\/\\\/belaircamping.com\\\/de\\\/\",\"name\":\"Camping Paradis Domaine de Bel Air\",\"description\":\"\",\"publisher\":{\"@id\":\"https:\\\/\\\/belaircamping.com\\\/de\\\/#organization\"},\"alternateName\":\"Domaine de Bel Air\",\"potentialAction\":[{\"@type\":\"SearchAction\",\"target\":{\"@type\":\"EntryPoint\",\"urlTemplate\":\"https:\\\/\\\/belaircamping.com\\\/de\\\/?s={search_term_string}\"},\"query-input\":{\"@type\":\"PropertyValueSpecification\",\"valueRequired\":true,\"valueName\":\"search_term_string\"}}],\"inLanguage\":\"de\"},{\"@type\":\"Organization\",\"@id\":\"https:\\\/\\\/belaircamping.com\\\/de\\\/#organization\",\"name\":\"Camping Paradis Domaine de Bel Air\",\"alternateName\":\"Camping domaine de Bel Air\",\"url\":\"https:\\\/\\\/belaircamping.com\\\/de\\\/\",\"logo\":{\"@type\":\"ImageObject\",\"inLanguage\":\"de\",\"@id\":\"https:\\\/\\\/belaircamping.com\\\/de\\\/#\\\/schema\\\/logo\\\/image\\\/\",\"url\":\"https:\\\/\\\/belaircamping.com\\\/wp-content\\\/uploads\\\/2023\\\/08\\\/campings-finistere-bel-air.png\",\"contentUrl\":\"https:\\\/\\\/belaircamping.com\\\/wp-content\\\/uploads\\\/2023\\\/08\\\/campings-finistere-bel-air.png\",\"width\":288,\"height\":180,\"caption\":\"Camping Paradis Domaine de Bel Air\"},\"image\":{\"@id\":\"https:\\\/\\\/belaircamping.com\\\/de\\\/#\\\/schema\\\/logo\\\/image\\\/\"},\"sameAs\":[\"https:\\\/\\\/www.facebook.com\\\/campingparadisdomainedebelair\"]},{\"@type\":\"Person\",\"@id\":\"https:\\\/\\\/belaircamping.com\\\/de\\\/#\\\/schema\\\/person\\\/0a18d83f4a776fd150619c03aceb6a37\",\"name\":\"@dmin64\",\"image\":{\"@type\":\"ImageObject\",\"inLanguage\":\"de\",\"@id\":\"https:\\\/\\\/secure.gravatar.com\\\/avatar\\\/c139ef583a0e65260f6808f5628e6eca9fa8608b06e80bc14d5c39d32af667ca?s=96&d=mm&r=g\",\"url\":\"https:\\\/\\\/secure.gravatar.com\\\/avatar\\\/c139ef583a0e65260f6808f5628e6eca9fa8608b06e80bc14d5c39d32af667ca?s=96&d=mm&r=g\",\"contentUrl\":\"https:\\\/\\\/secure.gravatar.com\\\/avatar\\\/c139ef583a0e65260f6808f5628e6eca9fa8608b06e80bc14d5c39d32af667ca?s=96&d=mm&r=g\",\"caption\":\"@dmin64\"},\"sameAs\":[\"https:\\\/\\\/belaircamping.com\"]}]}<\/script>\n<!-- \/ Yoast SEO plugin. -->","yoast_head_json":{"title":"Camping Domaine de Bel Air - Offizielle Webseite - Bester Preis Garantiert","description":"Camping Paradis Domaine de Bel Air: Ihr 5-Sterne-Campingplatz mit Wasserpark und Animation. Ein unvergesslicher Urlaub f\u00fcr die ganze Familie","robots":{"index":"index","follow":"follow","max-snippet":"max-snippet:-1","max-image-preview":"max-image-preview:large","max-video-preview":"max-video-preview:-1"},"canonical":"https:\/\/belaircamping.com\/de\/","og_locale":"de_DE","og_type":"article","og_title":"Camping Domaine de Bel Air - Offizielle Webseite - Bester Preis Garantiert","og_description":"Camping Paradis Domaine de Bel Air: Ihr 5-Sterne-Campingplatz mit Wasserpark und Animation. Ein unvergesslicher Urlaub f\u00fcr die ganze Familie","og_url":"https:\/\/belaircamping.com\/de\/","og_site_name":"Belair","article_publisher":"https:\/\/www.facebook.com\/campingparadisdomainedebelair","article_modified_time":"2026-04-07T11:25:43+00:00","og_image":[{"url":"https:\/\/belaircamping.com\/wp-content\/uploads\/2023\/08\/camping-espace-aquatique-quimper-1024x766.webp","type":"","width":"","height":""}],"twitter_card":"summary_large_image","twitter_misc":{"Gesch\u00e4tzte Lesezeit":"10\u00a0Minuten"},"schema":{"@context":"https:\/\/schema.org","@graph":[{"@type":["Article","BlogPosting"],"@id":"https:\/\/belaircamping.com\/de\/#article","isPartOf":{"@id":"https:\/\/belaircamping.com\/de\/"},"author":{"name":"@dmin64","@id":"https:\/\/belaircamping.com\/de\/#\/schema\/person\/0a18d83f4a776fd150619c03aceb6a37"},"headline":"Startseite","datePublished":"2023-07-05T09:11:53+00:00","dateModified":"2026-04-07T11:25:43+00:00","mainEntityOfPage":{"@id":"https:\/\/belaircamping.com\/de\/"},"wordCount":649,"publisher":{"@id":"https:\/\/belaircamping.com\/de\/#organization"},"image":{"@id":"https:\/\/belaircamping.com\/de\/#primaryimage"},"thumbnailUrl":"https:\/\/belaircamping.com\/wp-content\/uploads\/2023\/08\/Castel-Camping_Domaine-de-Bel-Air_Finistere-Sud_Espace-Aquatique_Exterieur_2021_resultat.webp","inLanguage":"de"},{"@type":"WebPage","@id":"https:\/\/belaircamping.com\/de\/","url":"https:\/\/belaircamping.com\/de\/","name":"Camping Domaine de Bel Air - Offizielle Webseite - Bester Preis Garantiert","isPartOf":{"@id":"https:\/\/belaircamping.com\/de\/#website"},"primaryImageOfPage":{"@id":"https:\/\/belaircamping.com\/de\/#primaryimage"},"image":{"@id":"https:\/\/belaircamping.com\/de\/#primaryimage"},"thumbnailUrl":"https:\/\/belaircamping.com\/wp-content\/uploads\/2023\/08\/Castel-Camping_Domaine-de-Bel-Air_Finistere-Sud_Espace-Aquatique_Exterieur_2021_resultat.webp","datePublished":"2023-07-05T09:11:53+00:00","dateModified":"2026-04-07T11:25:43+00:00","description":"Camping Paradis Domaine de Bel Air: Ihr 5-Sterne-Campingplatz mit Wasserpark und Animation. Ein unvergesslicher Urlaub f\u00fcr die ganze Familie","breadcrumb":{"@id":"https:\/\/belaircamping.com\/de\/#breadcrumb"},"inLanguage":"de","potentialAction":[{"@type":"ReadAction","target":["https:\/\/belaircamping.com\/de\/"]}]},{"@type":"ImageObject","inLanguage":"de","@id":"https:\/\/belaircamping.com\/de\/#primaryimage","url":"https:\/\/belaircamping.com\/wp-content\/uploads\/2023\/08\/Castel-Camping_Domaine-de-Bel-Air_Finistere-Sud_Espace-Aquatique_Exterieur_2021_resultat.webp","contentUrl":"https:\/\/belaircamping.com\/wp-content\/uploads\/2023\/08\/Castel-Camping_Domaine-de-Bel-Air_Finistere-Sud_Espace-Aquatique_Exterieur_2021_resultat.webp"},{"@type":"BreadcrumbList","@id":"https:\/\/belaircamping.com\/de\/#breadcrumb","itemListElement":[{"@type":"ListItem","position":1,"name":"Camping Paradis Domaine de Bel Air","item":"https:\/\/belaircamping.com\/de\/"},{"@type":"ListItem","position":2,"name":"Camping Paradis in der N\u00e4he von Quimper"}]},{"@type":"WebSite","@id":"https:\/\/belaircamping.com\/de\/#website","url":"https:\/\/belaircamping.com\/de\/","name":"Camping Paradis Domaine de Bel Air","description":"","publisher":{"@id":"https:\/\/belaircamping.com\/de\/#organization"},"alternateName":"Domaine de Bel Air","potentialAction":[{"@type":"SearchAction","target":{"@type":"EntryPoint","urlTemplate":"https:\/\/belaircamping.com\/de\/?s={search_term_string}"},"query-input":{"@type":"PropertyValueSpecification","valueRequired":true,"valueName":"search_term_string"}}],"inLanguage":"de"},{"@type":"Organization","@id":"https:\/\/belaircamping.com\/de\/#organization","name":"Camping Paradis Domaine de Bel Air","alternateName":"Camping domaine de Bel Air","url":"https:\/\/belaircamping.com\/de\/","logo":{"@type":"ImageObject","inLanguage":"de","@id":"https:\/\/belaircamping.com\/de\/#\/schema\/logo\/image\/","url":"https:\/\/belaircamping.com\/wp-content\/uploads\/2023\/08\/campings-finistere-bel-air.png","contentUrl":"https:\/\/belaircamping.com\/wp-content\/uploads\/2023\/08\/campings-finistere-bel-air.png","width":288,"height":180,"caption":"Camping Paradis Domaine de Bel Air"},"image":{"@id":"https:\/\/belaircamping.com\/de\/#\/schema\/logo\/image\/"},"sameAs":["https:\/\/www.facebook.com\/campingparadisdomainedebelair"]},{"@type":"Person","@id":"https:\/\/belaircamping.com\/de\/#\/schema\/person\/0a18d83f4a776fd150619c03aceb6a37","name":"@dmin64","image":{"@type":"ImageObject","inLanguage":"de","@id":"https:\/\/secure.gravatar.com\/avatar\/c139ef583a0e65260f6808f5628e6eca9fa8608b06e80bc14d5c39d32af667ca?s=96&d=mm&r=g","url":"https:\/\/secure.gravatar.com\/avatar\/c139ef583a0e65260f6808f5628e6eca9fa8608b06e80bc14d5c39d32af667ca?s=96&d=mm&r=g","contentUrl":"https:\/\/secure.gravatar.com\/avatar\/c139ef583a0e65260f6808f5628e6eca9fa8608b06e80bc14d5c39d32af667ca?s=96&d=mm&r=g","caption":"@dmin64"},"sameAs":["https:\/\/belaircamping.com"]}]}},"_links":{"self":[{"href":"https:\/\/belaircamping.com\/de\/wp-json\/wp\/v2\/pages\/6803","targetHints":{"allow":["GET"]}}],"collection":[{"href":"https:\/\/belaircamping.com\/de\/wp-json\/wp\/v2\/pages"}],"about":[{"href":"https:\/\/belaircamping.com\/de\/wp-json\/wp\/v2\/types\/page"}],"author":[{"embeddable":true,"href":"https:\/\/belaircamping.com\/de\/wp-json\/wp\/v2\/users\/1"}],"replies":[{"embeddable":true,"href":"https:\/\/belaircamping.com\/de\/wp-json\/wp\/v2\/comments?post=6803"}],"version-history":[{"count":63,"href":"https:\/\/belaircamping.com\/de\/wp-json\/wp\/v2\/pages\/6803\/revisions"}],"predecessor-version":[{"id":355333,"href":"https:\/\/belaircamping.com\/de\/wp-json\/wp\/v2\/pages\/6803\/revisions\/355333"}],"wp:attachment":[{"href":"https:\/\/belaircamping.com\/de\/wp-json\/wp\/v2\/media?parent=6803"}],"curies":[{"name":"wp","href":"https:\/\/api.w.org\/{rel}","templated":true}]}}