{"id":6755,"date":"2023-06-20T10:45:38","date_gmt":"2023-06-20T08:45:38","guid":{"rendered":"https:\/\/belaircamping.com\/infos-contacts\/"},"modified":"2026-04-07T11:18:48","modified_gmt":"2026-04-07T09:18:48","slug":"infos-contacts","status":"publish","type":"page","link":"https:\/\/belaircamping.com\/de\/infos-contacts\/","title":{"rendered":"Informationen und Kontakte"},"content":{"rendered":"\n<div class=\"wp-block-group is-layout-constrained wp-container-core-group-is-layout-bbbb44a5 wp-block-group-is-layout-constrained\" style=\"padding-top:var(--wp--preset--spacing--60);padding-right:var(--wp--preset--spacing--60);padding-bottom:var(--wp--preset--spacing--60);padding-left:var(--wp--preset--spacing--60)\">\n<h1 class=\"wp-block-heading has-text-align-center has-link-color-color has-text-color\" style=\"margin-top:var(--wp--preset--spacing--60);margin-right:var(--wp--preset--spacing--60);margin-bottom:var(--wp--preset--spacing--60);margin-left:var(--wp--preset--spacing--60);padding-top:var(--wp--preset--spacing--60);padding-right:var(--wp--preset--spacing--60);padding-bottom:var(--wp--preset--spacing--60);padding-left:var(--wp--preset--spacing--60)\">Kontakt und Zugang<\/h1>\n\n\n\n<div class=\"wp-block-columns is-layout-flex wp-container-core-columns-is-layout-28f84493 wp-block-columns-is-layout-flex\">\n<div class=\"wp-block-column is-layout-flow wp-block-column-is-layout-flow\" style=\"flex-basis:66.66%\">\n<figure class=\"wp-block-gallery has-nested-images columns-default is-cropped wp-block-gallery-1 is-layout-flex wp-block-gallery-is-layout-flex\">\n<figure class=\"wp-block-image size-large\"><img loading=\"lazy\" decoding=\"async\" width=\"900\" height=\"506\" data-id=\"5649\" src=\"https:\/\/belaircamping.com\/wp-content\/uploads\/2023\/08\/camping-quimper-5-etoiles.webp\" alt=\"Camping quimper 5 sterne\" class=\"wp-image-5649\" srcset=\"https:\/\/belaircamping.com\/wp-content\/uploads\/2023\/08\/camping-quimper-5-etoiles.webp 900w, https:\/\/belaircamping.com\/wp-content\/uploads\/2023\/08\/camping-quimper-5-etoiles-300x169.webp 300w, https:\/\/belaircamping.com\/wp-content\/uploads\/2023\/08\/camping-quimper-5-etoiles-768x432.webp 768w\" sizes=\"auto, (max-width: 900px) 100vw, 900px\" \/><\/figure>\n<\/figure>\n<\/div>\n\n\n\n<div class=\"wp-block-column is-layout-flow wp-block-column-is-layout-flow\" style=\"flex-basis:33.33%\">\n<h2 class=\"wp-block-heading\">Information Camping  <\/h2>\n\n\n\n<p>Unser familienfreundlicher Camping im Finist\u00e8re ist vom <strong>03. April bis zum 20. September<\/strong> ge\u00f6ffnet.  <\/p>\n\n\n\n<p>Die Rezeption des Campings empf\u00e4ngt Sie zu folgenden Zeiten:<\/p>\n\n\n\n<ul class=\"wp-block-list\">\n<li><strong>Nebensaison (au\u00dfer Juli und August):<\/strong> Von 08:30 bis 12:30 Uhr und von 14:00 bis 20:00 Uhr.<\/li>\n\n\n\n<li><strong>Hochsaison (Juli und August):<\/strong> Von 08:30 bis 12:30 Uhr und von 14:00 bis 20:00 Uhr.<\/li>\n<\/ul>\n<\/div>\n<\/div>\n\n\n\n<div style=\"height:50px\" aria-hidden=\"true\" class=\"wp-block-spacer\"><\/div>\n\n\n\n<div class=\"wp-block-columns is-layout-flex wp-container-core-columns-is-layout-28f84493 wp-block-columns-is-layout-flex\">\n<div class=\"wp-block-column is-vertically-aligned-top is-layout-flow wp-block-column-is-layout-flow\">\n<h2 class=\"wp-block-heading\">Kontaktieren Sie uns<\/h2>\n\n\n\n<p>Wenn Sie Fragen haben oder weitere Informationen \u00fcber Ihren n\u00e4chsten Aufenthalt im Bel Air Camping Paradis w\u00fcnschen, z\u00f6gern Sie bitte nicht, uns zu kontaktieren. Wir stehen Ihnen zur Verf\u00fcgung und h\u00f6ren Ihnen zu, um Ihnen zu helfen, einen unvergesslichen Urlaub in der Bretagne zu organisieren.<\/p>\n\n\n\n<p>Sie k\u00f6nnen uns w\u00e4hrend unserer \u00d6ffnungszeiten <strong>telefonisch<\/strong> unter <a href=\"tel:02988150227\">+332 98 91 50 27<\/a> erreichen. Wenn Sie uns lieber eine Nachricht schicken m\u00f6chten, k\u00f6nnen Sie dies \u00fcber unser <strong>Kontaktformular<\/strong> tun oder uns schreiben an. <a href=\"mailto:contact@belaircamping.com\">\n  <strong>contact@belaircamping.com<\/strong>\n<\/a>.<\/p>\n\n\n\n<p>F\u00fcr detailliertere Anfragen oder wenn Sie den Austausch per E-Mail bevorzugen, k\u00f6nnen Sie. Wir freuen uns darauf, Ihnen so schnell wie m\u00f6glich zu antworten.<\/p>\n<\/div>\n\n\n\n<div class=\"wp-block-column is-layout-flow wp-block-column-is-layout-flow\">\n<div class=\"wp-block-contact-form-7-contact-form-selector formulaire-contact\">\n<div class=\"wpcf7 no-js\" id=\"wpcf7-f6986-o1\" lang=\"de-DE\" dir=\"ltr\" data-wpcf7-id=\"6986\">\n<div class=\"screen-reader-response\"><p role=\"status\" aria-live=\"polite\" aria-atomic=\"true\"><\/p> <ul><\/ul><\/div>\n<form action=\"\/de\/wp-json\/wp\/v2\/pages\/6755#wpcf7-f6986-o1\" method=\"post\" class=\"wpcf7-form init\" id=\"formulaire-contact\" aria-label=\"Kontaktformular\" novalidate=\"novalidate\" data-status=\"init\">\n<fieldset class=\"hidden-fields-container\"><input type=\"hidden\" name=\"_wpcf7\" value=\"6986\" \/><input type=\"hidden\" name=\"_wpcf7_version\" value=\"6.1.5\" \/><input type=\"hidden\" name=\"_wpcf7_locale\" value=\"de_DE\" \/><input type=\"hidden\" name=\"_wpcf7_unit_tag\" value=\"wpcf7-f6986-o1\" \/><input type=\"hidden\" name=\"_wpcf7_container_post\" value=\"0\" \/><input type=\"hidden\" name=\"_wpcf7_posted_data_hash\" value=\"\" \/><input type=\"hidden\" name=\"_wpcf7_recaptcha_response\" value=\"\" \/>\n<\/fieldset>\n<p><label> Ihr Name<br \/>\n<span class=\"wpcf7-form-control-wrap\" data-name=\"your-name\"><input size=\"40\" maxlength=\"400\" class=\"wpcf7-form-control wpcf7-text wpcf7-validates-as-required\" autocomplete=\"name\" aria-required=\"true\" aria-invalid=\"false\" value=\"\" type=\"text\" name=\"your-name\" \/><\/span> <\/label>\n<\/p>\n<p><label> Ihre E-Mail<br \/>\n<span class=\"wpcf7-form-control-wrap\" data-name=\"your-email\"><input size=\"40\" maxlength=\"400\" class=\"wpcf7-form-control wpcf7-email wpcf7-validates-as-required wpcf7-text wpcf7-validates-as-email\" autocomplete=\"email\" aria-required=\"true\" aria-invalid=\"false\" value=\"\" type=\"email\" name=\"your-email\" \/><\/span> <\/label>\n<\/p>\n<p><label> Objekt<br \/>\n<span class=\"wpcf7-form-control-wrap\" data-name=\"your-subject\"><input size=\"40\" maxlength=\"400\" class=\"wpcf7-form-control wpcf7-text wpcf7-validates-as-required\" aria-required=\"true\" aria-invalid=\"false\" value=\"\" type=\"text\" name=\"your-subject\" \/><\/span> <\/label>\n<\/p>\n<p><label> Ihre Nachricht<br \/>\n<span class=\"wpcf7-form-control-wrap\" data-name=\"your-message\"><textarea cols=\"40\" rows=\"10\" maxlength=\"2000\" class=\"wpcf7-form-control wpcf7-textarea\" aria-invalid=\"false\" name=\"your-message\"><\/textarea><\/span> <\/label>\n<\/p>\n<p><span class=\"wpcf7-form-control-wrap\" data-name=\"acceptance-553\"><span class=\"wpcf7-form-control wpcf7-acceptance\"><span class=\"wpcf7-list-item\"><label><input type=\"checkbox\" name=\"acceptance-553\" value=\"1\" aria-invalid=\"false\" \/><span class=\"wpcf7-list-item-label\">Indem ich dieses K\u00e4stchen ankreuze, stimme ich der <a href=\"\/politique-de-confidentialite\/\" rel=\"nofollow\" target=\"_blank\">Datenschutzrichtlinie<\/a> dieser Website zu.<\/span><\/label><\/span><\/span><\/span>\n<\/p>\n<p><input class=\"wpcf7-form-control wpcf7-submit has-spinner\" type=\"submit\" value=\"Senden Sie\" \/>\n<\/p><div class=\"wpcf7-response-output\" aria-hidden=\"true\"><\/div>\n<\/form>\n<\/div>\n<\/div>\n<\/div>\n<\/div>\n\n\n\n<div class=\"wp-block-columns is-layout-flex wp-container-core-columns-is-layout-28f84493 wp-block-columns-is-layout-flex\">\n<div class=\"wp-block-column is-vertically-aligned-center is-layout-flow wp-block-column-is-layout-flow\">\n\n<\/div>\n\n\n\n<div class=\"wp-block-column is-vertically-aligned-center is-layout-flow wp-block-column-is-layout-flow\">\n<h2 class=\"wp-block-heading\">Anreise zum Camping Paradis<\/h2>\n\n\n\n<p><a href=\"https:\/\/belaircamping.com\/de\/\">Der Camping Paradis le Domaine de Bel Air<\/a> liegt in Keridreuff Ty Varlen, 29710 Landudec an der bretonischen Spitze im s\u00fcdlichen Finist\u00e8re, auf halbem Weg zwischen Quimper und der Pointe du Raz.<\/p>\n\n\n\n<p>Es ist ideal gelegen, damit Sie alle lokalen Reicht\u00fcmer entdecken k\u00f6nnen, von Brest bis Concarneau in einer Stunde Autofahrt oder n\u00e4her zum Pays Bigouden und der Cornouaille in maximal 15 Minuten Autofahrt.<\/p>\n\n\n\n<p><strong>GPS-Koordinaten<\/strong>: 47.99284484210843, -4.353038777801856.<\/p>\n\n\n\n<p>Wir sind da, um Sie bei der Auswahl Ihrer Besichtigungen zu unterst\u00fctzen, also z\u00f6gern Sie nicht, uns w\u00e4hrend Ihres Aufenthalts an der Rezeption zu fragen.<\/p>\n<\/div>\n<\/div>\n<\/div>\n\n<div class=\"wp-block-group overflow-visible has-background is-layout-constrained wp-container-core-group-is-layout-155c3ba4 wp-block-group-is-layout-constrained\" style=\"border-top-color:var(--wp--preset--color--white);border-top-width:12rem;border-right-color:var(--wp--preset--color--white);border-bottom-color:var(--wp--preset--color--white);border-left-color:var(--wp--preset--color--white);background:linear-gradient(160deg,rgb(255,255,255) 29%,rgb(173,219,243) 29%);margin-top:0rem;margin-bottom:0;padding-top:var(--wp--preset--spacing--80);padding-bottom:8rem\">\n<h2 class=\"wp-block-heading has-text-align-center z-index-3 position-relative m-n-t-20 animated fadeInUp has-large-font-size\">Entdecken Sie unsere Aktivit\u00e4ten, unser Schwimmbad und unsere Vermietungen<\/h2>\n\n\n\n<div class=\"wp-block-group is-content-justification-center is-layout-constrained wp-container-core-group-is-layout-1557714b wp-block-group-is-layout-constrained\">\n<hr class=\"wp-block-separator has-text-color has-link-color-color has-alpha-channel-opacity has-link-color-background-color has-background animated fadeInUp delay-200ms\" \/>\n<\/div>\n\n\n\r\n<div \r\n     \r\n    class=\"gt-maillage-block animated fadeInUp delay-100ms slow\" \r\n    style=\"\"\r\n>\r\n\r\n    \r\n        \r\n        <article \r\n    class=\"gt-cta gt-cta--page\" \r\n    style=\"aspect-ratio:16\/9\"\r\n>\r\n    <a href=\"https:\/\/belaircamping.com\/de\/camping-activites-et-animations-tranche-sur-mer\/\" title=\"Aktivit\u00e4ten und Animationen\" class=\"gt-cta__link\">\r\n        <div class=\"gt-cta__thumb\">\r\n                            <img alt=\"camping animations enfants quimper scaled\" loading=\"lazy\" decoding=\"async\" width=\"2048\" height=\"1365\" src=\"https:\/\/belaircamping.com\/wp-content\/uploads\/2023\/08\/camping-animations-enfants-quimper-scaled.webp\" class=\"attachment-full size-full wp-post-image\" alt=\"\" srcset=\"https:\/\/belaircamping.com\/wp-content\/uploads\/2023\/08\/camping-animations-enfants-quimper-scaled.webp 2048w, https:\/\/belaircamping.com\/wp-content\/uploads\/2023\/08\/camping-animations-enfants-quimper-300x200.webp 300w, https:\/\/belaircamping.com\/wp-content\/uploads\/2023\/08\/camping-animations-enfants-quimper-1024x683.webp 1024w, https:\/\/belaircamping.com\/wp-content\/uploads\/2023\/08\/camping-animations-enfants-quimper-768x512.webp 768w, https:\/\/belaircamping.com\/wp-content\/uploads\/2023\/08\/camping-animations-enfants-quimper-1536x1024.webp 1536w\" sizes=\"auto, (max-width: 2048px) 100vw, 2048px\" \/>                    <\/div>\r\n        <div class=\"gt-cta__content\">\r\n            <div class=\"gt-cta__title\">\r\n                Aktivit\u00e4ten und Animationen            <\/div>\r\n        <\/div>\r\n    <\/a>\r\n<\/article>\r\n    \r\n        <article \r\n    class=\"gt-cta gt-cta--page\" \r\n    style=\"aspect-ratio:16\/9\"\r\n>\r\n    <a href=\"https:\/\/belaircamping.com\/de\/camping-wasserraum-landudec\/\" title=\"Wasserraum\" class=\"gt-cta__link\">\r\n        <div class=\"gt-cta__thumb\">\r\n                            <img alt=\"camping finistere sud piscine chauffee\" loading=\"lazy\" decoding=\"async\" width=\"1799\" height=\"1200\" src=\"https:\/\/belaircamping.com\/wp-content\/uploads\/2023\/08\/camping-finistere-sud-piscine-chauffee.webp\" class=\"attachment-full size-full wp-post-image\" alt=\"\" srcset=\"https:\/\/belaircamping.com\/wp-content\/uploads\/2023\/08\/camping-finistere-sud-piscine-chauffee.webp 1799w, https:\/\/belaircamping.com\/wp-content\/uploads\/2023\/08\/camping-finistere-sud-piscine-chauffee-300x200.webp 300w, https:\/\/belaircamping.com\/wp-content\/uploads\/2023\/08\/camping-finistere-sud-piscine-chauffee-1024x683.webp 1024w, https:\/\/belaircamping.com\/wp-content\/uploads\/2023\/08\/camping-finistere-sud-piscine-chauffee-768x512.webp 768w, https:\/\/belaircamping.com\/wp-content\/uploads\/2023\/08\/camping-finistere-sud-piscine-chauffee-1536x1025.webp 1536w\" sizes=\"auto, (max-width: 1799px) 100vw, 1799px\" \/>                    <\/div>\r\n        <div class=\"gt-cta__content\">\r\n            <div class=\"gt-cta__title\">\r\n                Wasserraum            <\/div>\r\n        <\/div>\r\n    <\/a>\r\n<\/article>\r\n    \r\n        <article \r\n    class=\"gt-cta gt-cta--page\" \r\n    style=\"aspect-ratio:16\/9\"\r\n>\r\n    <a href=\"https:\/\/belaircamping.com\/de\/sejour-en-mobil-home-finistrere-quimper-landudec\/\" title=\"Unsere Unterk\u00fcnfte\" class=\"gt-cta__link\">\r\n        <div class=\"gt-cta__thumb\">\r\n                            <img loading=\"lazy\" decoding=\"async\" width=\"800\" height=\"600\" src=\"https:\/\/belaircamping.com\/wp-content\/uploads\/2025\/10\/N11CD21.jpg\" class=\"attachment-full size-full not-transparent wp-post-image\" alt=\"Mobil-home Premiums TAOS 8 personnes Famille nombreuse - Domaine de Bel Air\" srcset=\"https:\/\/belaircamping.com\/wp-content\/uploads\/2025\/10\/N11CD21.jpg 800w, https:\/\/belaircamping.com\/wp-content\/uploads\/2025\/10\/N11CD21-300x225.jpg 300w, https:\/\/belaircamping.com\/wp-content\/uploads\/2025\/10\/N11CD21-768x576.jpg 768w\" sizes=\"auto, (max-width: 800px) 100vw, 800px\" data-has-transparency=\"false\" data-dominant-color=\"717458\" style=\"--dominant-color: #717458;\" \/>                    <\/div>\r\n        <div class=\"gt-cta__content\">\r\n            <div class=\"gt-cta__title\">\r\n                Unsere Unterk\u00fcnfte            <\/div>\r\n        <\/div>\r\n    <\/a>\r\n<\/article>\r\n            \r\n<\/div><\/div>\n","protected":false},"excerpt":{"rendered":"<p>Kontakt und Zugang Information Camping Unser familienfreundlicher Camping im Finist\u00e8re ist vom 03. April bis zum 20. September ge\u00f6ffnet. Die Rezeption des Campings empf\u00e4ngt Sie zu folgenden Zeiten: Kontaktieren Sie uns Wenn Sie Fragen haben oder weitere Informationen \u00fcber Ihren n\u00e4chsten Aufenthalt im Bel Air Camping Paradis w\u00fcnschen, z\u00f6gern Sie bitte nicht, uns zu kontaktieren. [&hellip;]<\/p>\n","protected":false},"author":1,"featured_media":6759,"parent":0,"menu_order":44,"comment_status":"closed","ping_status":"closed","template":"","meta":{"_acf_changed":false,"footnotes":""},"class_list":["post-6755","page","type-page","status-publish","has-post-thumbnail","hentry"],"acf":[],"yoast_head":"<!-- This site is optimized with the Yoast SEO plugin v27.3 - https:\/\/yoast.com\/product\/yoast-seo-wordpress\/ -->\n<title>Kontaktieren Sie das Camping Paradis Domaine de Bel Air | Bretagne<\/title>\n<meta name=\"description\" content=\"Planen Sie Ihren Urlaub im S\u00fcd-Finist\u00e8re: Kontaktieren Sie uns, wenn Sie Fragen zu Ihrem Aufenthalt auf Camping Paradis haben.\" \/>\n<meta name=\"robots\" content=\"index, follow, max-snippet:-1, max-image-preview:large, max-video-preview:-1\" \/>\n<link rel=\"canonical\" href=\"https:\/\/belaircamping.com\/de\/infos-contacts\/\" \/>\n<meta property=\"og:locale\" content=\"de_DE\" \/>\n<meta property=\"og:type\" content=\"article\" \/>\n<meta property=\"og:title\" content=\"Kontaktieren Sie das Camping Paradis Domaine de Bel Air | Bretagne\" \/>\n<meta property=\"og:description\" content=\"Planen Sie Ihren Urlaub im S\u00fcd-Finist\u00e8re: Kontaktieren Sie uns, wenn Sie Fragen zu Ihrem Aufenthalt auf Camping Paradis haben.\" \/>\n<meta property=\"og:url\" content=\"https:\/\/belaircamping.com\/de\/infos-contacts\/\" \/>\n<meta property=\"og:site_name\" content=\"Belair\" \/>\n<meta property=\"article:publisher\" content=\"https:\/\/www.facebook.com\/campingparadisdomainedebelair\" \/>\n<meta property=\"article:modified_time\" content=\"2026-04-07T09:18:48+00:00\" \/>\n<meta property=\"og:image\" content=\"https:\/\/belaircamping.com\/wp-content\/uploads\/2023\/08\/camping-paradis-contact.webp\" \/>\n\t<meta property=\"og:image:width\" content=\"1920\" \/>\n\t<meta property=\"og:image:height\" content=\"1281\" \/>\n\t<meta property=\"og:image:type\" content=\"image\/webp\" \/>\n<meta name=\"twitter:card\" content=\"summary_large_image\" \/>\n<meta name=\"twitter:label1\" content=\"Gesch\u00e4tzte Lesezeit\" \/>\n\t<meta name=\"twitter:data1\" content=\"1\u00a0Minute\" \/>\n<script type=\"application\/ld+json\" class=\"yoast-schema-graph\">{\"@context\":\"https:\\\/\\\/schema.org\",\"@graph\":[{\"@type\":[\"Article\",\"BlogPosting\"],\"@id\":\"https:\\\/\\\/belaircamping.com\\\/de\\\/infos-contacts\\\/#article\",\"isPartOf\":{\"@id\":\"https:\\\/\\\/belaircamping.com\\\/de\\\/infos-contacts\\\/\"},\"author\":{\"name\":\"@dmin64\",\"@id\":\"https:\\\/\\\/belaircamping.com\\\/de\\\/#\\\/schema\\\/person\\\/0a18d83f4a776fd150619c03aceb6a37\"},\"headline\":\"Informationen und Kontakte\",\"datePublished\":\"2023-06-20T08:45:38+00:00\",\"dateModified\":\"2026-04-07T09:18:48+00:00\",\"mainEntityOfPage\":{\"@id\":\"https:\\\/\\\/belaircamping.com\\\/de\\\/infos-contacts\\\/\"},\"wordCount\":291,\"publisher\":{\"@id\":\"https:\\\/\\\/belaircamping.com\\\/de\\\/#organization\"},\"image\":{\"@id\":\"https:\\\/\\\/belaircamping.com\\\/de\\\/infos-contacts\\\/#primaryimage\"},\"thumbnailUrl\":\"https:\\\/\\\/belaircamping.com\\\/wp-content\\\/uploads\\\/2023\\\/08\\\/camping-paradis-contact.webp\",\"inLanguage\":\"de\"},{\"@type\":\"WebPage\",\"@id\":\"https:\\\/\\\/belaircamping.com\\\/de\\\/infos-contacts\\\/\",\"url\":\"https:\\\/\\\/belaircamping.com\\\/de\\\/infos-contacts\\\/\",\"name\":\"Kontaktieren Sie das Camping Paradis Domaine de Bel Air | Bretagne\",\"isPartOf\":{\"@id\":\"https:\\\/\\\/belaircamping.com\\\/de\\\/#website\"},\"primaryImageOfPage\":{\"@id\":\"https:\\\/\\\/belaircamping.com\\\/de\\\/infos-contacts\\\/#primaryimage\"},\"image\":{\"@id\":\"https:\\\/\\\/belaircamping.com\\\/de\\\/infos-contacts\\\/#primaryimage\"},\"thumbnailUrl\":\"https:\\\/\\\/belaircamping.com\\\/wp-content\\\/uploads\\\/2023\\\/08\\\/camping-paradis-contact.webp\",\"datePublished\":\"2023-06-20T08:45:38+00:00\",\"dateModified\":\"2026-04-07T09:18:48+00:00\",\"description\":\"Planen Sie Ihren Urlaub im S\u00fcd-Finist\u00e8re: Kontaktieren Sie uns, wenn Sie Fragen zu Ihrem Aufenthalt auf Camping Paradis haben.\",\"breadcrumb\":{\"@id\":\"https:\\\/\\\/belaircamping.com\\\/de\\\/infos-contacts\\\/#breadcrumb\"},\"inLanguage\":\"de\",\"potentialAction\":[{\"@type\":\"ReadAction\",\"target\":[\"https:\\\/\\\/belaircamping.com\\\/de\\\/infos-contacts\\\/\"]}]},{\"@type\":\"ImageObject\",\"inLanguage\":\"de\",\"@id\":\"https:\\\/\\\/belaircamping.com\\\/de\\\/infos-contacts\\\/#primaryimage\",\"url\":\"https:\\\/\\\/belaircamping.com\\\/wp-content\\\/uploads\\\/2023\\\/08\\\/camping-paradis-contact.webp\",\"contentUrl\":\"https:\\\/\\\/belaircamping.com\\\/wp-content\\\/uploads\\\/2023\\\/08\\\/camping-paradis-contact.webp\",\"width\":1920,\"height\":1281},{\"@type\":\"BreadcrumbList\",\"@id\":\"https:\\\/\\\/belaircamping.com\\\/de\\\/infos-contacts\\\/#breadcrumb\",\"itemListElement\":[{\"@type\":\"ListItem\",\"position\":1,\"name\":\"Camping Paradis Domaine de Bel Air\",\"item\":\"https:\\\/\\\/belaircamping.com\\\/de\\\/\"},{\"@type\":\"ListItem\",\"position\":2,\"name\":\"Informationen, Kontakt und Anreise zum Camping Paradis Domaine de Bel Air\"}]},{\"@type\":\"WebSite\",\"@id\":\"https:\\\/\\\/belaircamping.com\\\/de\\\/#website\",\"url\":\"https:\\\/\\\/belaircamping.com\\\/de\\\/\",\"name\":\"Camping Paradis Domaine de Bel Air\",\"description\":\"\",\"publisher\":{\"@id\":\"https:\\\/\\\/belaircamping.com\\\/de\\\/#organization\"},\"alternateName\":\"Domaine de Bel Air\",\"potentialAction\":[{\"@type\":\"SearchAction\",\"target\":{\"@type\":\"EntryPoint\",\"urlTemplate\":\"https:\\\/\\\/belaircamping.com\\\/de\\\/?s={search_term_string}\"},\"query-input\":{\"@type\":\"PropertyValueSpecification\",\"valueRequired\":true,\"valueName\":\"search_term_string\"}}],\"inLanguage\":\"de\"},{\"@type\":\"Organization\",\"@id\":\"https:\\\/\\\/belaircamping.com\\\/de\\\/#organization\",\"name\":\"Camping Paradis Domaine de Bel Air\",\"alternateName\":\"Camping domaine de Bel Air\",\"url\":\"https:\\\/\\\/belaircamping.com\\\/de\\\/\",\"logo\":{\"@type\":\"ImageObject\",\"inLanguage\":\"de\",\"@id\":\"https:\\\/\\\/belaircamping.com\\\/de\\\/#\\\/schema\\\/logo\\\/image\\\/\",\"url\":\"https:\\\/\\\/belaircamping.com\\\/wp-content\\\/uploads\\\/2023\\\/08\\\/campings-finistere-bel-air.png\",\"contentUrl\":\"https:\\\/\\\/belaircamping.com\\\/wp-content\\\/uploads\\\/2023\\\/08\\\/campings-finistere-bel-air.png\",\"width\":288,\"height\":180,\"caption\":\"Camping Paradis Domaine de Bel Air\"},\"image\":{\"@id\":\"https:\\\/\\\/belaircamping.com\\\/de\\\/#\\\/schema\\\/logo\\\/image\\\/\"},\"sameAs\":[\"https:\\\/\\\/www.facebook.com\\\/campingparadisdomainedebelair\"]},{\"@type\":\"Person\",\"@id\":\"https:\\\/\\\/belaircamping.com\\\/de\\\/#\\\/schema\\\/person\\\/0a18d83f4a776fd150619c03aceb6a37\",\"name\":\"@dmin64\",\"image\":{\"@type\":\"ImageObject\",\"inLanguage\":\"de\",\"@id\":\"https:\\\/\\\/secure.gravatar.com\\\/avatar\\\/c139ef583a0e65260f6808f5628e6eca9fa8608b06e80bc14d5c39d32af667ca?s=96&d=mm&r=g\",\"url\":\"https:\\\/\\\/secure.gravatar.com\\\/avatar\\\/c139ef583a0e65260f6808f5628e6eca9fa8608b06e80bc14d5c39d32af667ca?s=96&d=mm&r=g\",\"contentUrl\":\"https:\\\/\\\/secure.gravatar.com\\\/avatar\\\/c139ef583a0e65260f6808f5628e6eca9fa8608b06e80bc14d5c39d32af667ca?s=96&d=mm&r=g\",\"caption\":\"@dmin64\"},\"sameAs\":[\"https:\\\/\\\/belaircamping.com\"]}]}<\/script>\n<!-- \/ Yoast SEO plugin. -->","yoast_head_json":{"title":"Kontaktieren Sie das Camping Paradis Domaine de Bel Air | Bretagne","description":"Planen Sie Ihren Urlaub im S\u00fcd-Finist\u00e8re: Kontaktieren Sie uns, wenn Sie Fragen zu Ihrem Aufenthalt auf Camping Paradis haben.","robots":{"index":"index","follow":"follow","max-snippet":"max-snippet:-1","max-image-preview":"max-image-preview:large","max-video-preview":"max-video-preview:-1"},"canonical":"https:\/\/belaircamping.com\/de\/infos-contacts\/","og_locale":"de_DE","og_type":"article","og_title":"Kontaktieren Sie das Camping Paradis Domaine de Bel Air | Bretagne","og_description":"Planen Sie Ihren Urlaub im S\u00fcd-Finist\u00e8re: Kontaktieren Sie uns, wenn Sie Fragen zu Ihrem Aufenthalt auf Camping Paradis haben.","og_url":"https:\/\/belaircamping.com\/de\/infos-contacts\/","og_site_name":"Belair","article_publisher":"https:\/\/www.facebook.com\/campingparadisdomainedebelair","article_modified_time":"2026-04-07T09:18:48+00:00","og_image":[{"width":1920,"height":1281,"url":"https:\/\/belaircamping.com\/wp-content\/uploads\/2023\/08\/camping-paradis-contact.webp","type":"image\/webp"}],"twitter_card":"summary_large_image","twitter_misc":{"Gesch\u00e4tzte Lesezeit":"1\u00a0Minute"},"schema":{"@context":"https:\/\/schema.org","@graph":[{"@type":["Article","BlogPosting"],"@id":"https:\/\/belaircamping.com\/de\/infos-contacts\/#article","isPartOf":{"@id":"https:\/\/belaircamping.com\/de\/infos-contacts\/"},"author":{"name":"@dmin64","@id":"https:\/\/belaircamping.com\/de\/#\/schema\/person\/0a18d83f4a776fd150619c03aceb6a37"},"headline":"Informationen und Kontakte","datePublished":"2023-06-20T08:45:38+00:00","dateModified":"2026-04-07T09:18:48+00:00","mainEntityOfPage":{"@id":"https:\/\/belaircamping.com\/de\/infos-contacts\/"},"wordCount":291,"publisher":{"@id":"https:\/\/belaircamping.com\/de\/#organization"},"image":{"@id":"https:\/\/belaircamping.com\/de\/infos-contacts\/#primaryimage"},"thumbnailUrl":"https:\/\/belaircamping.com\/wp-content\/uploads\/2023\/08\/camping-paradis-contact.webp","inLanguage":"de"},{"@type":"WebPage","@id":"https:\/\/belaircamping.com\/de\/infos-contacts\/","url":"https:\/\/belaircamping.com\/de\/infos-contacts\/","name":"Kontaktieren Sie das Camping Paradis Domaine de Bel Air | Bretagne","isPartOf":{"@id":"https:\/\/belaircamping.com\/de\/#website"},"primaryImageOfPage":{"@id":"https:\/\/belaircamping.com\/de\/infos-contacts\/#primaryimage"},"image":{"@id":"https:\/\/belaircamping.com\/de\/infos-contacts\/#primaryimage"},"thumbnailUrl":"https:\/\/belaircamping.com\/wp-content\/uploads\/2023\/08\/camping-paradis-contact.webp","datePublished":"2023-06-20T08:45:38+00:00","dateModified":"2026-04-07T09:18:48+00:00","description":"Planen Sie Ihren Urlaub im S\u00fcd-Finist\u00e8re: Kontaktieren Sie uns, wenn Sie Fragen zu Ihrem Aufenthalt auf Camping Paradis haben.","breadcrumb":{"@id":"https:\/\/belaircamping.com\/de\/infos-contacts\/#breadcrumb"},"inLanguage":"de","potentialAction":[{"@type":"ReadAction","target":["https:\/\/belaircamping.com\/de\/infos-contacts\/"]}]},{"@type":"ImageObject","inLanguage":"de","@id":"https:\/\/belaircamping.com\/de\/infos-contacts\/#primaryimage","url":"https:\/\/belaircamping.com\/wp-content\/uploads\/2023\/08\/camping-paradis-contact.webp","contentUrl":"https:\/\/belaircamping.com\/wp-content\/uploads\/2023\/08\/camping-paradis-contact.webp","width":1920,"height":1281},{"@type":"BreadcrumbList","@id":"https:\/\/belaircamping.com\/de\/infos-contacts\/#breadcrumb","itemListElement":[{"@type":"ListItem","position":1,"name":"Camping Paradis Domaine de Bel Air","item":"https:\/\/belaircamping.com\/de\/"},{"@type":"ListItem","position":2,"name":"Informationen, Kontakt und Anreise zum Camping Paradis Domaine de Bel Air"}]},{"@type":"WebSite","@id":"https:\/\/belaircamping.com\/de\/#website","url":"https:\/\/belaircamping.com\/de\/","name":"Camping Paradis Domaine de Bel Air","description":"","publisher":{"@id":"https:\/\/belaircamping.com\/de\/#organization"},"alternateName":"Domaine de Bel Air","potentialAction":[{"@type":"SearchAction","target":{"@type":"EntryPoint","urlTemplate":"https:\/\/belaircamping.com\/de\/?s={search_term_string}"},"query-input":{"@type":"PropertyValueSpecification","valueRequired":true,"valueName":"search_term_string"}}],"inLanguage":"de"},{"@type":"Organization","@id":"https:\/\/belaircamping.com\/de\/#organization","name":"Camping Paradis Domaine de Bel Air","alternateName":"Camping domaine de Bel Air","url":"https:\/\/belaircamping.com\/de\/","logo":{"@type":"ImageObject","inLanguage":"de","@id":"https:\/\/belaircamping.com\/de\/#\/schema\/logo\/image\/","url":"https:\/\/belaircamping.com\/wp-content\/uploads\/2023\/08\/campings-finistere-bel-air.png","contentUrl":"https:\/\/belaircamping.com\/wp-content\/uploads\/2023\/08\/campings-finistere-bel-air.png","width":288,"height":180,"caption":"Camping Paradis Domaine de Bel Air"},"image":{"@id":"https:\/\/belaircamping.com\/de\/#\/schema\/logo\/image\/"},"sameAs":["https:\/\/www.facebook.com\/campingparadisdomainedebelair"]},{"@type":"Person","@id":"https:\/\/belaircamping.com\/de\/#\/schema\/person\/0a18d83f4a776fd150619c03aceb6a37","name":"@dmin64","image":{"@type":"ImageObject","inLanguage":"de","@id":"https:\/\/secure.gravatar.com\/avatar\/c139ef583a0e65260f6808f5628e6eca9fa8608b06e80bc14d5c39d32af667ca?s=96&d=mm&r=g","url":"https:\/\/secure.gravatar.com\/avatar\/c139ef583a0e65260f6808f5628e6eca9fa8608b06e80bc14d5c39d32af667ca?s=96&d=mm&r=g","contentUrl":"https:\/\/secure.gravatar.com\/avatar\/c139ef583a0e65260f6808f5628e6eca9fa8608b06e80bc14d5c39d32af667ca?s=96&d=mm&r=g","caption":"@dmin64"},"sameAs":["https:\/\/belaircamping.com"]}]}},"_links":{"self":[{"href":"https:\/\/belaircamping.com\/de\/wp-json\/wp\/v2\/pages\/6755","targetHints":{"allow":["GET"]}}],"collection":[{"href":"https:\/\/belaircamping.com\/de\/wp-json\/wp\/v2\/pages"}],"about":[{"href":"https:\/\/belaircamping.com\/de\/wp-json\/wp\/v2\/types\/page"}],"author":[{"embeddable":true,"href":"https:\/\/belaircamping.com\/de\/wp-json\/wp\/v2\/users\/1"}],"replies":[{"embeddable":true,"href":"https:\/\/belaircamping.com\/de\/wp-json\/wp\/v2\/comments?post=6755"}],"version-history":[{"count":7,"href":"https:\/\/belaircamping.com\/de\/wp-json\/wp\/v2\/pages\/6755\/revisions"}],"predecessor-version":[{"id":355253,"href":"https:\/\/belaircamping.com\/de\/wp-json\/wp\/v2\/pages\/6755\/revisions\/355253"}],"wp:featuredmedia":[{"embeddable":true,"href":"https:\/\/belaircamping.com\/de\/wp-json\/wp\/v2\/media\/6759"}],"wp:attachment":[{"href":"https:\/\/belaircamping.com\/de\/wp-json\/wp\/v2\/media?parent=6755"}],"curies":[{"name":"wp","href":"https:\/\/api.w.org\/{rel}","templated":true}]}}