{"id":6697,"date":"2023-06-26T10:56:30","date_gmt":"2023-06-26T08:56:30","guid":{"rendered":"https:\/\/belaircamping.com\/location-emplacement-landudec\/"},"modified":"2026-04-07T11:16:46","modified_gmt":"2026-04-07T09:16:46","slug":"location-emplacement-landudec","status":"publish","type":"page","link":"https:\/\/belaircamping.com\/de\/location-emplacement-landudec\/","title":{"rendered":"Unsere Caravaning-Stellpl\u00e4tze: Zelte, Wohnwagen, Wohnmobile"},"content":{"rendered":"\n<div class=\"wp-block-group is-style-default is-layout-constrained wp-block-group-is-layout-constrained\">\n<h1 class=\"wp-block-heading has-text-align-center has-link-color-color has-text-color\" style=\"margin-top:var(--wp--preset--spacing--60);margin-right:var(--wp--preset--spacing--60);margin-bottom:var(--wp--preset--spacing--60);margin-left:var(--wp--preset--spacing--60)\">Vermietung von Caravaning-Stellpl\u00e4tzen: Zelte, Wohnwagen und Wohnmobile in der N\u00e4he von Quimper<\/h1>\n\n\n\n<div class=\"wp-block-group is-content-justification-center is-layout-constrained wp-container-core-group-is-layout-1557714b wp-block-group-is-layout-constrained\">\n<hr class=\"wp-block-separator aligncenter has-text-color has-link-color-color has-alpha-channel-opacity has-link-color-background-color has-background is-style-default\" style=\"margin-top:var(--wp--preset--spacing--20);margin-bottom:var(--wp--preset--spacing--20)\" \/>\n<\/div>\n\n\n\n<p class=\"has-text-align-center has-white-color has-link-color-background-color has-text-color has-background has-link-color has-extra-small-font-size wp-elements-ea21492da1fd057b38a0675af925c01c\" style=\"border-radius:50px;padding-top:0;padding-bottom:0\"><strong>Unser Team empf\u00e4ngt Sie an der Rezeption des Campings. <\/strong><br\/><strong>ab 15.00 Uhr f\u00fcr Ihre Anreise und vor 11.30 Uhr f\u00fcr Ihre Abreise.<\/strong> <strong>f\u00fcr Ihre Abreise<\/strong><\/p>\n\n\n<div class=\"hebergement-filters\">\n    <div class=\"hebergement-filters__header\">\n        <div class=\"hebergement-filters__header__title\">Filter<\/div>\n        <div class=\"hebergement-filters__header__clear\"><i class=\"fas fa-times\"><\/i> Auswahl l\u00f6schen<\/div>\n    <\/div>\n\n    <div class=\"hebergement-sort\">\n        <form action=\"\" method=\"POST\" class=\"gt-resa-form\">\n            <div class=\"gt-resa-form__entry gt-resa-form__entry--ranges\">\n                <i class=\"fas fa-calendar-alt\"><\/i>\n                <input type=\"text\" placeholder=\"Arriv\u00e9e \/ d\u00e9part ...\">\n            <\/div>\n        <\/form>\n    <\/div>\n\n\n    <div class=\"hebergement-filter\" data-filter=\"types\" data-relation=\"OR\" data-title=\"Art der Unterkunft\" data-multiple=\"true\" data-default=\"\">\n        <label for=\"gt-filter-types\"><span class=\"hebergement-filter__title\">Type<\/span><\/label>\n    <\/div>\n\n    <div class=\"hebergement-filter\" data-filter=\"room\" data-relation=\"OR\" data-title=\"Anzahl der Zimmer\" data-multiple=\"true\" data-operator='sup'>\n        <label for=\"gt-filter-room\"><span class=\"hebergement-filter__title\">Anzahl der Zimmer<\/span><\/label>\n    <\/div>\n\n    <div class=\"hebergement-filter\" data-filter=\"capacity\"  data-relation=\"OR\" data-title=\"Anzahl der Personen\" data-multiple=\"true\" data-operator='sup'>\n        <label for=\"gt-filter-capacity\"><span class=\"hebergement-filter__title\">Anzahl der Personen<\/span><\/label>\n    <\/div>\n\n    <div class=\"hebergement-filter\" data-filter=\"criterions\" data-relation=\"AND\" data-title=\"Optionen\" data-multiple=\"true\">\n        <label for=\"gt-filter-criterions\"><span class=\"hebergement-filter__title\">Optionen<\/span><\/label>\n    <\/div>\n    \n    <div class=\"hebergement-sort\" data-sort=\"price\" data-title=\"Sortieren\" >        \n        <label for=\"gt-sort-price\">\n            <span class=\"hebergement-sort__title\">Sortieren<\/span>\n            <select name=\"gt-sort-price\">\n                <option value=\"true\">Preis aufsteigend<\/option>\n                <option value=\"false\">Preis absteigend<\/option>\n            <\/select>\n        <\/label>\n    <\/div>\n\n<\/div>\n\n<div class=\"hebergement-filters sticky\">\n    <div class=\"hebergement-filters__close\">\n        <i class=\"fas fa-times\"><\/i>\n    <\/div>\n    <div class=\"hebergement-filters__header\">\n        <div class=\"hebergement-filters__header__title\">Filter<\/div>\n        <div class=\"hebergement-filters__header__clear\"><i class=\"fas fa-times\"><\/i> Auswahl l\u00f6schen<\/div>\n    <\/div>\n\n\n    <!-- <div class=\"filters-separator\"><\/div> -->\n    \n\n    <div class=\"hebergement-filter\" data-filter=\"types\" data-relation=\"OR\" data-title=\"Art der Unterkunft\" data-multiple=\"true\">\n        <label for=\"gt-filter-types\"><span class=\"hebergement-filter__title\">Type<\/span><\/label>\n    <\/div>\n\n    <div class=\"hebergement-filter\" data-filter=\"room\" data-relation=\"OR\" data-title=\"Anzahl der Zimmer\" data-multiple=\"true\" data-operator='sup'>\n        <label for=\"gt-filter-room\"><span class=\"hebergement-filter__title\">Anzahl der Zimmer<\/span><\/label>\n    <\/div>\n\n    <div class=\"hebergement-filter\" data-filter=\"capacity\"  data-relation=\"OR\" data-title=\"Anzahl der Personen\" data-multiple=\"true\" data-operator='sup'>\n        <label for=\"gt-filter-capacity\"><span class=\"hebergement-filter__title\">Anzahl der Personen<\/span><\/label>\n    <\/div>\n\n    <div class=\"hebergement-filter\" data-filter=\"criterions\" data-relation=\"AND\" data-title=\"Optionen\" data-multiple=\"true\">\n        <label for=\"gt-filter-criterions\"><span class=\"hebergement-filter__title\">Optionen<\/span><\/label>\n    <\/div>\n    \n    <div class=\"hebergement-sort\" data-sort=\"price\" data-title=\"Sortieren\" >        \n        <label for=\"gt-sort-price\">\n            <span class=\"hebergement-sort__title\">Sortieren<\/span>\n            <select name=\"gt-sort-price\">\n                <option value=\"true\">Preis aufsteigend<\/option>\n                <option value=\"false\">Preis absteigend<\/option>\n            <\/select>\n        <\/label>\n    <\/div>\n\n    <div class=\"hebergement-filters__close hebergement-filters__close--btn\">\n        <div class=\"hebergement-filters__close__btn\">\n            Ergebnisse anzeigen <span><\/span>\n        <\/div>\n    <\/div>\n\n<\/div>\n\n<div class=\"hebergement-filters-nav\">\n    <div class=\"hebergement-filters-nav-btn hebergement-filters-nav-btn--modify\">\n        <i class=\"fas fa-search\"><\/i>\n        <div>Bearbeiten<\/div>\n    <\/div>\n    <div class=\"hebergement-filters-nav-btn hebergement-filters-nav-btn--filter\">\n        <i class=\"fas fa-filter\"><\/i>\n        <div>Filter<\/div>\n    <\/div>\n<\/div>\n<div \n     \n    class=\"gt-hebergements-block\" \n    style=\"\"\n>\n\n    \n                \n        <article \r\n    class=\"gt-cta gt-cta--hebergement\"\r\n            data-idSite=\"7988\"\r\n        data-idProduct=\"3\"\r\n        data-id1s='[{\"id1\":\"79815\"}]'\r\n        data-capacity='[\"6\"]'\r\n    data-room='[\"0\"]'\r\n    data-criterions='[]'\r\n    data-types='[\"Stellplatz\"]'\r\n>\r\n\r\n        \r\n        <div class=\"gt-cta__thumb\">\r\n                                        <div class=\"gt-cta__thumb__slick\">\r\n                                                                                        <a \r\n                            href=\"https:\/\/belaircamping.com\/de\/unterkunft\/stellplatz-premium-suite\/\" \r\n                            title=\"Stellplatz PREMIUM SUITE\" \r\n                            target=\"_blank\"\r\n                        >\r\n                            <img alt=\"pict_3_1\" loading=\"lazy\" decoding=\"async\" width=\"855\" height=\"570\" src=\"https:\/\/belaircamping.com\/wp-content\/uploads\/2026\/04\/pict_3_1.jpg\" class=\"attachment-full size-full\" alt=\"\" srcset=\"https:\/\/belaircamping.com\/wp-content\/uploads\/2026\/04\/pict_3_1.jpg 855w, https:\/\/belaircamping.com\/wp-content\/uploads\/2026\/04\/pict_3_1-300x200.jpg 300w, https:\/\/belaircamping.com\/wp-content\/uploads\/2026\/04\/pict_3_1-768x512.jpg 768w\" sizes=\"auto, (max-width: 855px) 100vw, 855px\" \/>                        <\/a>\r\n                                                                    <a \r\n                            href=\"https:\/\/belaircamping.com\/de\/unterkunft\/stellplatz-premium-suite\/\" \r\n                            title=\"Stellplatz PREMIUM SUITE\" \r\n                            target=\"_blank\"\r\n                        >\r\n                            <img alt=\"pict_3_2\" loading=\"lazy\" decoding=\"async\" width=\"855\" height=\"570\" src=\"https:\/\/belaircamping.com\/wp-content\/uploads\/2026\/04\/pict_3_2.jpg\" class=\"attachment-full size-full\" alt=\"\" srcset=\"https:\/\/belaircamping.com\/wp-content\/uploads\/2026\/04\/pict_3_2.jpg 855w, https:\/\/belaircamping.com\/wp-content\/uploads\/2026\/04\/pict_3_2-300x200.jpg 300w, https:\/\/belaircamping.com\/wp-content\/uploads\/2026\/04\/pict_3_2-768x512.jpg 768w\" sizes=\"auto, (max-width: 855px) 100vw, 855px\" \/>                        <\/a>\r\n                                                                    <a \r\n                            href=\"https:\/\/belaircamping.com\/de\/unterkunft\/stellplatz-premium-suite\/\" \r\n                            title=\"Stellplatz PREMIUM SUITE\" \r\n                            target=\"_blank\"\r\n                        >\r\n                            <img alt=\"pict_3_3\" loading=\"lazy\" decoding=\"async\" width=\"855\" height=\"570\" src=\"https:\/\/belaircamping.com\/wp-content\/uploads\/2026\/04\/pict_3_3.jpg\" class=\"attachment-full size-full\" alt=\"\" srcset=\"https:\/\/belaircamping.com\/wp-content\/uploads\/2026\/04\/pict_3_3.jpg 855w, https:\/\/belaircamping.com\/wp-content\/uploads\/2026\/04\/pict_3_3-300x200.jpg 300w, https:\/\/belaircamping.com\/wp-content\/uploads\/2026\/04\/pict_3_3-768x512.jpg 768w\" sizes=\"auto, (max-width: 855px) 100vw, 855px\" \/>                        <\/a>\r\n                                                                    <a \r\n                            href=\"https:\/\/belaircamping.com\/de\/unterkunft\/stellplatz-premium-suite\/\" \r\n                            title=\"Stellplatz PREMIUM SUITE\" \r\n                            target=\"_blank\"\r\n                        >\r\n                            <img alt=\"pict_3_4\" loading=\"lazy\" decoding=\"async\" width=\"900\" height=\"600\" src=\"https:\/\/belaircamping.com\/wp-content\/uploads\/2026\/04\/pict_3_4.jpg\" class=\"attachment-full size-full\" alt=\"\" srcset=\"https:\/\/belaircamping.com\/wp-content\/uploads\/2026\/04\/pict_3_4.jpg 900w, https:\/\/belaircamping.com\/wp-content\/uploads\/2026\/04\/pict_3_4-300x200.jpg 300w, https:\/\/belaircamping.com\/wp-content\/uploads\/2026\/04\/pict_3_4-768x512.jpg 768w\" sizes=\"auto, (max-width: 900px) 100vw, 900px\" \/>                        <\/a>\r\n                                    <\/div>\r\n                    <\/div>\r\n\r\n        <div class=\"gt-cta__price-call\"><\/div>\r\n    <a \r\n        href=\"https:\/\/belaircamping.com\/de\/unterkunft\/stellplatz-premium-suite\/\" \r\n        title=\"Stellplatz PREMIUM SUITE\" \r\n        class=\"gt-cta__link\"\r\n        onclick=\"window.open(this.href,'_blank');return false;\"\r\n    >\r\n        <div class=\"gt-cta__content\">\r\n            <div class=\"gt-cta__content__left\">\r\n                <div class=\"gt-cta__title\">\r\n                    Stellplatz PREMIUM SUITE                <\/div>\r\n                <div class=\"gt-cta__subtitle\">\r\n                                                        <\/div>\r\n                <div class=\"gt-cta__dispo\">\r\n                <\/div>\r\n            <\/div>\r\n            <div class=\"gt-cta__content__right\">\r\n                <div class=\"gt-cta__capacity\">\r\n                                            <span>6<\/span>\r\n                                    <\/div>\r\n                <div class=\"gt-cta__price__wrap\">\r\n                    <div class=\"gt-cta__price-before\"><\/div>\r\n                    <div class=\"gt-cta__price\"><\/div>\r\n                <\/div>\r\n            <\/div>\r\n        <\/div>\r\n    <\/a>\r\n    <div class=\"gt-ellipsis\">\r\n        <div><\/div>\r\n        <div><\/div>\r\n        <div><\/div>\r\n        <div><\/div>\r\n    <\/div>\r\n   \r\n<\/article>\n    \n        <article \r\n    class=\"gt-cta gt-cta--hebergement\"\r\n            data-idSite=\"7988\"\r\n        data-idProduct=\"2\"\r\n        data-id1s='[{\"id1\":\"79815\"}]'\r\n        data-capacity='[\"6\"]'\r\n    data-room='[\"0\"]'\r\n    data-criterions='[]'\r\n    data-types='[\"Stellplatz\"]'\r\n>\r\n\r\n        \r\n        <div class=\"gt-cta__thumb\">\r\n                                        <div class=\"gt-cta__thumb__slick\">\r\n                                                                                        <a \r\n                            href=\"https:\/\/belaircamping.com\/de\/unterkunft\/stellplatz-premium\/\" \r\n                            title=\"Stellplatz PREMIUM\" \r\n                            target=\"_blank\"\r\n                        >\r\n                            <img alt=\"pict_2_1\" loading=\"lazy\" decoding=\"async\" width=\"855\" height=\"570\" src=\"https:\/\/belaircamping.com\/wp-content\/uploads\/2026\/04\/pict_2_1.jpg\" class=\"attachment-full size-full\" alt=\"\" srcset=\"https:\/\/belaircamping.com\/wp-content\/uploads\/2026\/04\/pict_2_1.jpg 855w, https:\/\/belaircamping.com\/wp-content\/uploads\/2026\/04\/pict_2_1-300x200.jpg 300w, https:\/\/belaircamping.com\/wp-content\/uploads\/2026\/04\/pict_2_1-768x512.jpg 768w\" sizes=\"auto, (max-width: 855px) 100vw, 855px\" \/>                        <\/a>\r\n                                                                    <a \r\n                            href=\"https:\/\/belaircamping.com\/de\/unterkunft\/stellplatz-premium\/\" \r\n                            title=\"Stellplatz PREMIUM\" \r\n                            target=\"_blank\"\r\n                        >\r\n                            <img alt=\"pict_2_2\" loading=\"lazy\" decoding=\"async\" width=\"855\" height=\"570\" src=\"https:\/\/belaircamping.com\/wp-content\/uploads\/2026\/04\/pict_2_2.jpg\" class=\"attachment-full size-full\" alt=\"\" srcset=\"https:\/\/belaircamping.com\/wp-content\/uploads\/2026\/04\/pict_2_2.jpg 855w, https:\/\/belaircamping.com\/wp-content\/uploads\/2026\/04\/pict_2_2-300x200.jpg 300w, https:\/\/belaircamping.com\/wp-content\/uploads\/2026\/04\/pict_2_2-768x512.jpg 768w\" sizes=\"auto, (max-width: 855px) 100vw, 855px\" \/>                        <\/a>\r\n                                                            <\/div>\r\n                    <\/div>\r\n\r\n        <div class=\"gt-cta__price-call\"><\/div>\r\n    <a \r\n        href=\"https:\/\/belaircamping.com\/de\/unterkunft\/stellplatz-premium\/\" \r\n        title=\"Stellplatz PREMIUM\" \r\n        class=\"gt-cta__link\"\r\n        onclick=\"window.open(this.href,'_blank');return false;\"\r\n    >\r\n        <div class=\"gt-cta__content\">\r\n            <div class=\"gt-cta__content__left\">\r\n                <div class=\"gt-cta__title\">\r\n                    Stellplatz PREMIUM                <\/div>\r\n                <div class=\"gt-cta__subtitle\">\r\n                                                        <\/div>\r\n                <div class=\"gt-cta__dispo\">\r\n                <\/div>\r\n            <\/div>\r\n            <div class=\"gt-cta__content__right\">\r\n                <div class=\"gt-cta__capacity\">\r\n                                            <span>6<\/span>\r\n                                    <\/div>\r\n                <div class=\"gt-cta__price__wrap\">\r\n                    <div class=\"gt-cta__price-before\"><\/div>\r\n                    <div class=\"gt-cta__price\"><\/div>\r\n                <\/div>\r\n            <\/div>\r\n        <\/div>\r\n    <\/a>\r\n    <div class=\"gt-ellipsis\">\r\n        <div><\/div>\r\n        <div><\/div>\r\n        <div><\/div>\r\n        <div><\/div>\r\n    <\/div>\r\n   \r\n<\/article>\n    \n        <article \r\n    class=\"gt-cta gt-cta--hebergement\"\r\n            data-idSite=\"7988\"\r\n        data-idProduct=\"4\"\r\n        data-id1s='[{\"id1\":\"79815\"}]'\r\n        data-capacity='[\"6\"]'\r\n    data-room='[\"0\"]'\r\n    data-criterions='[]'\r\n    data-types='[\"Stellplatz\"]'\r\n>\r\n\r\n        \r\n        <div class=\"gt-cta__thumb\">\r\n                                        <div class=\"gt-cta__thumb__slick\">\r\n                                                                                        <a \r\n                            href=\"https:\/\/belaircamping.com\/de\/unterkunft\/stellplatz-premium-suite-xl\/\" \r\n                            title=\"Stellplatz PREMIUM SUITE XL\" \r\n                            target=\"_blank\"\r\n                        >\r\n                            <img alt=\"pict_4_1\" loading=\"lazy\" decoding=\"async\" width=\"855\" height=\"570\" src=\"https:\/\/belaircamping.com\/wp-content\/uploads\/2026\/04\/pict_4_1.jpg\" class=\"attachment-full size-full\" alt=\"\" srcset=\"https:\/\/belaircamping.com\/wp-content\/uploads\/2026\/04\/pict_4_1.jpg 855w, https:\/\/belaircamping.com\/wp-content\/uploads\/2026\/04\/pict_4_1-300x200.jpg 300w, https:\/\/belaircamping.com\/wp-content\/uploads\/2026\/04\/pict_4_1-768x512.jpg 768w\" sizes=\"auto, (max-width: 855px) 100vw, 855px\" \/>                        <\/a>\r\n                                                                    <a \r\n                            href=\"https:\/\/belaircamping.com\/de\/unterkunft\/stellplatz-premium-suite-xl\/\" \r\n                            title=\"Stellplatz PREMIUM SUITE XL\" \r\n                            target=\"_blank\"\r\n                        >\r\n                            <img alt=\"pict_4_2\" loading=\"lazy\" decoding=\"async\" width=\"855\" height=\"570\" src=\"https:\/\/belaircamping.com\/wp-content\/uploads\/2026\/04\/pict_4_2.jpg\" class=\"attachment-full size-full\" alt=\"\" srcset=\"https:\/\/belaircamping.com\/wp-content\/uploads\/2026\/04\/pict_4_2.jpg 855w, https:\/\/belaircamping.com\/wp-content\/uploads\/2026\/04\/pict_4_2-300x200.jpg 300w, https:\/\/belaircamping.com\/wp-content\/uploads\/2026\/04\/pict_4_2-768x512.jpg 768w\" sizes=\"auto, (max-width: 855px) 100vw, 855px\" \/>                        <\/a>\r\n                                                                    <a \r\n                            href=\"https:\/\/belaircamping.com\/de\/unterkunft\/stellplatz-premium-suite-xl\/\" \r\n                            title=\"Stellplatz PREMIUM SUITE XL\" \r\n                            target=\"_blank\"\r\n                        >\r\n                            <img alt=\"pict_4_3\" loading=\"lazy\" decoding=\"async\" width=\"900\" height=\"600\" src=\"https:\/\/belaircamping.com\/wp-content\/uploads\/2026\/04\/pict_4_3.jpg\" class=\"attachment-full size-full\" alt=\"\" srcset=\"https:\/\/belaircamping.com\/wp-content\/uploads\/2026\/04\/pict_4_3.jpg 900w, https:\/\/belaircamping.com\/wp-content\/uploads\/2026\/04\/pict_4_3-300x200.jpg 300w, https:\/\/belaircamping.com\/wp-content\/uploads\/2026\/04\/pict_4_3-768x512.jpg 768w\" sizes=\"auto, (max-width: 900px) 100vw, 900px\" \/>                        <\/a>\r\n                                                                    <a \r\n                            href=\"https:\/\/belaircamping.com\/de\/unterkunft\/stellplatz-premium-suite-xl\/\" \r\n                            title=\"Stellplatz PREMIUM SUITE XL\" \r\n                            target=\"_blank\"\r\n                        >\r\n                            <img alt=\"pict_4_4\" loading=\"lazy\" decoding=\"async\" width=\"900\" height=\"600\" src=\"https:\/\/belaircamping.com\/wp-content\/uploads\/2026\/04\/pict_4_4.jpg\" class=\"attachment-full size-full\" alt=\"\" srcset=\"https:\/\/belaircamping.com\/wp-content\/uploads\/2026\/04\/pict_4_4.jpg 900w, https:\/\/belaircamping.com\/wp-content\/uploads\/2026\/04\/pict_4_4-300x200.jpg 300w, https:\/\/belaircamping.com\/wp-content\/uploads\/2026\/04\/pict_4_4-768x512.jpg 768w\" sizes=\"auto, (max-width: 900px) 100vw, 900px\" \/>                        <\/a>\r\n                                    <\/div>\r\n                    <\/div>\r\n\r\n        <div class=\"gt-cta__price-call\"><\/div>\r\n    <a \r\n        href=\"https:\/\/belaircamping.com\/de\/unterkunft\/stellplatz-premium-suite-xl\/\" \r\n        title=\"Stellplatz PREMIUM SUITE XL\" \r\n        class=\"gt-cta__link\"\r\n        onclick=\"window.open(this.href,'_blank');return false;\"\r\n    >\r\n        <div class=\"gt-cta__content\">\r\n            <div class=\"gt-cta__content__left\">\r\n                <div class=\"gt-cta__title\">\r\n                    Stellplatz PREMIUM SUITE XL                <\/div>\r\n                <div class=\"gt-cta__subtitle\">\r\n                                                        <\/div>\r\n                <div class=\"gt-cta__dispo\">\r\n                <\/div>\r\n            <\/div>\r\n            <div class=\"gt-cta__content__right\">\r\n                <div class=\"gt-cta__capacity\">\r\n                                            <span>6<\/span>\r\n                                    <\/div>\r\n                <div class=\"gt-cta__price__wrap\">\r\n                    <div class=\"gt-cta__price-before\"><\/div>\r\n                    <div class=\"gt-cta__price\"><\/div>\r\n                <\/div>\r\n            <\/div>\r\n        <\/div>\r\n    <\/a>\r\n    <div class=\"gt-ellipsis\">\r\n        <div><\/div>\r\n        <div><\/div>\r\n        <div><\/div>\r\n        <div><\/div>\r\n    <\/div>\r\n   \r\n<\/article>\n    \n        <article \r\n    class=\"gt-cta gt-cta--hebergement\"\r\n            data-idSite=\"7988\"\r\n        data-idProduct=\"60\"\r\n        data-id1s='[{\"id1\":\"79815\"}]'\r\n        data-capacity='[\"6\"]'\r\n    data-room='[\"0\"]'\r\n    data-criterions='[]'\r\n    data-types='[\"Stellplatz\"]'\r\n>\r\n\r\n        \r\n        <div class=\"gt-cta__thumb\">\r\n                                        <div class=\"gt-cta__thumb__slick\">\r\n                                                                                        <a \r\n                            href=\"https:\/\/belaircamping.com\/de\/unterkunft\/emplacement-nu-sans-electricite\/\" \r\n                            title=\"Emplacement nu sans \u00e9lectricit\u00e9\" \r\n                            target=\"_blank\"\r\n                        >\r\n                            <img alt=\"pict_60_1\" loading=\"lazy\" decoding=\"async\" width=\"855\" height=\"570\" src=\"https:\/\/belaircamping.com\/wp-content\/uploads\/2025\/11\/pict_60_1.jpg\" class=\"attachment-full size-full not-transparent\" alt=\"\" srcset=\"https:\/\/belaircamping.com\/wp-content\/uploads\/2025\/11\/pict_60_1.jpg 855w, https:\/\/belaircamping.com\/wp-content\/uploads\/2025\/11\/pict_60_1-300x200.jpg 300w, https:\/\/belaircamping.com\/wp-content\/uploads\/2025\/11\/pict_60_1-768x512.jpg 768w\" sizes=\"auto, (max-width: 855px) 100vw, 855px\" data-has-transparency=\"false\" data-dominant-color=\"6c775b\" style=\"--dominant-color: #6c775b;\" \/>                        <\/a>\r\n                                                                    <a \r\n                            href=\"https:\/\/belaircamping.com\/de\/unterkunft\/emplacement-nu-sans-electricite\/\" \r\n                            title=\"Emplacement nu sans \u00e9lectricit\u00e9\" \r\n                            target=\"_blank\"\r\n                        >\r\n                            <img alt=\"pict_60_2\" loading=\"lazy\" decoding=\"async\" width=\"760\" height=\"506\" src=\"https:\/\/belaircamping.com\/wp-content\/uploads\/2025\/11\/pict_60_2.jpg\" class=\"attachment-full size-full not-transparent\" alt=\"\" srcset=\"https:\/\/belaircamping.com\/wp-content\/uploads\/2025\/11\/pict_60_2.jpg 760w, https:\/\/belaircamping.com\/wp-content\/uploads\/2025\/11\/pict_60_2-300x200.jpg 300w\" sizes=\"auto, (max-width: 760px) 100vw, 760px\" data-has-transparency=\"false\" data-dominant-color=\"828b74\" style=\"--dominant-color: #828b74;\" \/>                        <\/a>\r\n                                                            <\/div>\r\n                    <\/div>\r\n\r\n        <div class=\"gt-cta__price-call\"><\/div>\r\n    <a \r\n        href=\"https:\/\/belaircamping.com\/de\/unterkunft\/emplacement-nu-sans-electricite\/\" \r\n        title=\"Emplacement nu sans \u00e9lectricit\u00e9\" \r\n        class=\"gt-cta__link\"\r\n        onclick=\"window.open(this.href,'_blank');return false;\"\r\n    >\r\n        <div class=\"gt-cta__content\">\r\n            <div class=\"gt-cta__content__left\">\r\n                <div class=\"gt-cta__title\">\r\n                    Emplacement nu sans \u00e9lectricit\u00e9                <\/div>\r\n                <div class=\"gt-cta__subtitle\">\r\n                                                        <\/div>\r\n                <div class=\"gt-cta__dispo\">\r\n                <\/div>\r\n            <\/div>\r\n            <div class=\"gt-cta__content__right\">\r\n                <div class=\"gt-cta__capacity\">\r\n                                            <span>6<\/span>\r\n                                    <\/div>\r\n                <div class=\"gt-cta__price__wrap\">\r\n                    <div class=\"gt-cta__price-before\"><\/div>\r\n                    <div class=\"gt-cta__price\"><\/div>\r\n                <\/div>\r\n            <\/div>\r\n        <\/div>\r\n    <\/a>\r\n    <div class=\"gt-ellipsis\">\r\n        <div><\/div>\r\n        <div><\/div>\r\n        <div><\/div>\r\n        <div><\/div>\r\n    <\/div>\r\n   \r\n<\/article>\n    \n        <article \r\n    class=\"gt-cta gt-cta--hebergement\"\r\n            data-idSite=\"7988\"\r\n        data-idProduct=\"1\"\r\n        data-id1s='[{\"id1\":\"79815\"}]'\r\n        data-capacity='[\"6\"]'\r\n    data-room='[\"0\"]'\r\n    data-criterions='[]'\r\n    data-types='[\"Stellplatz\"]'\r\n>\r\n\r\n        \r\n        <div class=\"gt-cta__thumb\">\r\n                                        <div class=\"gt-cta__thumb__slick\">\r\n                                                                                        <a \r\n                            href=\"https:\/\/belaircamping.com\/de\/unterkunft\/klassischer-stellplatz\/\" \r\n                            title=\"Klassischer Stellplatz\" \r\n                            target=\"_blank\"\r\n                        >\r\n                            <img alt=\"pict_1_1\" loading=\"lazy\" decoding=\"async\" width=\"760\" height=\"506\" src=\"https:\/\/belaircamping.com\/wp-content\/uploads\/2026\/04\/pict_1_1.jpg\" class=\"attachment-full size-full\" alt=\"\" srcset=\"https:\/\/belaircamping.com\/wp-content\/uploads\/2026\/04\/pict_1_1.jpg 760w, https:\/\/belaircamping.com\/wp-content\/uploads\/2026\/04\/pict_1_1-300x200.jpg 300w\" sizes=\"auto, (max-width: 760px) 100vw, 760px\" \/>                        <\/a>\r\n                                                                    <a \r\n                            href=\"https:\/\/belaircamping.com\/de\/unterkunft\/klassischer-stellplatz\/\" \r\n                            title=\"Klassischer Stellplatz\" \r\n                            target=\"_blank\"\r\n                        >\r\n                            <img alt=\"pict_1_2\" loading=\"lazy\" decoding=\"async\" width=\"760\" height=\"506\" src=\"https:\/\/belaircamping.com\/wp-content\/uploads\/2026\/04\/pict_1_2.jpg\" class=\"attachment-full size-full\" alt=\"\" srcset=\"https:\/\/belaircamping.com\/wp-content\/uploads\/2026\/04\/pict_1_2.jpg 760w, https:\/\/belaircamping.com\/wp-content\/uploads\/2026\/04\/pict_1_2-300x200.jpg 300w\" sizes=\"auto, (max-width: 760px) 100vw, 760px\" \/>                        <\/a>\r\n                                                                    <a \r\n                            href=\"https:\/\/belaircamping.com\/de\/unterkunft\/klassischer-stellplatz\/\" \r\n                            title=\"Klassischer Stellplatz\" \r\n                            target=\"_blank\"\r\n                        >\r\n                            <img alt=\"pict_1_3\" loading=\"lazy\" decoding=\"async\" width=\"855\" height=\"570\" src=\"https:\/\/belaircamping.com\/wp-content\/uploads\/2026\/04\/pict_1_3.jpg\" class=\"attachment-full size-full\" alt=\"\" srcset=\"https:\/\/belaircamping.com\/wp-content\/uploads\/2026\/04\/pict_1_3.jpg 855w, https:\/\/belaircamping.com\/wp-content\/uploads\/2026\/04\/pict_1_3-300x200.jpg 300w, https:\/\/belaircamping.com\/wp-content\/uploads\/2026\/04\/pict_1_3-768x512.jpg 768w\" sizes=\"auto, (max-width: 855px) 100vw, 855px\" \/>                        <\/a>\r\n                                                                    <a \r\n                            href=\"https:\/\/belaircamping.com\/de\/unterkunft\/klassischer-stellplatz\/\" \r\n                            title=\"Klassischer Stellplatz\" \r\n                            target=\"_blank\"\r\n                        >\r\n                            <img alt=\"pict_1_5\" loading=\"lazy\" decoding=\"async\" width=\"1225\" height=\"815\" src=\"https:\/\/belaircamping.com\/wp-content\/uploads\/2026\/04\/pict_1_5.jpg\" class=\"attachment-full size-full\" alt=\"\" srcset=\"https:\/\/belaircamping.com\/wp-content\/uploads\/2026\/04\/pict_1_5.jpg 1225w, https:\/\/belaircamping.com\/wp-content\/uploads\/2026\/04\/pict_1_5-300x200.jpg 300w, https:\/\/belaircamping.com\/wp-content\/uploads\/2026\/04\/pict_1_5-1024x681.jpg 1024w, https:\/\/belaircamping.com\/wp-content\/uploads\/2026\/04\/pict_1_5-768x511.jpg 768w\" sizes=\"auto, (max-width: 1225px) 100vw, 1225px\" \/>                        <\/a>\r\n                                    <\/div>\r\n                    <\/div>\r\n\r\n        <div class=\"gt-cta__price-call\"><\/div>\r\n    <a \r\n        href=\"https:\/\/belaircamping.com\/de\/unterkunft\/klassischer-stellplatz\/\" \r\n        title=\"Klassischer Stellplatz\" \r\n        class=\"gt-cta__link\"\r\n        onclick=\"window.open(this.href,'_blank');return false;\"\r\n    >\r\n        <div class=\"gt-cta__content\">\r\n            <div class=\"gt-cta__content__left\">\r\n                <div class=\"gt-cta__title\">\r\n                    Klassischer Stellplatz                <\/div>\r\n                <div class=\"gt-cta__subtitle\">\r\n                                                        <\/div>\r\n                <div class=\"gt-cta__dispo\">\r\n                <\/div>\r\n            <\/div>\r\n            <div class=\"gt-cta__content__right\">\r\n                <div class=\"gt-cta__capacity\">\r\n                                            <span>6<\/span>\r\n                                    <\/div>\r\n                <div class=\"gt-cta__price__wrap\">\r\n                    <div class=\"gt-cta__price-before\"><\/div>\r\n                    <div class=\"gt-cta__price\"><\/div>\r\n                <\/div>\r\n            <\/div>\r\n        <\/div>\r\n    <\/a>\r\n    <div class=\"gt-ellipsis\">\r\n        <div><\/div>\r\n        <div><\/div>\r\n        <div><\/div>\r\n        <div><\/div>\r\n    <\/div>\r\n   \r\n<\/article>\n                \n<\/div><\/div>\n\n<div class=\"wp-block-group is-layout-constrained wp-block-group-is-layout-constrained\" style=\"padding-top:var(--wp--preset--spacing--60);padding-bottom:var(--wp--preset--spacing--60)\">\n<div class=\"wp-block-columns are-vertically-aligned-center is-layout-flex wp-container-core-columns-is-layout-28f84493 wp-block-columns-is-layout-flex\">\n<div class=\"wp-block-column is-vertically-aligned-center is-layout-flow wp-block-column-is-layout-flow\">\n<div class=\"wp-block-group is-layout-flow wp-block-group-is-layout-flow\">\n<h2 class=\"wp-block-heading\">Caravaning-Stellpl\u00e4tze: Zelte, Wohnwagen, Wohnmobile im S\u00fcd-Finist\u00e8re<\/h2>\n\n\n\n<p>Sie suchen einen idealen <strong>Caravaningplatz<\/strong> <strong>in der N\u00e4he von Quimper<\/strong> f\u00fcr Ihren n\u00e4chsten Urlaub? Suchen Sie nicht weiter! Unsere Stellpl\u00e4tze warten auf Sie!<\/p>\n\n\n\n<p>Wir bieten Ihnen <strong>4 verschiedene Arten von Stellpl\u00e4tzen zur Miete in der N\u00e4he von Quimper <\/strong> an:<\/p>\n\n\n\n<ul class=\"wp-block-list\">\n<li><strong>Klassischer Stellplatz<\/strong>: <strong>90 bis 130 m\u00b2<\/strong> gro\u00dfe Fl\u00e4che, die mit einer 16-Ampere-Stromanschlussdose ausgestattet ist. Die Wasserstelle befindet sich auf dem Stellplatz oder in der N\u00e4he.<\/li>\n<\/ul>\n\n\n\n<ul class=\"wp-block-list\">\n<li><strong>PREMIUM-Stellplatz<\/strong>: Fl\u00e4che von<strong> mindestens 130 m\u00b2<\/strong>, ausgestattet mit einem 16-Ampere-Elektroanschluss, &#8222;Table Top&#8220;-K\u00fchlschrank, Tisch mit 6 St\u00fchlen und Sonnenschirm. Die Wasserstelle befindet sich auf dem Stellplatz.*.<\/li>\n<\/ul>\n\n\n\n<ul class=\"wp-block-list\">\n<li><strong>PREMIUM SUITE<\/strong>: Fl\u00e4che von <strong>mindestens 100 m\u00b2<\/strong>, ausgestattet mit einer Duschkabine (100&#215;80 cm), 1 Waschtisch, 1 WC, 1 Sp\u00fcle &amp; K\u00fchlschrank &#8222;Table Top&#8220;. Die Wasserstelle befindet sich auf dem Stellplatz. <br\/><\/li>\n\n\n\n<li><strong>PREMIUM SUITE XL<\/strong>: Fl\u00e4che von <strong>mindestens 200 m\u00b2<\/strong>, ausgestattet mit einer Duschkabine (100&#215;80 cm), 1 Waschtisch, 1 WC, 1 Sp\u00fcle &amp; &#8222;Table Top&#8220;-K\u00fchlschrank. Die Wasserstelle befindet sich auf dem Stellplatz.<\/li>\n<\/ul>\n<\/div>\n\n\n\n<p>**7 N\u00e4chte mindestens vom 08. Juli bis 29. August.<\/p>\n<\/div>\n\n\n\n<div class=\"wp-block-column is-vertically-aligned-center is-layout-flow wp-block-column-is-layout-flow\" style=\"flex-basis:60%\">\n<div \n\n \n\nclass=\"gt-slider-block\" \n\ndata-slick='{\"slidesToShow\":1,\"slidesToScroll\":1,\"centerMode\":false,\"arrows\":false,\"dots\":true,\"autoplay\":true,\"autoplaySpeed\":2000}'\n\ndata-style=\"\"\n>\n\n\n\n    <div class=\"acf-innerblocks-container\">\n\n<div class=\"wp-block-group overflow-hidden is-layout-flow wp-block-group-is-layout-flow\" style=\"border-top-left-radius:2rem;border-bottom-right-radius:2rem\">\n<figure class=\"wp-block-gallery has-nested-images columns-default is-cropped wp-block-gallery-1 is-layout-flex wp-block-gallery-is-layout-flex\">\n<figure class=\"wp-block-image size-full\"><img data-dominant-color=\"4e5c36\" data-has-transparency=\"false\" style=\"--dominant-color: #4e5c36;\" loading=\"lazy\" decoding=\"async\" width=\"900\" height=\"600\" sizes=\"auto, (max-width: min(calc(100% - 15vw), 900px)) 100vw, min(calc(100% - 15vw), 900px)\" data-id=\"352623\" src=\"https:\/\/belaircamping.com\/wp-content\/uploads\/2025\/10\/N145AF1.jpg\" alt=\"Premium Stellplatz mit K&#xFC;hlschrank (Mini-K&#xFC;hlschrank) - Camping Paradis Domaine de Bel Air - Finist&#xE8;re Sud\" class=\"wp-image-352623 not-transparent\" srcset=\"https:\/\/belaircamping.com\/wp-content\/uploads\/2025\/10\/N145AF1.jpg 900w, https:\/\/belaircamping.com\/wp-content\/uploads\/2025\/10\/N145AF1-300x200.jpg 300w, https:\/\/belaircamping.com\/wp-content\/uploads\/2025\/10\/N145AF1-768x512.jpg 768w\" \/><\/figure>\n\n\n\n<figure class=\"wp-block-image size-full\"><img data-dominant-color=\"76754f\" data-has-transparency=\"false\" style=\"--dominant-color: #76754f;\" loading=\"lazy\" decoding=\"async\" width=\"900\" height=\"600\" sizes=\"auto, (max-width: min(calc(100% - 15vw), 900px)) 100vw, min(calc(100% - 15vw), 900px)\" data-id=\"352617\" src=\"https:\/\/belaircamping.com\/wp-content\/uploads\/2025\/10\/N116-X4.jpg\" alt=\"Premium Suite Stellplatz mit K&#xFC;hlschrank, Gartenm&#xF6;beln - Camping Paradis Domaine de Bel Air - Finist&#xE8;re Sud\" class=\"wp-image-352617 not-transparent\" srcset=\"https:\/\/belaircamping.com\/wp-content\/uploads\/2025\/10\/N116-X4.jpg 900w, https:\/\/belaircamping.com\/wp-content\/uploads\/2025\/10\/N116-X4-300x200.jpg 300w, https:\/\/belaircamping.com\/wp-content\/uploads\/2025\/10\/N116-X4-768x512.jpg 768w\" \/><\/figure>\n\n\n\n<figure class=\"wp-block-image size-full\"><img data-dominant-color=\"707b60\" data-has-transparency=\"false\" style=\"--dominant-color: #707b60;\" loading=\"lazy\" decoding=\"async\" width=\"900\" height=\"600\" sizes=\"auto, (max-width: min(calc(100% - 15vw), 900px)) 100vw, min(calc(100% - 15vw), 900px)\" data-id=\"352595\" src=\"https:\/\/belaircamping.com\/wp-content\/uploads\/2025\/10\/N1C3821.jpg\" alt=\"Stellplatz Premium Suite XL - Ger&#xE4;umiger Stellplatz mit Bad und Geschirrsp&#xFC;lbereich - Camping Paradis Domaine de Bel Air\" class=\"wp-image-352595 not-transparent\" srcset=\"https:\/\/belaircamping.com\/wp-content\/uploads\/2025\/10\/N1C3821.jpg 900w, https:\/\/belaircamping.com\/wp-content\/uploads\/2025\/10\/N1C3821-300x200.jpg 300w, https:\/\/belaircamping.com\/wp-content\/uploads\/2025\/10\/N1C3821-768x512.jpg 768w\" \/><\/figure>\n\n\n\n<figure class=\"wp-block-image size-full\"><img data-dominant-color=\"b7b0a8\" data-has-transparency=\"false\" style=\"--dominant-color: #b7b0a8;\" loading=\"lazy\" decoding=\"async\" width=\"900\" height=\"600\" sizes=\"auto, (max-width: min(calc(100% - 15vw), 900px)) 100vw, min(calc(100% - 15vw), 900px)\" data-id=\"352601\" src=\"https:\/\/belaircamping.com\/wp-content\/uploads\/2025\/10\/N115-23.jpg\" alt=\"Stellplatz Premium Suite XL - Ger&#xE4;umiger Stellplatz mit Bad und Geschirrsp&#xFC;lbereich - Camping Paradis Domaine de Bel Air\" class=\"wp-image-352601 not-transparent\" srcset=\"https:\/\/belaircamping.com\/wp-content\/uploads\/2025\/10\/N115-23.jpg 900w, https:\/\/belaircamping.com\/wp-content\/uploads\/2025\/10\/N115-23-300x200.jpg 300w, https:\/\/belaircamping.com\/wp-content\/uploads\/2025\/10\/N115-23-768x512.jpg 768w\" \/><\/figure>\n\n\n\n<figure class=\"wp-block-image size-full\"><img data-dominant-color=\"b4aea7\" data-has-transparency=\"false\" style=\"--dominant-color: #b4aea7;\" loading=\"lazy\" decoding=\"async\" width=\"900\" height=\"600\" sizes=\"auto, (max-width: min(calc(100% - 15vw), 900px)) 100vw, min(calc(100% - 15vw), 900px)\" data-id=\"352604\" src=\"https:\/\/belaircamping.com\/wp-content\/uploads\/2025\/10\/N115-22.jpg\" alt=\"Stellplatz Premium Suite XL - Ger&#xE4;umiger Stellplatz mit Bad und Geschirrsp&#xFC;lbereich - Camping Paradis Domaine de Bel Air\" class=\"wp-image-352604 not-transparent\" srcset=\"https:\/\/belaircamping.com\/wp-content\/uploads\/2025\/10\/N115-22.jpg 900w, https:\/\/belaircamping.com\/wp-content\/uploads\/2025\/10\/N115-22-300x200.jpg 300w, https:\/\/belaircamping.com\/wp-content\/uploads\/2025\/10\/N115-22-768x512.jpg 768w\" \/><\/figure>\n<\/figure>\n<\/div>\n\n<\/div>\n\n\n\n<\/div><\/div>\n<\/div>\n<\/div>\n\n<div class=\"wp-block-group is-layout-constrained wp-container-core-group-is-layout-93950730 wp-block-group-is-layout-constrained\" style=\"margin-top:0;margin-bottom:0;padding-top:var(--wp--preset--spacing--80);padding-bottom:var(--wp--preset--spacing--80)\">\n<div class=\"wp-block-columns is-layout-flex wp-container-core-columns-is-layout-08c01c1c wp-block-columns-is-layout-flex\">\n<div class=\"wp-block-column is-vertically-aligned-top is-layout-flow wp-container-core-column-is-layout-119bc444 wp-block-column-is-layout-flow\" style=\"flex-basis:60%\">\n<figure class=\"wp-block-image size-full has-custom-border alignfull overflow-hidden\"><img data-dominant-color=\"7a815e\" data-has-transparency=\"false\" loading=\"lazy\" decoding=\"async\" width=\"760\" height=\"570\" sizes=\"auto, (max-width: min(calc(100% - 15vw), 760px)) 100vw, min(calc(100% - 15vw), 760px)\" src=\"https:\/\/belaircamping.com\/wp-content\/uploads\/2024\/01\/pict_2_2-1.jpg\" alt=\"Vermietung von K&#xFC;hlschr&#xE4;nken und Grills f&#xFC;r Caravaning-Stellpl&#xE4;tze: Zelte, Wohnwagen und Wohnmobile - Camping Paradis domaine de bel air - landeduc - finist&#xE8;re sud\" class=\"wp-image-349211 not-transparent\" style=\"--dominant-color: #7a815e; border-top-left-radius:2rem;border-top-right-radius:2rem;border-bottom-left-radius:2rem\" srcset=\"https:\/\/belaircamping.com\/wp-content\/uploads\/2024\/01\/pict_2_2-1.jpg 760w, https:\/\/belaircamping.com\/wp-content\/uploads\/2024\/01\/pict_2_2-1-300x225.jpg 300w\" \/><\/figure>\n\n\n\n<div class=\"wp-block-columns is-layout-flex wp-container-core-columns-is-layout-28f84493 wp-block-columns-is-layout-flex\">\n<div class=\"wp-block-column is-layout-flow wp-block-column-is-layout-flow\">\n<figure class=\"wp-block-image size-full\"><img data-dominant-color=\"afb9a8\" data-has-transparency=\"false\" style=\"--dominant-color: #afb9a8;\" loading=\"lazy\" decoding=\"async\" width=\"800\" height=\"532\" sizes=\"auto, (max-width: min(calc(100% - 15vw), 800px)) 100vw, min(calc(100% - 15vw), 800px)\" src=\"https:\/\/belaircamping.com\/wp-content\/uploads\/2024\/10\/pict_1_5.jpg\" alt=\"Stellplatz Caravaning-Stellplatz: Zelt, Wohnwagen, Wohnmobil - Camping Paradis Domaine de Bel Air - Landudec - Finist&#xE8;re Sud\" class=\"wp-image-349452 not-transparent\" srcset=\"https:\/\/belaircamping.com\/wp-content\/uploads\/2024\/10\/pict_1_5.jpg 800w, https:\/\/belaircamping.com\/wp-content\/uploads\/2024\/10\/pict_1_5-300x200.jpg 300w, https:\/\/belaircamping.com\/wp-content\/uploads\/2024\/10\/pict_1_5-768x511.jpg 768w\" \/><\/figure>\n<\/div>\n<\/div>\n<\/div>\n\n\n\n<div class=\"wp-block-column is-vertically-aligned-center is-layout-flow wp-block-column-is-layout-flow\" style=\"flex-basis:40%\">\n<div class=\"wp-block-group is-layout-flow wp-block-group-is-layout-flow\" style=\"padding-right:var(--wp--preset--spacing--40);padding-bottom:0;padding-left:var(--wp--preset--spacing--40)\">\n<h2 class=\"wp-block-heading\">Was Sie bei Ihrem Aufenthalt auf einem Caravaning-Stellplatz wissen sollten<\/h2>\n\n\n\n<p>Jeder Stellplatz ist mit einem <strong>Parkplatz <\/strong>ausgestattet, der in die Parzelle integriert ist und Ihnen einen <strong>einfachen Zugang zu<\/strong> Ihrem Fahrzeug bietet, um Ihre n\u00e4chsten <a href=\"https:\/\/belaircamping.com\/de\/camping-bretagne-inseln\/\">Ausfl\u00fcge zum Hafen von Audierne oder zum Wassersportzentrum von Plouhinec zu<\/a> organisieren. Genie\u00dfen Sie den Raum, die Privatsph\u00e4re und den Komfort, den Sie brauchen, um Ihre Batterien wieder aufzuladen. <\/p>\n\n\n\n<p>Der<strong> moderne und beheizte Sanit\u00e4rbereich <\/strong>verf\u00fcgt \u00fcber<strong> Badezimmer<\/strong> <strong>f\u00fcr<\/strong><strong> Erwachsene<\/strong> mit Dusche und Waschbecken, <strong>Badezimmer<\/strong> f\u00fcr <strong>Kinder<\/strong> mit Waschbecken, <strong>WC f\u00fcr Erwachsene und Kinder<\/strong>, <strong>Badezimmer f\u00fcr<\/strong> <strong>Babys mit Badewanne und Wickeltisch<\/strong>, <strong>Badezimmer f\u00fcr Personen mit eingeschr\u00e4nkter Mobilit\u00e4t<\/strong> <strong>(PMR)<\/strong>.<br\/><br\/>Die<strong> Vermietung von K\u00fchlschr\u00e4nken <\/strong>des Typs &#8222;Table Top&#8220; ist auch <strong>auf unseren Zelt-, Wohnwagen- und Wohnmobilstellpl\u00e4tzen<\/strong> in Ihrem Camping Paradis Domaine de Bel Air m\u00f6glich. Er h\u00e4lt Ihre Lebensmittel w\u00e4hrend Ihres gesamten Aufenthalts frisch.   <strong>Ideal bei gro\u00dfer Hitze im s\u00fcdlichen Finist\u00e8re.<\/strong> <br\/><br\/>Auf unseren Stellpl\u00e4tzen <strong>sind nur Kohle- oder Gasgrills erlaubt<\/strong>. <strong>Elektrische Grills sind<\/strong> aus Sicherheitsgr\u00fcnden <strong>strengstens verboten<\/strong>. Wir vermieten <strong>Kohlegrills<\/strong>, bitte besuchen Sie uns <strong>im Lebensmittelgesch\u00e4ft<\/strong>.  <br\/><br\/><br\/><\/p>\n<\/div>\n<\/div>\n<\/div>\n<\/div>\n\n<div class=\"wp-block-group is-layout-constrained wp-container-core-group-is-layout-93950730 wp-block-group-is-layout-constrained\" style=\"margin-top:0;margin-bottom:0;padding-top:var(--wp--preset--spacing--80);padding-bottom:var(--wp--preset--spacing--80)\">\n<div class=\"wp-block-columns is-layout-flex wp-container-core-columns-is-layout-08c01c1c wp-block-columns-is-layout-flex\">\n<div class=\"wp-block-column is-vertically-aligned-center is-layout-flow wp-block-column-is-layout-flow\" style=\"flex-basis:40%\">\n<div class=\"wp-block-group is-layout-flow wp-block-group-is-layout-flow\" style=\"padding-right:var(--wp--preset--spacing--40);padding-bottom:0;padding-left:var(--wp--preset--spacing--40)\">\n<h2 class=\"wp-block-heading\">Ihre Haustiere sind auf Camping Paradis Domaine de Bel Air willkommen.<\/h2>\n\n\n\n<p>Ihre <strong>vierbeinigen Freunde sind<\/strong> auf unseren Wohnwagenpl\u00e4tzen <strong>willkommen<\/strong>, wenn Sie einige Bedingungen erf\u00fcllen, die Sie untenstehend finden:<\/p>\n\n\n\n<ul class=\"wp-block-list\">\n<li><strong>Geb\u00fchr<\/strong>: <strong>4 \u20ac pro Nacht und Tier<\/strong>.<br\/><\/li>\n\n\n\n<li><strong>Anzahl<\/strong>: Wir akzeptieren <strong>maximal zwei Tiere<\/strong> (Hunde oder Katzen) pro Stellplatz. Leider sind Hunde der <strong>Kategorien 1 und 2<\/strong> aus Sicherheitsgr\u00fcnden <strong>nicht erlaubt<\/strong>. <br\/><\/li>\n\n\n\n<li>  Der <strong>Impfpass muss auf dem neuesten Stand sein<\/strong> und bei der Ankunft vorgelegt werden.<br\/><\/li>\n\n\n\n<li>Haustiere m\u00fcssen auf dem Camping <strong>an der Leine gehalten werden<\/strong>.  <\/li>\n<\/ul>\n<\/div>\n<\/div>\n\n\n\n<div class=\"wp-block-column is-vertically-aligned-top is-layout-flow wp-container-core-column-is-layout-119bc444 wp-block-column-is-layout-flow\" style=\"flex-basis:60%\">\n<figure class=\"wp-block-image size-full has-custom-border alignfull overflow-hidden\"><img data-dominant-color=\"7a836e\" data-has-transparency=\"false\" loading=\"lazy\" decoding=\"async\" width=\"1536\" height=\"2048\" sizes=\"auto, (max-width: min(calc(100% - 15vw), 1536px)) 100vw, min(calc(100% - 15vw), 1536px)\" src=\"https:\/\/belaircamping.com\/wp-content\/uploads\/2025\/10\/IMG_7018-scaled.jpeg\" alt=\"Haustiere sind auf Wohnwagenpl&#xE4;tzen erlaubt: das Paradies f&#xFC;r Hunde und Katzen auf Camping Paradis Domaine de Bel Air - in der N&#xE4;he von Quimper.  \" class=\"wp-image-352629 not-transparent\" style=\"--dominant-color: #7a836e; border-top-left-radius:2rem;border-top-right-radius:2rem;border-bottom-left-radius:2rem\" srcset=\"https:\/\/belaircamping.com\/wp-content\/uploads\/2025\/10\/IMG_7018-scaled.jpeg 1536w, https:\/\/belaircamping.com\/wp-content\/uploads\/2025\/10\/IMG_7018-225x300.jpeg 225w, https:\/\/belaircamping.com\/wp-content\/uploads\/2025\/10\/IMG_7018-768x1024.jpeg 768w, https:\/\/belaircamping.com\/wp-content\/uploads\/2025\/10\/IMG_7018-1152x1536.jpeg 1152w\" \/><\/figure>\n<\/div>\n<\/div>\n<\/div>\n\n<div class=\"wp-block-group is-layout-constrained wp-block-group-is-layout-constrained\" style=\"margin-top:0;margin-bottom:0;padding-top:var(--wp--preset--spacing--80);padding-bottom:var(--wp--preset--spacing--80)\">\n<h3 class=\"wp-block-heading has-text-align-center\"><strong>Ob Sie nun die Authentizit\u00e4t eines Campings suchen oder den Komfort eines Mobilheims bevorzugen, das Abenteuer geht weit \u00fcber Ihren Caravaning-Stellplatz hinaus! Um Ihren Aufenthalt optimal zu planen, besuchen Sie bitte unsere Seiten: Unsere Unterk\u00fcnfte, Unser Wasserpark und Die Region: <\/strong><\/h3>\n\n\n\n<p><\/p>\n\n\n\n<h2 class=\"wp-block-heading has-text-align-center\">Mehr Komfort, Eine erfrischende Pause oder <br\/>erkunden Sie das reiche Kulturerbe:  <\/h2>\n\n\n\r\n<div \r\n     \r\n    class=\"gt-maillage-block\" \r\n    style=\"\"\r\n>\r\n\r\n    \r\n        \r\n        <article \r\n    class=\"gt-cta gt-cta--page\" \r\n    style=\"aspect-ratio:1\/1\"\r\n>\r\n    <a href=\"https:\/\/belaircamping.com\/de\/sejour-en-mobil-home-finistrere-quimper-landudec\/\" title=\"Unsere Unterk\u00fcnfte\" class=\"gt-cta__link\">\r\n        <div class=\"gt-cta__thumb\">\r\n                            <img loading=\"lazy\" decoding=\"async\" width=\"800\" height=\"600\" src=\"https:\/\/belaircamping.com\/wp-content\/uploads\/2025\/10\/N11CD21.jpg\" class=\"attachment-full size-full not-transparent wp-post-image\" alt=\"Mobil-home Premiums TAOS 8 personnes Famille nombreuse - Domaine de Bel Air\" srcset=\"https:\/\/belaircamping.com\/wp-content\/uploads\/2025\/10\/N11CD21.jpg 800w, https:\/\/belaircamping.com\/wp-content\/uploads\/2025\/10\/N11CD21-300x225.jpg 300w, https:\/\/belaircamping.com\/wp-content\/uploads\/2025\/10\/N11CD21-768x576.jpg 768w\" sizes=\"auto, (max-width: 800px) 100vw, 800px\" data-has-transparency=\"false\" data-dominant-color=\"717458\" style=\"--dominant-color: #717458;\" \/>                    <\/div>\r\n        <div class=\"gt-cta__content\">\r\n            <div class=\"gt-cta__title\">\r\n                Unsere Unterk\u00fcnfte            <\/div>\r\n        <\/div>\r\n    <\/a>\r\n<\/article>\r\n    \r\n        <article \r\n    class=\"gt-cta gt-cta--page\" \r\n    style=\"aspect-ratio:1\/1\"\r\n>\r\n    <a href=\"https:\/\/belaircamping.com\/de\/camping-wasserraum-landudec\/\" title=\"Wasserraum\" class=\"gt-cta__link\">\r\n        <div class=\"gt-cta__thumb\">\r\n                            <img alt=\"camping finistere sud piscine chauffee\" loading=\"lazy\" decoding=\"async\" width=\"1799\" height=\"1200\" src=\"https:\/\/belaircamping.com\/wp-content\/uploads\/2023\/08\/camping-finistere-sud-piscine-chauffee.webp\" class=\"attachment-full size-full wp-post-image\" alt=\"\" srcset=\"https:\/\/belaircamping.com\/wp-content\/uploads\/2023\/08\/camping-finistere-sud-piscine-chauffee.webp 1799w, https:\/\/belaircamping.com\/wp-content\/uploads\/2023\/08\/camping-finistere-sud-piscine-chauffee-300x200.webp 300w, https:\/\/belaircamping.com\/wp-content\/uploads\/2023\/08\/camping-finistere-sud-piscine-chauffee-1024x683.webp 1024w, https:\/\/belaircamping.com\/wp-content\/uploads\/2023\/08\/camping-finistere-sud-piscine-chauffee-768x512.webp 768w, https:\/\/belaircamping.com\/wp-content\/uploads\/2023\/08\/camping-finistere-sud-piscine-chauffee-1536x1025.webp 1536w\" sizes=\"auto, (max-width: 1799px) 100vw, 1799px\" \/>                    <\/div>\r\n        <div class=\"gt-cta__content\">\r\n            <div class=\"gt-cta__title\">\r\n                Wasserraum            <\/div>\r\n        <\/div>\r\n    <\/a>\r\n<\/article>\r\n    \r\n        <article \r\n    class=\"gt-cta gt-cta--page\" \r\n    style=\"aspect-ratio:1\/1\"\r\n>\r\n    <a href=\"https:\/\/belaircamping.com\/de\/kultur-besuche-finistere-sued\/\" title=\"Kulturell\" class=\"gt-cta__link\">\r\n        <div class=\"gt-cta__thumb\">\r\n                            <img alt=\"camping pres de quimper scaled\" loading=\"lazy\" decoding=\"async\" width=\"2048\" height=\"1534\" src=\"https:\/\/belaircamping.com\/wp-content\/uploads\/2023\/08\/camping-pres-de-quimper-scaled.webp\" class=\"attachment-full size-full wp-post-image\" alt=\"\" srcset=\"https:\/\/belaircamping.com\/wp-content\/uploads\/2023\/08\/camping-pres-de-quimper-scaled.webp 2048w, https:\/\/belaircamping.com\/wp-content\/uploads\/2023\/08\/camping-pres-de-quimper-300x225.webp 300w, https:\/\/belaircamping.com\/wp-content\/uploads\/2023\/08\/camping-pres-de-quimper-1024x767.webp 1024w, https:\/\/belaircamping.com\/wp-content\/uploads\/2023\/08\/camping-pres-de-quimper-768x575.webp 768w, https:\/\/belaircamping.com\/wp-content\/uploads\/2023\/08\/camping-pres-de-quimper-1536x1150.webp 1536w\" sizes=\"auto, (max-width: 2048px) 100vw, 2048px\" \/>                    <\/div>\r\n        <div class=\"gt-cta__content\">\r\n            <div class=\"gt-cta__title\">\r\n                Kulturell            <\/div>\r\n        <\/div>\r\n    <\/a>\r\n<\/article>\r\n            \r\n<\/div><\/div>\n","protected":false},"excerpt":{"rendered":"<p>Vermietung von Caravaning-Stellpl\u00e4tzen: Zelte, Wohnwagen und Wohnmobile in der N\u00e4he von Quimper Unser Team empf\u00e4ngt Sie an der Rezeption des Campings. ab 15.00 Uhr f\u00fcr Ihre Anreise und vor 11.30 Uhr f\u00fcr Ihre Abreise. f\u00fcr Ihre Abreise Caravaning-Stellpl\u00e4tze: Zelte, Wohnwagen, Wohnmobile im S\u00fcd-Finist\u00e8re Sie suchen einen idealen Caravaningplatz in der N\u00e4he von Quimper f\u00fcr Ihren [&hellip;]<\/p>\n","protected":false},"author":1,"featured_media":352582,"parent":0,"menu_order":14,"comment_status":"closed","ping_status":"closed","template":"","meta":{"_acf_changed":false,"footnotes":""},"class_list":["post-6697","page","type-page","status-publish","has-post-thumbnail","hentry"],"acf":[],"yoast_head":"<!-- This site is optimized with the Yoast SEO plugin v27.3 - https:\/\/yoast.com\/product\/yoast-seo-wordpress\/ -->\n<title>Caravaning-Stellpl\u00e4tze: Zelte, Wohnmobile I Finist\u00e8re Sud<\/title>\n<meta name=\"description\" content=\"Entdecken Sie unsere Caravaning-Stellpl\u00e4tze: ger\u00e4umig mit Strom, moderne Sanit\u00e4ranlagen, Optionen: K\u00fchlschrank und viele andere Dienstleistungen.\" \/>\n<meta name=\"robots\" content=\"index, follow, max-snippet:-1, max-image-preview:large, max-video-preview:-1\" \/>\n<link rel=\"canonical\" href=\"https:\/\/belaircamping.com\/de\/location-emplacement-landudec\/\" \/>\n<meta property=\"og:locale\" content=\"de_DE\" \/>\n<meta property=\"og:type\" content=\"article\" \/>\n<meta property=\"og:title\" content=\"Caravaning-Stellpl\u00e4tze: Zelte, Wohnmobile I Finist\u00e8re Sud\" \/>\n<meta property=\"og:description\" content=\"Entdecken Sie unsere Caravaning-Stellpl\u00e4tze: ger\u00e4umig mit Strom, moderne Sanit\u00e4ranlagen, Optionen: K\u00fchlschrank und viele andere Dienstleistungen.\" \/>\n<meta property=\"og:url\" content=\"https:\/\/belaircamping.com\/de\/location-emplacement-landudec\/\" \/>\n<meta property=\"og:site_name\" content=\"Belair\" \/>\n<meta property=\"article:publisher\" content=\"https:\/\/www.facebook.com\/campingparadisdomainedebelair\" \/>\n<meta property=\"article:modified_time\" content=\"2026-04-07T09:16:46+00:00\" \/>\n<meta property=\"og:image\" content=\"https:\/\/belaircamping.com\/wp-content\/uploads\/2025\/10\/N127-X1.jpg\" \/>\n\t<meta property=\"og:image:width\" content=\"900\" \/>\n\t<meta property=\"og:image:height\" content=\"600\" \/>\n\t<meta property=\"og:image:type\" content=\"image\/jpeg\" \/>\n<meta name=\"twitter:card\" content=\"summary_large_image\" \/>\n<meta name=\"twitter:label1\" content=\"Gesch\u00e4tzte Lesezeit\" \/>\n\t<meta name=\"twitter:data1\" content=\"3\u00a0Minuten\" \/>\n<script type=\"application\/ld+json\" class=\"yoast-schema-graph\">{\"@context\":\"https:\\\/\\\/schema.org\",\"@graph\":[{\"@type\":[\"Article\",\"BlogPosting\"],\"@id\":\"https:\\\/\\\/belaircamping.com\\\/de\\\/location-emplacement-landudec\\\/#article\",\"isPartOf\":{\"@id\":\"https:\\\/\\\/belaircamping.com\\\/de\\\/location-emplacement-landudec\\\/\"},\"author\":{\"name\":\"@dmin64\",\"@id\":\"https:\\\/\\\/belaircamping.com\\\/de\\\/#\\\/schema\\\/person\\\/0a18d83f4a776fd150619c03aceb6a37\"},\"headline\":\"Unsere Caravaning-Stellpl\u00e4tze: Zelte, Wohnwagen, Wohnmobile\",\"datePublished\":\"2023-06-26T08:56:30+00:00\",\"dateModified\":\"2026-04-07T09:16:46+00:00\",\"mainEntityOfPage\":{\"@id\":\"https:\\\/\\\/belaircamping.com\\\/de\\\/location-emplacement-landudec\\\/\"},\"wordCount\":548,\"publisher\":{\"@id\":\"https:\\\/\\\/belaircamping.com\\\/de\\\/#organization\"},\"image\":{\"@id\":\"https:\\\/\\\/belaircamping.com\\\/de\\\/location-emplacement-landudec\\\/#primaryimage\"},\"thumbnailUrl\":\"https:\\\/\\\/belaircamping.com\\\/wp-content\\\/uploads\\\/2025\\\/10\\\/N127-X1.jpg\",\"inLanguage\":\"de\"},{\"@type\":\"WebPage\",\"@id\":\"https:\\\/\\\/belaircamping.com\\\/de\\\/location-emplacement-landudec\\\/\",\"url\":\"https:\\\/\\\/belaircamping.com\\\/de\\\/location-emplacement-landudec\\\/\",\"name\":\"Caravaning-Stellpl\u00e4tze: Zelte, Wohnmobile I Finist\u00e8re Sud\",\"isPartOf\":{\"@id\":\"https:\\\/\\\/belaircamping.com\\\/de\\\/#website\"},\"primaryImageOfPage\":{\"@id\":\"https:\\\/\\\/belaircamping.com\\\/de\\\/location-emplacement-landudec\\\/#primaryimage\"},\"image\":{\"@id\":\"https:\\\/\\\/belaircamping.com\\\/de\\\/location-emplacement-landudec\\\/#primaryimage\"},\"thumbnailUrl\":\"https:\\\/\\\/belaircamping.com\\\/wp-content\\\/uploads\\\/2025\\\/10\\\/N127-X1.jpg\",\"datePublished\":\"2023-06-26T08:56:30+00:00\",\"dateModified\":\"2026-04-07T09:16:46+00:00\",\"description\":\"Entdecken Sie unsere Caravaning-Stellpl\u00e4tze: ger\u00e4umig mit Strom, moderne Sanit\u00e4ranlagen, Optionen: K\u00fchlschrank und viele andere Dienstleistungen.\",\"breadcrumb\":{\"@id\":\"https:\\\/\\\/belaircamping.com\\\/de\\\/location-emplacement-landudec\\\/#breadcrumb\"},\"inLanguage\":\"de\",\"potentialAction\":[{\"@type\":\"ReadAction\",\"target\":[\"https:\\\/\\\/belaircamping.com\\\/de\\\/location-emplacement-landudec\\\/\"]}]},{\"@type\":\"ImageObject\",\"inLanguage\":\"de\",\"@id\":\"https:\\\/\\\/belaircamping.com\\\/de\\\/location-emplacement-landudec\\\/#primaryimage\",\"url\":\"https:\\\/\\\/belaircamping.com\\\/wp-content\\\/uploads\\\/2025\\\/10\\\/N127-X1.jpg\",\"contentUrl\":\"https:\\\/\\\/belaircamping.com\\\/wp-content\\\/uploads\\\/2025\\\/10\\\/N127-X1.jpg\",\"width\":900,\"height\":600,\"caption\":\"Emplacement camping - Camping-car - Caravane - Tente - pr\u00e8s de Quimper - Finist\u00e8re Sud - Camping Paradis Domaine de Bel Air\"},{\"@type\":\"BreadcrumbList\",\"@id\":\"https:\\\/\\\/belaircamping.com\\\/de\\\/location-emplacement-landudec\\\/#breadcrumb\",\"itemListElement\":[{\"@type\":\"ListItem\",\"position\":1,\"name\":\"Camping Paradis Domaine de Bel Air\",\"item\":\"https:\\\/\\\/belaircamping.com\\\/de\\\/\"},{\"@type\":\"ListItem\",\"position\":2,\"name\":\"Vermietung Stellplatz in Finist\u00e8re Sud\"}]},{\"@type\":\"WebSite\",\"@id\":\"https:\\\/\\\/belaircamping.com\\\/de\\\/#website\",\"url\":\"https:\\\/\\\/belaircamping.com\\\/de\\\/\",\"name\":\"Camping Paradis Domaine de Bel Air\",\"description\":\"\",\"publisher\":{\"@id\":\"https:\\\/\\\/belaircamping.com\\\/de\\\/#organization\"},\"alternateName\":\"Domaine de Bel Air\",\"potentialAction\":[{\"@type\":\"SearchAction\",\"target\":{\"@type\":\"EntryPoint\",\"urlTemplate\":\"https:\\\/\\\/belaircamping.com\\\/de\\\/?s={search_term_string}\"},\"query-input\":{\"@type\":\"PropertyValueSpecification\",\"valueRequired\":true,\"valueName\":\"search_term_string\"}}],\"inLanguage\":\"de\"},{\"@type\":\"Organization\",\"@id\":\"https:\\\/\\\/belaircamping.com\\\/de\\\/#organization\",\"name\":\"Camping Paradis Domaine de Bel Air\",\"alternateName\":\"Camping domaine de Bel Air\",\"url\":\"https:\\\/\\\/belaircamping.com\\\/de\\\/\",\"logo\":{\"@type\":\"ImageObject\",\"inLanguage\":\"de\",\"@id\":\"https:\\\/\\\/belaircamping.com\\\/de\\\/#\\\/schema\\\/logo\\\/image\\\/\",\"url\":\"https:\\\/\\\/belaircamping.com\\\/wp-content\\\/uploads\\\/2023\\\/08\\\/campings-finistere-bel-air.png\",\"contentUrl\":\"https:\\\/\\\/belaircamping.com\\\/wp-content\\\/uploads\\\/2023\\\/08\\\/campings-finistere-bel-air.png\",\"width\":288,\"height\":180,\"caption\":\"Camping Paradis Domaine de Bel Air\"},\"image\":{\"@id\":\"https:\\\/\\\/belaircamping.com\\\/de\\\/#\\\/schema\\\/logo\\\/image\\\/\"},\"sameAs\":[\"https:\\\/\\\/www.facebook.com\\\/campingparadisdomainedebelair\"]},{\"@type\":\"Person\",\"@id\":\"https:\\\/\\\/belaircamping.com\\\/de\\\/#\\\/schema\\\/person\\\/0a18d83f4a776fd150619c03aceb6a37\",\"name\":\"@dmin64\",\"image\":{\"@type\":\"ImageObject\",\"inLanguage\":\"de\",\"@id\":\"https:\\\/\\\/secure.gravatar.com\\\/avatar\\\/c139ef583a0e65260f6808f5628e6eca9fa8608b06e80bc14d5c39d32af667ca?s=96&d=mm&r=g\",\"url\":\"https:\\\/\\\/secure.gravatar.com\\\/avatar\\\/c139ef583a0e65260f6808f5628e6eca9fa8608b06e80bc14d5c39d32af667ca?s=96&d=mm&r=g\",\"contentUrl\":\"https:\\\/\\\/secure.gravatar.com\\\/avatar\\\/c139ef583a0e65260f6808f5628e6eca9fa8608b06e80bc14d5c39d32af667ca?s=96&d=mm&r=g\",\"caption\":\"@dmin64\"},\"sameAs\":[\"https:\\\/\\\/belaircamping.com\"]}]}<\/script>\n<!-- \/ Yoast SEO plugin. -->","yoast_head_json":{"title":"Caravaning-Stellpl\u00e4tze: Zelte, Wohnmobile I Finist\u00e8re Sud","description":"Entdecken Sie unsere Caravaning-Stellpl\u00e4tze: ger\u00e4umig mit Strom, moderne Sanit\u00e4ranlagen, Optionen: K\u00fchlschrank und viele andere Dienstleistungen.","robots":{"index":"index","follow":"follow","max-snippet":"max-snippet:-1","max-image-preview":"max-image-preview:large","max-video-preview":"max-video-preview:-1"},"canonical":"https:\/\/belaircamping.com\/de\/location-emplacement-landudec\/","og_locale":"de_DE","og_type":"article","og_title":"Caravaning-Stellpl\u00e4tze: Zelte, Wohnmobile I Finist\u00e8re Sud","og_description":"Entdecken Sie unsere Caravaning-Stellpl\u00e4tze: ger\u00e4umig mit Strom, moderne Sanit\u00e4ranlagen, Optionen: K\u00fchlschrank und viele andere Dienstleistungen.","og_url":"https:\/\/belaircamping.com\/de\/location-emplacement-landudec\/","og_site_name":"Belair","article_publisher":"https:\/\/www.facebook.com\/campingparadisdomainedebelair","article_modified_time":"2026-04-07T09:16:46+00:00","og_image":[{"width":900,"height":600,"url":"https:\/\/belaircamping.com\/wp-content\/uploads\/2025\/10\/N127-X1.jpg","type":"image\/jpeg"}],"twitter_card":"summary_large_image","twitter_misc":{"Gesch\u00e4tzte Lesezeit":"3\u00a0Minuten"},"schema":{"@context":"https:\/\/schema.org","@graph":[{"@type":["Article","BlogPosting"],"@id":"https:\/\/belaircamping.com\/de\/location-emplacement-landudec\/#article","isPartOf":{"@id":"https:\/\/belaircamping.com\/de\/location-emplacement-landudec\/"},"author":{"name":"@dmin64","@id":"https:\/\/belaircamping.com\/de\/#\/schema\/person\/0a18d83f4a776fd150619c03aceb6a37"},"headline":"Unsere Caravaning-Stellpl\u00e4tze: Zelte, Wohnwagen, Wohnmobile","datePublished":"2023-06-26T08:56:30+00:00","dateModified":"2026-04-07T09:16:46+00:00","mainEntityOfPage":{"@id":"https:\/\/belaircamping.com\/de\/location-emplacement-landudec\/"},"wordCount":548,"publisher":{"@id":"https:\/\/belaircamping.com\/de\/#organization"},"image":{"@id":"https:\/\/belaircamping.com\/de\/location-emplacement-landudec\/#primaryimage"},"thumbnailUrl":"https:\/\/belaircamping.com\/wp-content\/uploads\/2025\/10\/N127-X1.jpg","inLanguage":"de"},{"@type":"WebPage","@id":"https:\/\/belaircamping.com\/de\/location-emplacement-landudec\/","url":"https:\/\/belaircamping.com\/de\/location-emplacement-landudec\/","name":"Caravaning-Stellpl\u00e4tze: Zelte, Wohnmobile I Finist\u00e8re Sud","isPartOf":{"@id":"https:\/\/belaircamping.com\/de\/#website"},"primaryImageOfPage":{"@id":"https:\/\/belaircamping.com\/de\/location-emplacement-landudec\/#primaryimage"},"image":{"@id":"https:\/\/belaircamping.com\/de\/location-emplacement-landudec\/#primaryimage"},"thumbnailUrl":"https:\/\/belaircamping.com\/wp-content\/uploads\/2025\/10\/N127-X1.jpg","datePublished":"2023-06-26T08:56:30+00:00","dateModified":"2026-04-07T09:16:46+00:00","description":"Entdecken Sie unsere Caravaning-Stellpl\u00e4tze: ger\u00e4umig mit Strom, moderne Sanit\u00e4ranlagen, Optionen: K\u00fchlschrank und viele andere Dienstleistungen.","breadcrumb":{"@id":"https:\/\/belaircamping.com\/de\/location-emplacement-landudec\/#breadcrumb"},"inLanguage":"de","potentialAction":[{"@type":"ReadAction","target":["https:\/\/belaircamping.com\/de\/location-emplacement-landudec\/"]}]},{"@type":"ImageObject","inLanguage":"de","@id":"https:\/\/belaircamping.com\/de\/location-emplacement-landudec\/#primaryimage","url":"https:\/\/belaircamping.com\/wp-content\/uploads\/2025\/10\/N127-X1.jpg","contentUrl":"https:\/\/belaircamping.com\/wp-content\/uploads\/2025\/10\/N127-X1.jpg","width":900,"height":600,"caption":"Emplacement camping - Camping-car - Caravane - Tente - pr\u00e8s de Quimper - Finist\u00e8re Sud - Camping Paradis Domaine de Bel Air"},{"@type":"BreadcrumbList","@id":"https:\/\/belaircamping.com\/de\/location-emplacement-landudec\/#breadcrumb","itemListElement":[{"@type":"ListItem","position":1,"name":"Camping Paradis Domaine de Bel Air","item":"https:\/\/belaircamping.com\/de\/"},{"@type":"ListItem","position":2,"name":"Vermietung Stellplatz in Finist\u00e8re Sud"}]},{"@type":"WebSite","@id":"https:\/\/belaircamping.com\/de\/#website","url":"https:\/\/belaircamping.com\/de\/","name":"Camping Paradis Domaine de Bel Air","description":"","publisher":{"@id":"https:\/\/belaircamping.com\/de\/#organization"},"alternateName":"Domaine de Bel Air","potentialAction":[{"@type":"SearchAction","target":{"@type":"EntryPoint","urlTemplate":"https:\/\/belaircamping.com\/de\/?s={search_term_string}"},"query-input":{"@type":"PropertyValueSpecification","valueRequired":true,"valueName":"search_term_string"}}],"inLanguage":"de"},{"@type":"Organization","@id":"https:\/\/belaircamping.com\/de\/#organization","name":"Camping Paradis Domaine de Bel Air","alternateName":"Camping domaine de Bel Air","url":"https:\/\/belaircamping.com\/de\/","logo":{"@type":"ImageObject","inLanguage":"de","@id":"https:\/\/belaircamping.com\/de\/#\/schema\/logo\/image\/","url":"https:\/\/belaircamping.com\/wp-content\/uploads\/2023\/08\/campings-finistere-bel-air.png","contentUrl":"https:\/\/belaircamping.com\/wp-content\/uploads\/2023\/08\/campings-finistere-bel-air.png","width":288,"height":180,"caption":"Camping Paradis Domaine de Bel Air"},"image":{"@id":"https:\/\/belaircamping.com\/de\/#\/schema\/logo\/image\/"},"sameAs":["https:\/\/www.facebook.com\/campingparadisdomainedebelair"]},{"@type":"Person","@id":"https:\/\/belaircamping.com\/de\/#\/schema\/person\/0a18d83f4a776fd150619c03aceb6a37","name":"@dmin64","image":{"@type":"ImageObject","inLanguage":"de","@id":"https:\/\/secure.gravatar.com\/avatar\/c139ef583a0e65260f6808f5628e6eca9fa8608b06e80bc14d5c39d32af667ca?s=96&d=mm&r=g","url":"https:\/\/secure.gravatar.com\/avatar\/c139ef583a0e65260f6808f5628e6eca9fa8608b06e80bc14d5c39d32af667ca?s=96&d=mm&r=g","contentUrl":"https:\/\/secure.gravatar.com\/avatar\/c139ef583a0e65260f6808f5628e6eca9fa8608b06e80bc14d5c39d32af667ca?s=96&d=mm&r=g","caption":"@dmin64"},"sameAs":["https:\/\/belaircamping.com"]}]}},"_links":{"self":[{"href":"https:\/\/belaircamping.com\/de\/wp-json\/wp\/v2\/pages\/6697","targetHints":{"allow":["GET"]}}],"collection":[{"href":"https:\/\/belaircamping.com\/de\/wp-json\/wp\/v2\/pages"}],"about":[{"href":"https:\/\/belaircamping.com\/de\/wp-json\/wp\/v2\/types\/page"}],"author":[{"embeddable":true,"href":"https:\/\/belaircamping.com\/de\/wp-json\/wp\/v2\/users\/1"}],"replies":[{"embeddable":true,"href":"https:\/\/belaircamping.com\/de\/wp-json\/wp\/v2\/comments?post=6697"}],"version-history":[{"count":6,"href":"https:\/\/belaircamping.com\/de\/wp-json\/wp\/v2\/pages\/6697\/revisions"}],"predecessor-version":[{"id":355247,"href":"https:\/\/belaircamping.com\/de\/wp-json\/wp\/v2\/pages\/6697\/revisions\/355247"}],"wp:featuredmedia":[{"embeddable":true,"href":"https:\/\/belaircamping.com\/de\/wp-json\/wp\/v2\/media\/352582"}],"wp:attachment":[{"href":"https:\/\/belaircamping.com\/de\/wp-json\/wp\/v2\/media?parent=6697"}],"curies":[{"name":"wp","href":"https:\/\/api.w.org\/{rel}","templated":true}]}}